{"id":246452,"date":"2022-02-21T07:53:58","date_gmt":"2022-02-21T06:53:58","guid":{"rendered":"https:\/\/www.teikeicoffee.org\/?page_id=246452"},"modified":"2026-04-15T08:37:42","modified_gmt":"2026-04-15T06:37:42","slug":"kontakt","status":"publish","type":"page","link":"https:\/\/www.teikeicoffee.org\/es\/kontakt\/","title":{"rendered":"KONTAKT"},"content":{"rendered":"<p>[et_pb_section fb_built=\u00bb1&#8243; admin_label=\u00bbKONTAKT\u00bb module_id=\u00bbkontakt\u00bb module_class=\u00bbps2id\u00bb _builder_version=\u00bb4.16&#8243; _module_preset=\u00bbdefault\u00bb height=\u00bb572px\u00bb custom_margin=\u00bb||||false|false\u00bb custom_padding=\u00bb||0px|||\u00bb da_disable_devices=\u00bboff|off|off\u00bb border_width_bottom=\u00bb1px\u00bb border_color_bottom=\u00bb#000000&#8243; collapsed=\u00bbon\u00bb global_colors_info=\u00bb{}\u00bb da_is_popup=\u00bboff\u00bb da_exit_intent=\u00bboff\u00bb da_has_close=\u00bbon\u00bb da_alt_close=\u00bboff\u00bb da_dark_close=\u00bboff\u00bb da_not_modal=\u00bbon\u00bb da_is_singular=\u00bboff\u00bb da_with_loader=\u00bboff\u00bb da_has_shadow=\u00bbon\u00bb][et_pb_row disabled_on=\u00bbon|off|off\u00bb admin_label=\u00bbFIXED MENU\u00bb _builder_version=\u00bb4.16&#8243; _module_preset=\u00bbdefault\u00bb background_color=\u00bb#FFFFFF\u00bb positioning=\u00bbfixed\u00bb position_origin_f=\u00bbcenter_left\u00bb z_index=\u00bb331&#8243; width=\u00bb23%\u00bb height=\u00bb100vh\u00bb custom_margin=\u00bb||||false|false\u00bb custom_padding=\u00bb20vh|||60px|false|false\u00bb global_colors_info=\u00bb{}\u00bb][et_pb_column type=\u00bb4_4&#8243; _builder_version=\u00bb4.16&#8243; _module_preset=\u00bbdefault\u00bb global_colors_info=\u00bb{}\u00bb][et_pb_text disabled_on=\u00bbon|off|off\u00bb admin_label=\u00bbMENU\u00bb _builder_version=\u00bb4.16&#8243; _module_preset=\u00bbdefault\u00bb link_font=\u00bb|600|||||||\u00bb link_text_color=\u00bb#000000&#8243; link_font_size=\u00bb16pt\u00bb link_line_height=\u00bb20pt\u00bb custom_padding=\u00bb||17px|||\u00bb global_colors_info=\u00bb{}\u00bb]<a href=\"#kontakt\" class=\"_ps2id\">CONTACT<\/a><\/p>\n<a href=\"#team\" class=\"_ps2id\">TEAM<\/a>\n<a href=\"#faq\" class=\"_ps2id\">Q &amp; A <\/a>\n<a href=\"#glossar\" class=\"_ps2id\">GLOSSARY<\/a>\n<a href=\"#bilder\" class=\"_ps2id\">MEDIA<\/a>\n<p><a href=\"#newsletter-anmelden\" class=\"_ps2id\">NEWSLETTER<\/a><br \/>\n[\/et_pb_text][\/et_pb_column][\/et_pb_row][et_pb_row _builder_version=\u00bb4.16&#8243; _module_preset=\u00bbdefault\u00bb width=\u00bb70%\u00bb width_tablet=\u00bb\u00bb width_phone=\u00bb\u00bb width_last_edited=\u00bbon|phone\u00bb max_width=\u00bb100%\u00bb custom_margin=\u00bb|10px|||false|false\u00bb custom_padding=\u00bb39px|||||\u00bb module_alignment_tablet=\u00bb\u00bb module_alignment_phone=\u00bbcenter\u00bb module_alignment_last_edited=\u00bbon|phone\u00bb global_colors_info=\u00bb{}\u00bb][et_pb_column type=\u00bb4_4&#8243; _builder_version=\u00bb4.16&#8243; _module_preset=\u00bbdefault\u00bb global_colors_info=\u00bb{}\u00bb][et_pb_text _builder_version=\u00bb4.16&#8243; _module_preset=\u00bbdefault\u00bb header_2_font_size=\u00bb16pt\u00bb header_2_line_height=\u00bb25pt\u00bb min_height=\u00bb103.7px\u00bb custom_padding=\u00bb9px|||||\u00bb header_2_font_size_tablet=\u00bb\u00bb header_2_font_size_phone=\u00bb12pt\u00bb header_2_font_size_last_edited=\u00bbon|phone\u00bb global_colors_info=\u00bb{}\u00bb]<\/p>\n<h2 class=\"p1\">HOLA ,<\/h2>\n<h2><span lang=\"EN\">MUCHO GUSTO EN CONOCERTE!<\/span><\/h2>\n<div><\/div>\n<p>[\/et_pb_text][\/et_pb_column][\/et_pb_row][et_pb_row _builder_version=\u00bb4.16&#8243; _module_preset=\u00bbdefault\u00bb width=\u00bb70%\u00bb width_tablet=\u00bb\u00bb width_phone=\u00bb\u00bb width_last_edited=\u00bbon|phone\u00bb max_width=\u00bb100%\u00bb custom_margin=\u00bb-14px|10px|-11px|auto|false|false\u00bb custom_padding=\u00bb9px|||||\u00bb module_alignment_tablet=\u00bb\u00bb module_alignment_phone=\u00bbcenter\u00bb module_alignment_last_edited=\u00bbon|phone\u00bb global_colors_info=\u00bb{}\u00bb][et_pb_column type=\u00bb4_4&#8243; _builder_version=\u00bb4.16&#8243; _module_preset=\u00bbdefault\u00bb global_colors_info=\u00bb{}\u00bb][et_pb_text _builder_version=\u00bb4.16&#8243; _module_preset=\u00bbdefault\u00bb text_font=\u00bbBariol||||||||\u00bb text_text_color=\u00bb#000000&#8243; text_font_size=\u00bb12pt\u00bb text_letter_spacing=\u00bb6px\u00bb text_line_height=\u00bb26pt\u00bb link_font=\u00bbBariol|500|||||||\u00bb link_text_color=\u00bb#000000&#8243; header_3_font=\u00bb|600|||on||||\u00bb header_3_font_size=\u00bb16pt\u00bb header_3_line_height=\u00bb25pt\u00bb custom_margin=\u00bb-2px|||||\u00bb custom_padding=\u00bb11px||0px|||\u00bb text_font_size_tablet=\u00bb10pt\u00bb text_font_size_phone=\u00bb10pt\u00bb text_font_size_last_edited=\u00bbon|tablet\u00bb text_letter_spacing_tablet=\u00bb4px\u00bb text_letter_spacing_phone=\u00bb\u00bb text_letter_spacing_last_edited=\u00bbon|phone\u00bb text_line_height_tablet=\u00bb12pt\u00bb text_line_height_phone=\u00bb\u00bb text_line_height_last_edited=\u00bbon|desktop\u00bb global_colors_info=\u00bb{}\u00bb]<\/p>\n<p class=\"p1\"><a href=\"mailto:info@teikeicoffee.org\">info@teikeicoffee.org<\/a><\/p>\n<p class=\"p1\"><a href=\"mailto:info.ch@teikeicoffee.org\">info.ch@teikeicoffee.org<\/a><\/p>\n<p class=\"p1\"><a href=\"mailto:presse@teikeicoffee.org\">presse@teikeicoffee.org<\/a><\/p>\n<p>[\/et_pb_text][\/et_pb_column][\/et_pb_row][\/et_pb_section][et_pb_section fb_built=\u00bb1&#8243; disabled_on=\u00bboff|off|off\u00bb admin_label=\u00bbTEAM\u00bb module_id=\u00bbteam\u00bb module_class=\u00bbps2id\u00bb _builder_version=\u00bb4.16&#8243; _module_preset=\u00bbdefault\u00bb custom_margin=\u00bb||||false|false\u00bb custom_padding=\u00bb54px|||||\u00bb da_disable_devices=\u00bboff|off|off\u00bb border_width_bottom=\u00bb1px\u00bb border_color_bottom=\u00bb#000000&#8243; collapsed=\u00bboff\u00bb global_colors_info=\u00bb{}\u00bb da_is_popup=\u00bboff\u00bb da_exit_intent=\u00bboff\u00bb da_has_close=\u00bbon\u00bb da_alt_close=\u00bboff\u00bb da_dark_close=\u00bboff\u00bb da_not_modal=\u00bbon\u00bb da_is_singular=\u00bboff\u00bb da_with_loader=\u00bboff\u00bb da_has_shadow=\u00bbon\u00bb][et_pb_row admin_label=\u00bbDE\u00bb _builder_version=\u00bb4.16&#8243; _module_preset=\u00bbdefault\u00bb width=\u00bb75%\u00bb width_tablet=\u00bb\u00bb width_phone=\u00bb90%\u00bb width_last_edited=\u00bbon|phone\u00bb max_width=\u00bb100%\u00bb custom_margin=\u00bb|10px|||false|false\u00bb collapsed=\u00bbon\u00bb global_colors_info=\u00bb{}\u00bb][et_pb_column type=\u00bb4_4&#8243; _builder_version=\u00bb4.16&#8243; _module_preset=\u00bbdefault\u00bb global_colors_info=\u00bb{}\u00bb][et_pb_text _builder_version=\u00bb4.20.2&#8243; _module_preset=\u00bbdefault\u00bb header_2_font_size=\u00bb16pt\u00bb header_2_line_height=\u00bb25pt\u00bb header_3_font_size=\u00bb16pt\u00bb header_3_line_height=\u00bb25pt\u00bb global_colors_info=\u00bb{}\u00bb]<\/p>\n<h3 class=\"p1\">Nuestro Team Teikei est\u00e1 en movimiento &#8211; un organismo vivo<\/h3>\n<p>[\/et_pb_text][\/et_pb_column][\/et_pb_row][et_pb_row column_structure=\u00bb1_2,1_2&#8243; use_custom_gutter=\u00bbon\u00bb gutter_width=\u00bb2&#8243; admin_label=\u00bbDE-Mit Bilder\u00bb module_class=\u00bbtwo-columns\u00bb _builder_version=\u00bb4.16&#8243; _module_preset=\u00bbdefault\u00bb width=\u00bb75%\u00bb width_tablet=\u00bb\u00bb width_phone=\u00bb\u00bb width_last_edited=\u00bbon|phone\u00bb max_width=\u00bb100%\u00bb custom_margin=\u00bb|10px|||false|false\u00bb custom_padding=\u00bb||50px|||\u00bb module_alignment_tablet=\u00bb\u00bb module_alignment_phone=\u00bbcenter\u00bb module_alignment_last_edited=\u00bbon|phone\u00bb collapsed=\u00bboff\u00bb global_colors_info=\u00bb{}\u00bb][et_pb_column type=\u00bb1_2&#8243; _builder_version=\u00bb4.16&#8243; _module_preset=\u00bbdefault\u00bb global_colors_info=\u00bb{}\u00bb][et_pb_image src=\u00bbhttps:\/\/www.teikeicoffee.org\/wp-content\/uploads\/2023\/04\/Teambild-scaled.jpeg\u00bb title_text=\u00bbTeambild\u00bb _builder_version=\u00bb4.20.2&#8243; _module_preset=\u00bbdefault\u00bb global_colors_info=\u00bb{}\u00bb][\/et_pb_image][\/et_pb_column][et_pb_column type=\u00bb1_2&#8243; _builder_version=\u00bb4.16&#8243; _module_preset=\u00bbdefault\u00bb global_colors_info=\u00bb{}\u00bb][et_pb_image src=\u00bbhttps:\/\/www.teikeicoffee.org\/wp-content\/uploads\/2023\/03\/2-scaled.jpeg\u00bb title_text=\u00bb2&#8243; _builder_version=\u00bb4.20.2&#8243; _module_preset=\u00bbdefault\u00bb global_colors_info=\u00bb{}\u00bb][\/et_pb_image][\/et_pb_column][\/et_pb_row][et_pb_row column_structure=\u00bb1_2,1_2&#8243; use_custom_gutter=\u00bbon\u00bb gutter_width=\u00bb2&#8243; admin_label=\u00bbDE-Mit Bilder\u00bb module_class=\u00bbtwo-columns\u00bb _builder_version=\u00bb4.16&#8243; _module_preset=\u00bbdefault\u00bb width=\u00bb75%\u00bb width_tablet=\u00bb\u00bb width_phone=\u00bb\u00bb width_last_edited=\u00bbon|phone\u00bb max_width=\u00bb100%\u00bb custom_margin=\u00bb|10px|||false|false\u00bb custom_padding=\u00bb||50px|||\u00bb module_alignment_tablet=\u00bb\u00bb module_alignment_phone=\u00bbcenter\u00bb module_alignment_last_edited=\u00bbon|phone\u00bb collapsed=\u00bboff\u00bb global_colors_info=\u00bb{}\u00bb][et_pb_column type=\u00bb1_2&#8243; _builder_version=\u00bb4.16&#8243; _module_preset=\u00bbdefault\u00bb global_colors_info=\u00bb{}\u00bb][et_pb_image src=\u00bbhttps:\/\/www.teikeicoffee.org\/wp-content\/uploads\/2023\/03\/3-scaled.jpeg\u00bb title_text=\u00bb3&#8243; _builder_version=\u00bb4.20.2&#8243; _module_preset=\u00bbdefault\u00bb global_colors_info=\u00bb{}\u00bb][\/et_pb_image][\/et_pb_column][et_pb_column type=\u00bb1_2&#8243; _builder_version=\u00bb4.16&#8243; _module_preset=\u00bbdefault\u00bb global_colors_info=\u00bb{}\u00bb][et_pb_image src=\u00bbhttps:\/\/www.teikeicoffee.org\/wp-content\/uploads\/2023\/03\/4-scaled.jpeg\u00bb title_text=\u00bb4&#8243; _builder_version=\u00bb4.20.2&#8243; _module_preset=\u00bbdefault\u00bb global_colors_info=\u00bb{}\u00bb][\/et_pb_image][\/et_pb_column][\/et_pb_row][et_pb_row column_structure=\u00bb1_2,1_2&#8243; use_custom_gutter=\u00bbon\u00bb gutter_width=\u00bb2&#8243; admin_label=\u00bbDE-Mit Bilder\u00bb module_class=\u00bbtwo-columns\u00bb _builder_version=\u00bb4.16&#8243; _module_preset=\u00bbdefault\u00bb width=\u00bb75%\u00bb width_tablet=\u00bb\u00bb width_phone=\u00bb\u00bb width_last_edited=\u00bbon|phone\u00bb max_width=\u00bb100%\u00bb custom_margin=\u00bb|10px|||false|false\u00bb custom_padding=\u00bb||50px|||\u00bb module_alignment_tablet=\u00bb\u00bb module_alignment_phone=\u00bbcenter\u00bb module_alignment_last_edited=\u00bbon|phone\u00bb collapsed=\u00bboff\u00bb global_colors_info=\u00bb{}\u00bb][et_pb_column type=\u00bb1_2&#8243; _builder_version=\u00bb4.16&#8243; _module_preset=\u00bbdefault\u00bb global_colors_info=\u00bb{}\u00bb][et_pb_image src=\u00bbhttps:\/\/www.teikeicoffee.org\/wp-content\/uploads\/2023\/03\/5.jpeg\u00bb title_text=\u00bb5&#8243; _builder_version=\u00bb4.20.2&#8243; _module_preset=\u00bbdefault\u00bb global_colors_info=\u00bb{}\u00bb][\/et_pb_image][et_pb_text _builder_version=\u00bb4.20.2&#8243; _module_preset=\u00bbdefault\u00bb locked=\u00bboff\u00bb global_colors_info=\u00bb{}\u00bb]<\/p>\n<div class=\"\">\u00a9 Maren Prei\u00df<\/div>\n<p>[\/et_pb_text][\/et_pb_column][et_pb_column type=\u00bb1_2&#8243; _builder_version=\u00bb4.16&#8243; _module_preset=\u00bbdefault\u00bb global_colors_info=\u00bb{}\u00bb][et_pb_image src=\u00bbhttps:\/\/www.teikeicoffee.org\/wp-content\/uploads\/2023\/03\/6.png\u00bb title_text=\u00bb6&#8243; _builder_version=\u00bb4.20.2&#8243; _module_preset=\u00bbdefault\u00bb global_colors_info=\u00bb{}\u00bb][\/et_pb_image][\/et_pb_column][\/et_pb_row][et_pb_row column_structure=\u00bb1_2,1_2&#8243; use_custom_gutter=\u00bbon\u00bb gutter_width=\u00bb2&#8243; admin_label=\u00bbDE-Mit Bilder\u00bb module_class=\u00bbtwo-columns\u00bb _builder_version=\u00bb4.16&#8243; _module_preset=\u00bbdefault\u00bb width=\u00bb75%\u00bb width_tablet=\u00bb\u00bb width_phone=\u00bb\u00bb width_last_edited=\u00bbon|phone\u00bb max_width=\u00bb100%\u00bb custom_margin=\u00bb|10px|||false|false\u00bb custom_padding=\u00bb||0px|||\u00bb module_alignment_tablet=\u00bb\u00bb module_alignment_phone=\u00bbcenter\u00bb module_alignment_last_edited=\u00bbon|phone\u00bb collapsed=\u00bboff\u00bb global_colors_info=\u00bb{}\u00bb][et_pb_column type=\u00bb1_2&#8243; _builder_version=\u00bb4.16&#8243; _module_preset=\u00bbdefault\u00bb global_colors_info=\u00bb{}\u00bb][et_pb_image src=\u00bbhttps:\/\/www.teikeicoffee.org\/wp-content\/uploads\/2023\/03\/9.jpeg\u00bb title_text=\u00bb9&#8243; _builder_version=\u00bb4.20.2&#8243; _module_preset=\u00bbdefault\u00bb global_colors_info=\u00bb{}\u00bb][\/et_pb_image][et_pb_text _builder_version=\u00bb4.20.2&#8243; _module_preset=\u00bbdefault\u00bb locked=\u00bboff\u00bb global_colors_info=\u00bb{}\u00bb]<\/p>\n<div class=\"\">\u00a9 Maren Prei\u00df<\/div>\n<p>[\/et_pb_text][et_pb_text _builder_version=\u00bb4.20.2&#8243; _module_preset=\u00bbdefault\u00bb header_2_font_size=\u00bb16pt\u00bb header_2_line_height=\u00bb25pt\u00bb header_3_font_size=\u00bb16pt\u00bb header_3_line_height=\u00bb25pt\u00bb locked=\u00bboff\u00bb global_colors_info=\u00bb{}\u00bb]<\/p>\n<h3 class=\"p1\">El equipo principal de M\u00e9xico &#8211; Ana, David, Hermann, Gil , Eliceo<\/h3>\n<p>[\/et_pb_text][\/et_pb_column][et_pb_column type=\u00bb1_2&#8243; _builder_version=\u00bb4.16&#8243; _module_preset=\u00bbdefault\u00bb global_colors_info=\u00bb{}\u00bb][\/et_pb_column][\/et_pb_row][\/et_pb_section][et_pb_section fb_built=\u00bb1&#8243; disabled_on=\u00bbon|on|on\u00bb admin_label=\u00bbTEAM\u00bb module_id=\u00bbteam\u00bb module_class=\u00bbps2id\u00bb _builder_version=\u00bb4.16&#8243; _module_preset=\u00bbdefault\u00bb custom_margin=\u00bb||||false|false\u00bb custom_padding=\u00bb54px|||||\u00bb da_disable_devices=\u00bboff|off|off\u00bb border_width_bottom=\u00bb1px\u00bb border_color_bottom=\u00bb#000000&#8243; disabled=\u00bbon\u00bb collapsed=\u00bboff\u00bb global_colors_info=\u00bb{}\u00bb da_is_popup=\u00bboff\u00bb da_exit_intent=\u00bboff\u00bb da_has_close=\u00bbon\u00bb da_alt_close=\u00bboff\u00bb da_dark_close=\u00bboff\u00bb da_not_modal=\u00bbon\u00bb da_is_singular=\u00bboff\u00bb da_with_loader=\u00bboff\u00bb da_has_shadow=\u00bbon\u00bb][et_pb_row admin_label=\u00bbDE\u00bb _builder_version=\u00bb4.16&#8243; _module_preset=\u00bbdefault\u00bb width=\u00bb75%\u00bb width_tablet=\u00bb\u00bb width_phone=\u00bb90%\u00bb width_last_edited=\u00bbon|phone\u00bb max_width=\u00bb100%\u00bb custom_margin=\u00bb|10px|||false|false\u00bb collapsed=\u00bbon\u00bb global_colors_info=\u00bb{}\u00bb][et_pb_column type=\u00bb4_4&#8243; _builder_version=\u00bb4.16&#8243; _module_preset=\u00bbdefault\u00bb global_colors_info=\u00bb{}\u00bb][et_pb_text _builder_version=\u00bb4.16&#8243; _module_preset=\u00bbdefault\u00bb header_2_font_size=\u00bb16pt\u00bb header_2_line_height=\u00bb25pt\u00bb header_3_font_size=\u00bb16pt\u00bb header_3_line_height=\u00bb25pt\u00bb global_colors_info=\u00bb{}\u00bb]<\/p>\n<h3 class=\"p1\">A L E M A N I A<\/h3>\n<p>[\/et_pb_text][\/et_pb_column][\/et_pb_row][et_pb_row column_structure=\u00bb1_5,1_5,1_5,1_5,1_5&#8243; use_custom_gutter=\u00bbon\u00bb gutter_width=\u00bb2&#8243; admin_label=\u00bbDE-Mit Bilder\u00bb module_class=\u00bbtwo-columns\u00bb _builder_version=\u00bb4.16&#8243; _module_preset=\u00bbdefault\u00bb width=\u00bb75%\u00bb width_tablet=\u00bb\u00bb width_phone=\u00bb\u00bb width_last_edited=\u00bbon|phone\u00bb max_width=\u00bb100%\u00bb custom_margin=\u00bb|10px|||false|false\u00bb custom_padding=\u00bb||140px|||\u00bb module_alignment_tablet=\u00bb\u00bb module_alignment_phone=\u00bbcenter\u00bb module_alignment_last_edited=\u00bbon|phone\u00bb collapsed=\u00bboff\u00bb global_colors_info=\u00bb{}\u00bb][et_pb_column type=\u00bb1_5&#8243; _builder_version=\u00bb4.16&#8243; _module_preset=\u00bbdefault\u00bb global_colors_info=\u00bb{}\u00bb][et_pb_blurb title=\u00bbHERMANN POHLMANN\u00bb image=\u00bbhttps:\/\/www.teikeicoffee.org\/wp-content\/uploads\/2021\/03\/Teikei_Team_1707x2560_Hermann_4.png\u00bb module_id=\u00bbhermann_pohlmann\u00bb _builder_version=\u00bb4.16&#8243; _module_preset=\u00bbdefault\u00bb header_font=\u00bb|600|||||||\u00bb header_text_align=\u00bbleft\u00bb header_font_size=\u00bb12pt\u00bb header_line_height=\u00bb16pt\u00bb body_font=\u00bbBariol||on||||||\u00bb body_font_size=\u00bb10pt\u00bb body_line_height=\u00bb12pt\u00bb custom_css_main_element=\u00bbcursor: pointer;\u00bb global_colors_info=\u00bb{}\u00bb]<\/p>\n<p class=\"p1\">Administraci\u00f3n<br \/>Desarollo del proyecto<\/p>\n<p>[\/et_pb_blurb][et_pb_code _builder_version=\u00bb4.16&#8243; _module_preset=\u00bbdefault\u00bb global_colors_info=\u00bb{}\u00bb]<script><!-- [et_pb_line_break_holder] --> (function($) {<!-- [et_pb_line_break_holder] -->    $(document).ready(function(){<!-- [et_pb_line_break_holder] -->      $(\"#hermann_pohlmann\").on('click', function(event){<!-- [et_pb_line_break_holder] --><!-- [et_pb_line_break_holder] -->        DiviArea.show('#team_popup');<!-- [et_pb_line_break_holder] -->        $(\"#team_popup_bild\").attr(\"src\", \"https:\/\/www.teikeicoffee.org\/teikei_team_1707x2560_hermann_3\/\");<!-- [et_pb_line_break_holder] -->        <!-- [et_pb_line_break_holder] -->        $(\"#team_titel\").html(\"\");<!-- [et_pb_line_break_holder] -->        $(\"#team_desc\").html(\"\");<!-- [et_pb_line_break_holder] -->        $(\"#team_titel\").append(\"<\/pee><!-- [et_pb_line_break_holder] --><\/p>\n<h3>HERMANN POHLMANN<\/h3>\n<p><!-- [et_pb_line_break_holder] --><pee>\");<!-- [et_pb_line_break_holder] -->        $(\"#team_titel\").append(\"<\/pee><!-- [et_pb_line_break_holder] --><pee class='p1'>Administraci\u00f3n<!\u2013- [et_pb_br_holder] -\u2013>Desarollo del proyecto<\/pee><!-- [et_pb_line_break_holder] --><pee>\");<!-- [et_pb_line_break_holder] -->        <!-- [et_pb_line_break_holder] -->        $(\"#team_desc\").append(\"Con una gran imaginaci\u00f3n, Hermann lleva m\u00e1s de 30 a\u00f1os inspirando y conectando a la gente e implementando proyectos. Como artista y profesor, trabaj\u00f3 durante a\u00f1os especialmente en el contexto de la CSA.\");<!-- [et_pb_line_break_holder] --><!-- [et_pb_line_break_holder] -->\t\t\t});<!-- [et_pb_line_break_holder] -->    });<!-- [et_pb_line_break_holder] -->})(jQuery);<!-- [et_pb_line_break_holder] --><\/script>[\/et_pb_code][\/et_pb_column][et_pb_column type=\u00bb1_5&#8243; _builder_version=\u00bb4.16&#8243; _module_preset=\u00bbdefault\u00bb global_colors_info=\u00bb{}\u00bb][et_pb_blurb title=\u00bbXIAOBO MAO\u00bb image=\u00bbhttps:\/\/www.teikeicoffee.org\/wp-content\/uploads\/2021\/03\/Teikei_Team_1707x2560_Antonia_3.png\u00bb admin_label=\u00bbInformationstext\u00bb module_id=\u00bbXIAOBO_MAO\u00bb _builder_version=\u00bb4.16&#8243; _module_preset=\u00bbdefault\u00bb header_font=\u00bb|600|||||||\u00bb header_text_align=\u00bbleft\u00bb header_font_size=\u00bb12pt\u00bb header_line_height=\u00bb16pt\u00bb body_font=\u00bbBariol||on||||||\u00bb body_font_size=\u00bb10pt\u00bb body_line_height=\u00bb12pt\u00bb custom_css_main_element=\u00bbcursor: pointer;\u00bb global_colors_info=\u00bb{}\u00bb]<\/p>\n<p class=\"p1\">Contabilidad<\/p>\n<p>[\/et_pb_blurb][et_pb_code _builder_version=\u00bb4.16&#8243; _module_preset=\u00bbdefault\u00bb global_colors_info=\u00bb{}\u00bb]<script><!-- [et_pb_line_break_holder] --> (function($) {<!-- [et_pb_line_break_holder] -->    $(document).ready(function(){<!-- [et_pb_line_break_holder] -->      $(\"#XIAOBO_MAO\").on('click', function(event){<!-- [et_pb_line_break_holder] --><!-- [et_pb_line_break_holder] -->        DiviArea.show('#team_popup');<!-- [et_pb_line_break_holder] -->        $(\"#team_popup_bild\").attr(\"src\", \"https:\/\/www.teikeicoffee.org\/teikei_team_1707x2560_antonia_4\/\");<!-- [et_pb_line_break_holder] -->        <!-- [et_pb_line_break_holder] -->        $(\"#team_titel\").html(\"\");<!-- [et_pb_line_break_holder] -->        $(\"#team_desc\").html(\"\");<!-- [et_pb_line_break_holder] -->        $(\"#team_titel\").append(\"<\/pee><!-- [et_pb_line_break_holder] --><\/p>\n<h3>XIAOBO MAO<\/h3>\n<p><!-- [et_pb_line_break_holder] --><pee>\");<!-- [et_pb_line_break_holder] -->        $(\"#team_titel\").append(\"<\/pee><!-- [et_pb_line_break_holder] --><pee class='p1'>Contabilidad<\/pee><!-- [et_pb_line_break_holder] --><pee>\");<!-- [et_pb_line_break_holder] -->        <!-- [et_pb_line_break_holder] -->        $(\"#team_desc\").append(\"Con su rapidez y su forma estructurada de trabajar, Xiaobo se encarga de nuestra contabilidad y facturaci\u00f3n. Con un gran talento, tambi\u00e9n vela por el bienestar del equipo.\");<!-- [et_pb_line_break_holder] --><!-- [et_pb_line_break_holder] -->\t\t\t});<!-- [et_pb_line_break_holder] -->    });<!-- [et_pb_line_break_holder] -->})(jQuery);<!-- [et_pb_line_break_holder] --><\/script>[\/et_pb_code][\/et_pb_column][et_pb_column type=\u00bb1_5&#8243; _builder_version=\u00bb4.16&#8243; _module_preset=\u00bbdefault\u00bb global_colors_info=\u00bb{}\u00bb][\/et_pb_column][et_pb_column type=\u00bb1_5&#8243; _builder_version=\u00bb4.16&#8243; _module_preset=\u00bbdefault\u00bb global_colors_info=\u00bb{}\u00bb][\/et_pb_column][et_pb_column type=\u00bb1_5&#8243; _builder_version=\u00bb4.16&#8243; _module_preset=\u00bbdefault\u00bb global_colors_info=\u00bb{}\u00bb][\/et_pb_column][\/et_pb_row][et_pb_row admin_label=\u00bbMEXIKO\u00bb _builder_version=\u00bb4.16&#8243; _module_preset=\u00bbdefault\u00bb width=\u00bb75%\u00bb width_tablet=\u00bb\u00bb width_phone=\u00bb\u00bb width_last_edited=\u00bbon|phone\u00bb max_width=\u00bb100%\u00bb custom_margin=\u00bb|10px|2px|auto|false|false\u00bb custom_padding=\u00bb||18px|||\u00bb module_alignment_tablet=\u00bb\u00bb module_alignment_phone=\u00bbcenter\u00bb module_alignment_last_edited=\u00bbon|phone\u00bb global_colors_info=\u00bb{}\u00bb][et_pb_column type=\u00bb4_4&#8243; _builder_version=\u00bb4.16&#8243; _module_preset=\u00bbdefault\u00bb global_colors_info=\u00bb{}\u00bb][et_pb_text _builder_version=\u00bb4.16&#8243; _module_preset=\u00bbdefault\u00bb header_2_font_size=\u00bb16pt\u00bb header_2_line_height=\u00bb25pt\u00bb header_3_font_size=\u00bb16pt\u00bb header_3_line_height=\u00bb25pt\u00bb global_colors_info=\u00bb{}\u00bb]<\/p>\n<h3 class=\"p1\">M \u00c9 X I C O<\/h3>\n<p>[\/et_pb_text][\/et_pb_column][\/et_pb_row][et_pb_row column_structure=\u00bb1_5,1_5,1_5,1_5,1_5&#8243; use_custom_gutter=\u00bbon\u00bb gutter_width=\u00bb2&#8243; admin_label=\u00bbMEXIKO-Mit Bilder\u00bb module_class=\u00bbtwo-columns\u00bb _builder_version=\u00bb4.16&#8243; _module_preset=\u00bbdefault\u00bb width=\u00bb75%\u00bb width_tablet=\u00bb\u00bb width_phone=\u00bb\u00bb width_last_edited=\u00bbon|phone\u00bb max_width=\u00bb100%\u00bb custom_margin=\u00bb-2px|10px||auto|false|false\u00bb custom_padding=\u00bb25px||140px|||\u00bb module_alignment_tablet=\u00bb\u00bb module_alignment_phone=\u00bbcenter\u00bb module_alignment_last_edited=\u00bbon|phone\u00bb collapsed=\u00bboff\u00bb global_colors_info=\u00bb{}\u00bb][et_pb_column type=\u00bb1_5&#8243; _builder_version=\u00bb4.16&#8243; _module_preset=\u00bbdefault\u00bb global_colors_info=\u00bb{}\u00bb][et_pb_blurb title=\u00bbESTEBAN ACOSTA PEREIRA\u00bb image=\u00bbhttps:\/\/www.teikeicoffee.org\/wp-content\/uploads\/2021\/03\/Esteban-min-scaled.jpg\u00bb module_id=\u00bbESTEBAN_ACOSTA_PEREIRA\u00bb _builder_version=\u00bb4.16&#8243; _module_preset=\u00bbdefault\u00bb header_font=\u00bb|600|||||||\u00bb header_text_align=\u00bbleft\u00bb header_font_size=\u00bb12pt\u00bb header_line_height=\u00bb16pt\u00bb body_font=\u00bbBariol||on||||||\u00bb body_font_size=\u00bb10pt\u00bb body_line_height=\u00bb12pt\u00bb custom_css_main_element=\u00bbcursor: pointer;\u00bb global_colors_info=\u00bb{}\u00bb]<\/p>\n<p class=\"p2\"><em>Asesor y formador en agricultra sostenible\u00a0<\/em><\/p>\n<p>[\/et_pb_blurb][et_pb_code _builder_version=\u00bb4.16&#8243; _module_preset=\u00bbdefault\u00bb global_colors_info=\u00bb{}\u00bb]<script><!-- [et_pb_line_break_holder] --> (function($) {<!-- [et_pb_line_break_holder] -->    $(document).ready(function(){<!-- [et_pb_line_break_holder] -->      $(\"#ESTEBAN_ACOSTA_PEREIRA\").on('click', function(event){<!-- [et_pb_line_break_holder] --><!-- [et_pb_line_break_holder] -->        DiviArea.show('#team_popup');<!-- [et_pb_line_break_holder] -->        $(\"#team_popup_bild\").attr(\"src\", \"https:\/\/www.teikeicoffee.org\/wp-content\/uploads\/2021\/03\/Estebanc-min-scaled.jpg\");<!-- [et_pb_line_break_holder] -->        <!-- [et_pb_line_break_holder] -->        $(\"#team_titel\").html(\"\");<!-- [et_pb_line_break_holder] -->        $(\"#team_desc\").html(\"\");<!-- [et_pb_line_break_holder] -->        $(\"#team_titel\").append(\"<\/pee><!-- [et_pb_line_break_holder] --><\/p>\n<h3>ESTEBAN ACOSTA PEREIRA<\/h3>\n<p><!-- [et_pb_line_break_holder] --><pee>\");<!-- [et_pb_line_break_holder] -->        $(\"#team_titel\").append(\"<\/pee><!-- [et_pb_line_break_holder] --><pee class='p1'>Asesor y formador en agricultura sostenible<\/pee><!-- [et_pb_line_break_holder] --><pee>\");<!-- [et_pb_line_break_holder] -->        <!-- [et_pb_line_break_holder] -->        $(\"#team_desc\").append(\"Soy un consultor biodin\u00e1mico internacional y desarrollador de productos especializado en la calidad del caf\u00e9 y la fertilidad del suelo. En Teikei Coffee, apoyo los programas de desarrollo de los agricultores para aumentar la productividad y la calidad, y para avanzar en la certificaci\u00f3n org\u00e1nica y la conversi\u00f3n biodin\u00e1mica.\");<!-- [et_pb_line_break_holder] --><!-- [et_pb_line_break_holder] -->\t\t\t});<!-- [et_pb_line_break_holder] -->    });<!-- [et_pb_line_break_holder] -->})(jQuery);<!-- [et_pb_line_break_holder] --><\/script>[\/et_pb_code][\/et_pb_column][et_pb_column type=\u00bb1_5&#8243; _builder_version=\u00bb4.16&#8243; _module_preset=\u00bbdefault\u00bb global_colors_info=\u00bb{}\u00bb][et_pb_blurb title=\u00bbDAVID AKLE CANT\u00da\u00bb image=\u00bbhttps:\/\/www.teikeicoffee.org\/wp-content\/uploads\/2021\/03\/David-min-scaled.jpg\u00bb module_id=\u00bbDAVID_CANTU_AKLE\u00bb _builder_version=\u00bb4.16&#8243; _module_preset=\u00bbdefault\u00bb header_font=\u00bb|600|||||||\u00bb header_text_align=\u00bbleft\u00bb header_font_size=\u00bb12pt\u00bb header_line_height=\u00bb16pt\u00bb body_font=\u00bbBariol||on||||||\u00bb body_font_size=\u00bb10pt\u00bb body_line_height=\u00bb12pt\u00bb min_height_tablet=\u00bb\u00bb min_height_phone=\u00bb\u00bb min_height_last_edited=\u00bbon|phone\u00bb custom_css_main_element=\u00bbcursor: pointer;\u00bb global_colors_info=\u00bb{}\u00bb]<\/p>\n<p><em>Bi\u00f3logo<\/em><br \/><em>Coordinador de Cafetaleros de Teikei\u00a0<\/em><\/p>\n<p>[\/et_pb_blurb][et_pb_code _builder_version=\u00bb4.16&#8243; _module_preset=\u00bbdefault\u00bb global_colors_info=\u00bb{}\u00bb]<script><!-- [et_pb_line_break_holder] --> (function($) {<!-- [et_pb_line_break_holder] -->    $(document).ready(function(){<!-- [et_pb_line_break_holder] -->      $(\"#DAVID_CANTU_AKLE\").on('click', function(event){<!-- [et_pb_line_break_holder] --><!-- [et_pb_line_break_holder] -->        DiviArea.show('#team_popup');<!-- [et_pb_line_break_holder] -->        $(\"#team_popup_bild\").attr(\"src\", \"https:\/\/www.teikeicoffee.org\/wp-content\/uploads\/2021\/03\/Davidc-min-scaled.jpg\");<!-- [et_pb_line_break_holder] -->        <!-- [et_pb_line_break_holder] -->        $(\"#team_titel\").html(\"\");<!-- [et_pb_line_break_holder] -->        $(\"#team_desc\").html(\"\");<!-- [et_pb_line_break_holder] -->        $(\"#team_titel\").append(\"<\/pee><!-- [et_pb_line_break_holder] --><\/p>\n<h3>DAVID AKLE CANT\u00da<\/h3>\n<p><!-- [et_pb_line_break_holder] --><pee>\");<!-- [et_pb_line_break_holder] -->        $(\"#team_titel\").append(\"<\/pee><!-- [et_pb_line_break_holder] --><pee class='p1'>Biologo<!\u2013- [et_pb_br_holder] -\u2013>Coordinador de Cafetaleros de Teikei<\/pee><!-- [et_pb_line_break_holder] --><pee>\");<!-- [et_pb_line_break_holder] -->        <!-- [et_pb_line_break_holder] -->        $(\"#team_desc\").append(\"Tengo formaci\u00f3n como bi\u00f3logo de la conservaci\u00f3n, me gusta correr y me llenan de m\u00fasica y libros. B\u00e1sicamente mi trabajo diario es coordinar actividades con los productores y encontrar soluciones hacia la sostenibilidad.\");<!-- [et_pb_line_break_holder] --><!-- [et_pb_line_break_holder] -->\t\t\t});<!-- [et_pb_line_break_holder] -->    });<!-- [et_pb_line_break_holder] -->})(jQuery);<!-- [et_pb_line_break_holder] --><\/script>[\/et_pb_code][\/et_pb_column][et_pb_column type=\u00bb1_5&#8243; _builder_version=\u00bb4.16&#8243; _module_preset=\u00bbdefault\u00bb global_colors_info=\u00bb{}\u00bb][et_pb_blurb title=\u00bbANA LAURA AGUILAR\u00bb image=\u00bbhttps:\/\/www.teikeicoffee.org\/wp-content\/uploads\/2021\/03\/Ana-min-scaled.jpg\u00bb admin_label=\u00bbInformationstext\u00bb module_id=\u00bbANA_LAURA_AGUILAR\u00bb _builder_version=\u00bb4.16&#8243; _module_preset=\u00bbdefault\u00bb header_font=\u00bb|600|||||||\u00bb header_text_align=\u00bbleft\u00bb header_font_size=\u00bb12pt\u00bb header_line_height=\u00bb16pt\u00bb body_font=\u00bbBariol||on||||||\u00bb body_font_size=\u00bb10pt\u00bb body_line_height=\u00bb12pt\u00bb custom_css_main_element=\u00bbcursor: pointer;\u00bb global_colors_info=\u00bb{}\u00bb]<\/p>\n<p class=\"p1\"><em>Bi\u00f3loga<\/em><br \/><em>Atencion al agricultor, Exportaci\u00f3n &amp; log\u00edstica<\/em><\/p>\n<p>[\/et_pb_blurb][et_pb_code _builder_version=\u00bb4.16&#8243; _module_preset=\u00bbdefault\u00bb global_colors_info=\u00bb{}\u00bb]<script><!-- [et_pb_line_break_holder] --> (function($) {<!-- [et_pb_line_break_holder] -->    $(document).ready(function(){<!-- [et_pb_line_break_holder] -->      $(\"#ANA_LAURA_AGUILAR\").on('click', function(event){<!-- [et_pb_line_break_holder] --><!-- [et_pb_line_break_holder] -->        DiviArea.show('#team_popup');<!-- [et_pb_line_break_holder] -->        $(\"#team_popup_bild\").attr(\"src\", \"https:\/\/www.teikeicoffee.org\/wp-content\/uploads\/2021\/03\/Anac-min-scaled.jpg\");<!-- [et_pb_line_break_holder] -->        <!-- [et_pb_line_break_holder] -->        $(\"#team_titel\").html(\"\");<!-- [et_pb_line_break_holder] -->        $(\"#team_desc\").html(\"\");<!-- [et_pb_line_break_holder] -->        $(\"#team_titel\").append(\"<\/pee><!-- [et_pb_line_break_holder] --><\/p>\n<h3>ANA LAURA AGUILAR<\/h3>\n<p><!-- [et_pb_line_break_holder] --><pee>\");<!-- [et_pb_line_break_holder] -->        $(\"#team_titel\").append(\"<\/pee><!-- [et_pb_line_break_holder] --><pee class='p1'>Bi\u00f3loga<!\u2013- [et_pb_br_holder] -\u2013>Exportaci\u00f3n y log\u00edstica<\/pee><!-- [et_pb_line_break_holder] --><pee>\");<!-- [et_pb_line_break_holder] -->        <!-- [et_pb_line_break_holder] -->        $(\"#team_desc\").append(\"Me describir\u00eda como l\u00f3gica por fuera y emocional por dentro. Soy facilitadora de la log\u00edstica y desarrolladora de proyectos en origen. Soy muy organizada y me dedico al proceso de mover el caf\u00e9 desde la monta\u00f1a en M\u00e9xico hasta el velero.\");<!-- [et_pb_line_break_holder] --><!-- [et_pb_line_break_holder] -->\t\t\t});<!-- [et_pb_line_break_holder] -->    });<!-- [et_pb_line_break_holder] -->})(jQuery);<!-- [et_pb_line_break_holder] --><\/script>[\/et_pb_code][\/et_pb_column][et_pb_column type=\u00bb1_5&#8243; _builder_version=\u00bb4.16&#8243; _module_preset=\u00bbdefault\u00bb global_colors_info=\u00bb{}\u00bb][\/et_pb_column][et_pb_column type=\u00bb1_5&#8243; _builder_version=\u00bb4.16&#8243; _module_preset=\u00bbdefault\u00bb global_colors_info=\u00bb{}\u00bb][\/et_pb_column][\/et_pb_row][et_pb_row admin_label=\u00bbSCHWEIZ\u00bb _builder_version=\u00bb4.16&#8243; _module_preset=\u00bbdefault\u00bb width=\u00bb75%\u00bb width_tablet=\u00bb\u00bb width_phone=\u00bb\u00bb width_last_edited=\u00bbon|phone\u00bb max_width=\u00bb100%\u00bb custom_margin=\u00bb|10px|||false|false\u00bb custom_padding=\u00bb||24px|||\u00bb module_alignment_tablet=\u00bb\u00bb module_alignment_phone=\u00bbcenter\u00bb module_alignment_last_edited=\u00bbon|phone\u00bb global_colors_info=\u00bb{}\u00bb][et_pb_column type=\u00bb4_4&#8243; _builder_version=\u00bb4.16&#8243; _module_preset=\u00bbdefault\u00bb global_colors_info=\u00bb{}\u00bb][et_pb_text _builder_version=\u00bb4.16&#8243; _module_preset=\u00bbdefault\u00bb header_2_font_size=\u00bb16pt\u00bb header_2_line_height=\u00bb25pt\u00bb header_3_font_size=\u00bb16pt\u00bb header_3_line_height=\u00bb25pt\u00bb global_colors_info=\u00bb{}\u00bb]<\/p>\n<h3 class=\"p1\">S U I S S A<\/h3>\n<p>[\/et_pb_text][\/et_pb_column][\/et_pb_row][et_pb_row column_structure=\u00bb1_5,1_5,1_5,1_5,1_5&#8243; use_custom_gutter=\u00bbon\u00bb gutter_width=\u00bb2&#8243; admin_label=\u00bbSchweiz -Mit Bilder\u00bb module_class=\u00bbtwo-columns\u00bb _builder_version=\u00bb4.16&#8243; _module_preset=\u00bbdefault\u00bb width=\u00bb75%\u00bb width_tablet=\u00bb\u00bb width_phone=\u00bb\u00bb width_last_edited=\u00bbon|phone\u00bb max_width=\u00bb100%\u00bb custom_margin=\u00bb|10px|||false|false\u00bb custom_padding=\u00bb||140px|||\u00bb module_alignment_tablet=\u00bb\u00bb module_alignment_phone=\u00bbcenter\u00bb module_alignment_last_edited=\u00bbon|phone\u00bb global_colors_info=\u00bb{}\u00bb][et_pb_column type=\u00bb1_5&#8243; _builder_version=\u00bb4.16&#8243; _module_preset=\u00bbdefault\u00bb global_colors_info=\u00bb{}\u00bb][et_pb_blurb title=\u00bbSILVAN SUTER\u00bb image=\u00bbhttps:\/\/www.teikeicoffee.org\/wp-content\/uploads\/2021\/03\/Teikei_Teamfotos_Ausschnitte12.jpg\u00bb module_id=\u00bbSILVAN_SUTER\u00bb _builder_version=\u00bb4.16&#8243; _module_preset=\u00bbdefault\u00bb header_font=\u00bb|600|||||||\u00bb header_text_align=\u00bbleft\u00bb header_font_size=\u00bb12pt\u00bb header_line_height=\u00bb16pt\u00bb body_font=\u00bbBariol||on||||||\u00bb body_font_size=\u00bb10pt\u00bb body_line_height=\u00bb12pt\u00bb custom_css_main_element=\u00bbcursor: pointer;\u00bb global_colors_info=\u00bb{}\u00bb]<\/p>\n<p class=\"p1\"><em>Tostador<\/em><\/p>\n<p>[\/et_pb_blurb][et_pb_code _builder_version=\u00bb4.16&#8243; _module_preset=\u00bbdefault\u00bb global_colors_info=\u00bb{}\u00bb]<script><!-- [et_pb_line_break_holder] --> (function($) {<!-- [et_pb_line_break_holder] -->    $(document).ready(function(){<!-- [et_pb_line_break_holder] -->      $(\"#SILVAN_SUTER\").on('click', function(event){<!-- [et_pb_line_break_holder] --><!-- [et_pb_line_break_holder] -->        DiviArea.show('#team_popup');<!-- [et_pb_line_break_holder] -->        $(\"#team_popup_bild\").attr(\"src\", \"https:\/\/www.teikeicoffee.org\/wp-content\/uploads\/2021\/03\/Silvanc-min.jpg\");<!-- [et_pb_line_break_holder] -->        <!-- [et_pb_line_break_holder] -->        $(\"#team_titel\").html(\"\");<!-- [et_pb_line_break_holder] -->        $(\"#team_desc\").html(\"\");<!-- [et_pb_line_break_holder] -->        $(\"#team_titel\").append(\"<\/pee><!-- [et_pb_line_break_holder] --><\/p>\n<h3>SILVAN SUTER<\/h3>\n<p><!-- [et_pb_line_break_holder] --><pee>\");<!-- [et_pb_line_break_holder] -->        $(\"#team_titel\").append(\"<\/pee><!-- [et_pb_line_break_holder] --><pee class='p1'>Tostador<!\u2013- [et_pb_br_holder] -\u2013>Calidad y Sostenibilidad<\/pee><!-- [et_pb_line_break_holder] --><pee>\");<!-- [et_pb_line_break_holder] -->        <!-- [et_pb_line_break_holder] -->        $(\"#team_desc\").append(\"Silvan contin\u00faa el valioso trabajo de los caficultores hasta la taza de caf\u00e9, preocup\u00e1ndose por la alta calidad de los granos de caf\u00e9 y abogando por cadenas de suministro sostenibles.\");<!-- [et_pb_line_break_holder] --><!-- [et_pb_line_break_holder] -->\t\t\t});<!-- [et_pb_line_break_holder] -->    });<!-- [et_pb_line_break_holder] -->})(jQuery);<!-- [et_pb_line_break_holder] --><\/script>[\/et_pb_code][\/et_pb_column][et_pb_column type=\u00bb1_5&#8243; _builder_version=\u00bb4.16&#8243; _module_preset=\u00bbdefault\u00bb global_colors_info=\u00bb{}\u00bb][et_pb_blurb title=\u00bbBEATRICE HESS\u00bb image=\u00bbhttps:\/\/www.teikeicoffee.org\/wp-content\/uploads\/2021\/03\/Teikei_Teamfotos_Ausschnitte21.jpg\u00bb module_id=\u00bbBEATRICE_HESS\u00bb _builder_version=\u00bb4.16&#8243; _module_preset=\u00bbdefault\u00bb header_font=\u00bb|600|||||||\u00bb header_text_align=\u00bbleft\u00bb header_font_size=\u00bb12pt\u00bb header_line_height=\u00bb16pt\u00bb body_font=\u00bbBariol||on||||||\u00bb body_font_size=\u00bb10pt\u00bb body_line_height=\u00bb12pt\u00bb min_height_tablet=\u00bb\u00bb min_height_phone=\u00bb\u00bb min_height_last_edited=\u00bbon|phone\u00bb custom_css_main_element=\u00bbcursor: pointer;\u00bb global_colors_info=\u00bb{}\u00bb]<\/p>\n<p class=\"p1\"><i><span style=\"font-weight: 400;\">Administraci\u00f3n<\/span><\/i><i><span style=\"font-weight: 400;\"><br \/><\/span><\/i><i><span style=\"font-weight: 400;\">&amp; Contabilidad<\/span><\/i><\/p>\n<p>[\/et_pb_blurb][et_pb_code _builder_version=\u00bb4.16&#8243; _module_preset=\u00bbdefault\u00bb global_colors_info=\u00bb{}\u00bb]<script><!-- [et_pb_line_break_holder] --> (function($) {<!-- [et_pb_line_break_holder] -->    $(document).ready(function(){<!-- [et_pb_line_break_holder] -->      $(\"#BEATRICE_HESS\").on('click', function(event){<!-- [et_pb_line_break_holder] --><!-- [et_pb_line_break_holder] -->        DiviArea.show('#team_popup');<!-- [et_pb_line_break_holder] -->        $(\"#team_popup_bild\").attr(\"src\", \"https:\/\/www.teikeicoffee.org\/wp-content\/uploads\/2021\/03\/Teikei_Teamfotos_Ausschnitte30.jpg\");<!-- [et_pb_line_break_holder] -->        <!-- [et_pb_line_break_holder] -->        $(\"#team_titel\").html(\"\");<!-- [et_pb_line_break_holder] -->        $(\"#team_desc\").html(\"\");<!-- [et_pb_line_break_holder] -->        $(\"#team_titel\").append(\"<\/pee><!-- [et_pb_line_break_holder] --><\/p>\n<h3>BEATRICE HESS<\/h3>\n<p><!-- [et_pb_line_break_holder] --><pee>\");<!-- [et_pb_line_break_holder] -->        $(\"#team_titel\").append(\"<\/pee><!-- [et_pb_line_break_holder] --><pee class='p1'>Administraci\u00f3n<!\u2013- [et_pb_br_holder] -\u2013>Contabilidad<\/pee><!-- [et_pb_line_break_holder] --><pee>\");<!-- [et_pb_line_break_holder] -->        <!-- [et_pb_line_break_holder] -->        $(\"#team_desc\").append(\"Con su trabajo, B\u00e9atrice contribuye a permitir el disfrute con la conciencia tranquila. El Excel y los n\u00fameros no s\u00f3lo son visibles en sus sue\u00f1os, sino sobre todo en las facturas y estados financieros justos.\");<!-- [et_pb_line_break_holder] --><!-- [et_pb_line_break_holder] -->\t\t\t});<!-- [et_pb_line_break_holder] -->    });<!-- [et_pb_line_break_holder] -->})(jQuery);<!-- [et_pb_line_break_holder] --><\/script>[\/et_pb_code][\/et_pb_column][et_pb_column type=\u00bb1_5&#8243; _builder_version=\u00bb4.16&#8243; _module_preset=\u00bbdefault\u00bb global_colors_info=\u00bb{}\u00bb][et_pb_blurb title=\u00bbCHRISTOPH WALTHER\u00bb image=\u00bbhttps:\/\/www.teikeicoffee.org\/wp-content\/uploads\/2021\/03\/Teikei_Teamfotos_Ausschnitte11-scaled.jpg\u00bb admin_label=\u00bbInformationstext\u00bb module_id=\u00bbCHRISTOPH_WALTHER\u00bb _builder_version=\u00bb4.16&#8243; _module_preset=\u00bbdefault\u00bb header_font=\u00bb|600|||||||\u00bb header_text_align=\u00bbleft\u00bb header_font_size=\u00bb12pt\u00bb header_line_height=\u00bb16pt\u00bb body_font=\u00bbBariol||on||||||\u00bb body_font_size=\u00bb10pt\u00bb body_line_height=\u00bb12pt\u00bb custom_css_main_element=\u00bbcursor: pointer;\u00bb global_colors_info=\u00bb{}\u00bb]<\/p>\n<p class=\"p1\"><i><span style=\"font-weight: 400;\">Desarollo de TEIKEI Coffee Suissa<\/span><\/i><i><span style=\"font-weight: 400;\"><br \/><\/span><\/i><i><span style=\"font-weight: 400;\">Cuidado de los miembros<\/span><\/i><\/p>\n<p>[\/et_pb_blurb][et_pb_code _builder_version=\u00bb4.16&#8243; _module_preset=\u00bbdefault\u00bb global_colors_info=\u00bb{}\u00bb]<script><!-- [et_pb_line_break_holder] --> (function($) {<!-- [et_pb_line_break_holder] -->    $(document).ready(function(){<!-- [et_pb_line_break_holder] -->      $(\"#CHRISTOPH_WALTHER\").on('click', function(event){<!-- [et_pb_line_break_holder] --><!-- [et_pb_line_break_holder] -->        DiviArea.show('#team_popup');<!-- [et_pb_line_break_holder] -->        $(\"#team_popup_bild\").attr(\"src\", \"https:\/\/www.teikeicoffee.org\/wp-content\/uploads\/2021\/03\/Christopc-min-scaled.jpeg\");<!-- [et_pb_line_break_holder] -->        <!-- [et_pb_line_break_holder] -->        $(\"#team_titel\").html(\"\");<!-- [et_pb_line_break_holder] -->        $(\"#team_desc\").html(\"\");<!-- [et_pb_line_break_holder] -->        $(\"#team_titel\").append(\"<\/pee><!-- [et_pb_line_break_holder] --><\/p>\n<h3>CHRISTOPH WALTHER<\/h3>\n<p><!-- [et_pb_line_break_holder] --><pee>\");<!-- [et_pb_line_break_holder] -->        $(\"#team_titel\").append(\"<\/pee><!-- [et_pb_line_break_holder] --><pee class='p1'>Desarrollo de TEIKEI Caf\u00e9 Suiza<!\u2013- [et_pb_br_holder] -\u2013>Cuidado de miembros<\/pee><!-- [et_pb_line_break_holder] --><pee>\");<!-- [et_pb_line_break_holder] -->        <!-- [et_pb_line_break_holder] -->        $(\"#team_desc\").append(\"El objetivo de Christoph es realizar la actividad econ\u00f3mica de forma que beneficie a la comunidad y sea apoyada por \u00e9sta. Est\u00e1 en la direcci\u00f3n correcta para hacer preguntas y sugerencias, y si la comunidad se desarrolla como resultado, \u00a1mucho mejor!\");<!-- [et_pb_line_break_holder] --><!-- [et_pb_line_break_holder] -->\t\t\t});<!-- [et_pb_line_break_holder] -->    });<!-- [et_pb_line_break_holder] -->})(jQuery);<!-- [et_pb_line_break_holder] --><\/script>[\/et_pb_code][\/et_pb_column][et_pb_column type=\u00bb1_5&#8243; _builder_version=\u00bb4.16&#8243; _module_preset=\u00bbdefault\u00bb global_colors_info=\u00bb{}\u00bb][\/et_pb_column][et_pb_column type=\u00bb1_5&#8243; _builder_version=\u00bb4.16&#8243; _module_preset=\u00bbdefault\u00bb global_colors_info=\u00bb{}\u00bb][\/et_pb_column][\/et_pb_row][et_pb_row admin_label=\u00bbCAFE\u00bb _builder_version=\u00bb4.16&#8243; _module_preset=\u00bbdefault\u00bb width=\u00bb75%\u00bb width_tablet=\u00bb\u00bb width_phone=\u00bb\u00bb width_last_edited=\u00bbon|phone\u00bb max_width=\u00bb100%\u00bb custom_margin=\u00bb|10px|||false|false\u00bb module_alignment_tablet=\u00bb\u00bb module_alignment_phone=\u00bbcenter\u00bb module_alignment_last_edited=\u00bbon|phone\u00bb global_colors_info=\u00bb{}\u00bb][et_pb_column type=\u00bb4_4&#8243; _builder_version=\u00bb4.16&#8243; _module_preset=\u00bbdefault\u00bb global_colors_info=\u00bb{}\u00bb][et_pb_text _builder_version=\u00bb4.16&#8243; _module_preset=\u00bbdefault\u00bb header_2_font_size=\u00bb16pt\u00bb header_2_line_height=\u00bb25pt\u00bb header_3_font_size=\u00bb16pt\u00bb header_3_line_height=\u00bb25pt\u00bb global_colors_info=\u00bb{}\u00bb]<\/p>\n<h3 class=\"p1\">C A F \u00c9 T E R I A<\/h3>\n<p>[\/et_pb_text][\/et_pb_column][\/et_pb_row][et_pb_row column_structure=\u00bb1_5,1_5,1_5,1_5,1_5&#8243; use_custom_gutter=\u00bbon\u00bb gutter_width=\u00bb2&#8243; admin_label=\u00bbCAFE-Mit Bilder\u00bb module_class=\u00bbtwo-columns\u00bb _builder_version=\u00bb4.16&#8243; _module_preset=\u00bbdefault\u00bb width=\u00bb75%\u00bb width_tablet=\u00bb\u00bb width_phone=\u00bb\u00bb width_last_edited=\u00bbon|phone\u00bb max_width=\u00bb100%\u00bb custom_margin=\u00bb|10px|||false|false\u00bb custom_padding=\u00bb||140px|||\u00bb module_alignment_tablet=\u00bb\u00bb module_alignment_phone=\u00bbcenter\u00bb module_alignment_last_edited=\u00bbon|phone\u00bb collapsed=\u00bboff\u00bb global_colors_info=\u00bb{}\u00bb][et_pb_column type=\u00bb1_5&#8243; _builder_version=\u00bb4.16&#8243; _module_preset=\u00bbdefault\u00bb global_colors_info=\u00bb{}\u00bb][et_pb_blurb title=\u00bbAARON K\u00dcPPERS\u00bb image=\u00bbhttps:\/\/www.teikeicoffee.org\/wp-content\/uploads\/2021\/03\/aaronbw-min-scaled.jpg\u00bb admin_label=\u00bbInformationstext\u00bb module_id=\u00bbAARON_KPPERS_2&#8243; _builder_version=\u00bb4.16&#8243; _module_preset=\u00bbdefault\u00bb header_font=\u00bb|600|||||||\u00bb header_text_align=\u00bbleft\u00bb header_font_size=\u00bb12pt\u00bb header_line_height=\u00bb16pt\u00bb body_font=\u00bbBariol||on||||||\u00bb body_font_size=\u00bb10pt\u00bb body_line_height=\u00bb12pt\u00bb custom_css_main_element=\u00bbcursor: pointer;\u00bb global_colors_info=\u00bb{}\u00bb]<\/p>\n<p>Dise\u00f1o<\/p>\n<p>[\/et_pb_blurb][et_pb_code _builder_version=\u00bb4.16&#8243; _module_preset=\u00bbdefault\u00bb global_colors_info=\u00bb{}\u00bb]<script><!-- [et_pb_line_break_holder] --> (function($) {<!-- [et_pb_line_break_holder] -->    $(document).ready(function(){<!-- [et_pb_line_break_holder] -->      $(\"#AARON_KPPERS_2\").on('click', function(event){<!-- [et_pb_line_break_holder] --><!-- [et_pb_line_break_holder] -->        DiviArea.show('#team_popup');<!-- [et_pb_line_break_holder] -->        $(\"#team_popup_bild\").attr(\"src\", \"https:\/\/www.teikeicoffee.org\/wp-content\/uploads\/2021\/03\/aaron-min-scaled.jpg\");<!-- [et_pb_line_break_holder] -->        <!-- [et_pb_line_break_holder] -->        $(\"#team_titel\").html(\"\");<!-- [et_pb_line_break_holder] -->        $(\"#team_desc\").html(\"\");<!-- [et_pb_line_break_holder] -->        $(\"#team_titel\").append(\"<\/pee><!-- [et_pb_line_break_holder] --><\/p>\n<h3>AARON K\u00dcPPERS<\/h3>\n<p><!-- [et_pb_line_break_holder] --><pee>\");<!-- [et_pb_line_break_holder] -->        $(\"#team_titel\").append(\"<\/pee><!-- [et_pb_line_break_holder] --><pee class='p1'>Dise\u00f1o<!\u2013- [et_pb_br_holder] -\u2013>Gastronomia<\/pee><!-- [et_pb_line_break_holder] --><pee>\");<!-- [et_pb_line_break_holder] -->        <!-- [et_pb_line_break_holder] -->        $(\"#team_desc\").append(\"Con un ojo para lo extraordinario y una visi\u00f3n en mente, es el dise\u00f1ador detr\u00e1s del Caf\u00e9 Teikei y el buen gusto detr\u00e1s de nuestro caf\u00e9. Su atenci\u00f3n a los detalles es fundamental en el panorama general.\");<!-- [et_pb_line_break_holder] --><!-- [et_pb_line_break_holder] -->\t\t\t});<!-- [et_pb_line_break_holder] -->    });<!-- [et_pb_line_break_holder] -->})(jQuery);<!-- [et_pb_line_break_holder] --><\/script>[\/et_pb_code][\/et_pb_column][et_pb_column type=\u00bb1_5&#8243; _builder_version=\u00bb4.16&#8243; _module_preset=\u00bbdefault\u00bb global_colors_info=\u00bb{}\u00bb][et_pb_blurb title=\u00bbARNDT STEINACKER\u00bb image=\u00bbhttps:\/\/www.teikeicoffee.org\/wp-content\/uploads\/2021\/01\/201125_teikei_team_arndt9-min-scaled.jpg\u00bb admin_label=\u00bbInformationstext\u00bb module_id=\u00bbARNDT_STEINACKER\u00bb _builder_version=\u00bb4.16&#8243; _module_preset=\u00bbdefault\u00bb header_font=\u00bb|600|||||||\u00bb header_text_align=\u00bbleft\u00bb header_font_size=\u00bb12pt\u00bb header_line_height=\u00bb16pt\u00bb body_font=\u00bbBariol||on||||||\u00bb body_font_size=\u00bb10pt\u00bb body_line_height=\u00bb12pt\u00bb custom_css_main_element=\u00bbcursor: pointer;\u00bb global_colors_info=\u00bb{}\u00bb]<\/p>\n<p class=\"p1\">Gastronom\u00eda<\/p>\n<p>[\/et_pb_blurb][et_pb_code _builder_version=\u00bb4.16&#8243; _module_preset=\u00bbdefault\u00bb global_colors_info=\u00bb{}\u00bb]<script><!-- [et_pb_line_break_holder] --> (function($) {<!-- [et_pb_line_break_holder] -->    $(document).ready(function(){<!-- [et_pb_line_break_holder] -->      $(\"#ARNDT_STEINACKER\").on('click', function(event){<!-- [et_pb_line_break_holder] --><!-- [et_pb_line_break_holder] -->        DiviArea.show('#team_popup');<!-- [et_pb_line_break_holder] -->        $(\"#team_popup_bild\").attr(\"src\", \"https:\/\/www.teikeicoffee.org\/wp-content\/uploads\/2021\/01\/teikei_team7-min-scaled.jpg\");<!-- [et_pb_line_break_holder] -->        <!-- [et_pb_line_break_holder] -->        $(\"#team_titel\").html(\"\");<!-- [et_pb_line_break_holder] -->        $(\"#team_desc\").html(\"\");<!-- [et_pb_line_break_holder] -->        $(\"#team_titel\").append(\"<\/pee><!-- [et_pb_line_break_holder] --><\/p>\n<h3>ARNDT STEINACKER<\/h3>\n<p><!-- [et_pb_line_break_holder] --><pee>\");<!-- [et_pb_line_break_holder] -->        $(\"#team_titel\").append(\"<\/pee><!-- [et_pb_line_break_holder] --><pee class='p1'>Gastronomia<\/pee><!-- [et_pb_line_break_holder] --><pee>\");<!-- [et_pb_line_break_holder] -->        <!-- [et_pb_line_break_holder] -->        $(\"#team_desc\").append(\"Con el coraz\u00f3n en la mano y un ojo humanista para lo esencial, llena el caf\u00e9 de vida. Adem\u00e1s de sus principios rectores de justicia, conciencia medioambiental y uni\u00f3n social, para \u00e9l la vida debe, sobre todo, hacer feliz a la gente.\");<!-- [et_pb_line_break_holder] --><!-- [et_pb_line_break_holder] -->\t\t\t});<!-- [et_pb_line_break_holder] -->    });<!-- [et_pb_line_break_holder] -->})(jQuery);<!-- [et_pb_line_break_holder] --><\/script>[\/et_pb_code][\/et_pb_column][et_pb_column type=\u00bb1_5&#8243; _builder_version=\u00bb4.16&#8243; _module_preset=\u00bbdefault\u00bb global_colors_info=\u00bb{}\u00bb][\/et_pb_column][et_pb_column type=\u00bb1_5&#8243; _builder_version=\u00bb4.16&#8243; _module_preset=\u00bbdefault\u00bb global_colors_info=\u00bb{}\u00bb][\/et_pb_column][et_pb_column type=\u00bb1_5&#8243; _builder_version=\u00bb4.16&#8243; _module_preset=\u00bbdefault\u00bb global_colors_info=\u00bb{}\u00bb][\/et_pb_column][\/et_pb_row][\/et_pb_section][et_pb_section fb_built=\u00bb1&#8243; disabled_on=\u00bbon|on|on\u00bb admin_label=\u00bbTEAM Popup\u00bb module_id=\u00bbteam_popup\u00bb module_class=\u00bbps2id popup\u00bb _builder_version=\u00bb4.16&#8243; _module_preset=\u00bbdefault\u00bb width=\u00bb300px\u00bb custom_margin=\u00bb||||false|false\u00bb custom_padding=\u00bb20px|10px|20px|10px|true|true\u00bb da_is_popup=\u00bbon\u00bb da_popup_slug=\u00bbteam_popup\u00bb da_disable_devices=\u00bboff|off|off\u00bb disabled=\u00bbon\u00bb locked=\u00bboff\u00bb collapsed=\u00bbon\u00bb global_colors_info=\u00bb{}\u00bb da_exit_intent=\u00bboff\u00bb da_has_close=\u00bbon\u00bb da_alt_close=\u00bboff\u00bb da_dark_close=\u00bboff\u00bb da_not_modal=\u00bbon\u00bb da_is_singular=\u00bboff\u00bb da_with_loader=\u00bboff\u00bb da_has_shadow=\u00bbon\u00bb][et_pb_row _builder_version=\u00bb4.16&#8243; _module_preset=\u00bbdefault\u00bb width=\u00bb100%\u00bb max_width=\u00bb100%\u00bb module_alignment=\u00bbleft\u00bb custom_margin=\u00bb|auto||auto|false|false\u00bb global_colors_info=\u00bb{}\u00bb][et_pb_column type=\u00bb4_4&#8243; _builder_version=\u00bb4.16&#8243; _module_preset=\u00bbdefault\u00bb global_colors_info=\u00bb{}\u00bb][et_pb_code admin_label=\u00bbIMG\u00bb _builder_version=\u00bb4.16&#8243; _module_preset=\u00bbdefault\u00bb global_colors_info=\u00bb{}\u00bb]<img id=\"team_popup_bild\" style=\"float: center; max-width: 200px; display: block; margin: auto;\" \/>[\/et_pb_code][et_pb_text module_id=\u00bbteam_titel\u00bb _builder_version=\u00bb4.16&#8243; _module_preset=\u00bbdefault\u00bb text_font=\u00bbBariol||on||||||\u00bb text_text_color=\u00bb#000000&#8243; text_font_size=\u00bb10pt\u00bb text_line_height=\u00bb12pt\u00bb header_3_font=\u00bb|600|||||||\u00bb header_3_font_size=\u00bb12pt\u00bb header_3_line_height=\u00bb16pt\u00bb text_orientation=\u00bbjustified\u00bb custom_margin=\u00bb||||false|false\u00bb global_colors_info=\u00bb{}\u00bb]<\/p>\n<p id=\"glossar_popup_text\">Please enable Javascript&#8230;.<\/p>\n<p>[\/et_pb_text][et_pb_text module_id=\u00bbteam_desc\u00bb _builder_version=\u00bb4.16&#8243; _module_preset=\u00bbdefault\u00bb text_font=\u00bbBariol||||||||\u00bb text_text_color=\u00bb#000000&#8243; text_font_size=\u00bb12pt\u00bb text_line_height=\u00bb16pt\u00bb header_3_font=\u00bb|600|||||||\u00bb header_3_font_size=\u00bb12pt\u00bb header_3_line_height=\u00bb16pt\u00bb custom_margin=\u00bb||||false|false\u00bb global_colors_info=\u00bb{}\u00bb]<\/p>\n<p id=\"glossar_popup_text\">Please enable Javascript&#8230;.<\/p>\n<p>[\/et_pb_text][\/et_pb_column][\/et_pb_row][\/et_pb_section][et_pb_section fb_built=\u00bb1&#8243; disabled_on=\u00bbon|off|off\u00bb admin_label=\u00bbFAQ &#8211; DESKTOP\u00bb module_id=\u00bbfaq\u00bb module_class=\u00bbps2id\u00bb _builder_version=\u00bb4.16&#8243; _module_preset=\u00bbdefault\u00bb custom_margin=\u00bb1px||||false|false\u00bb custom_padding=\u00bb100px||||false|false\u00bb da_disable_devices=\u00bboff|off|off\u00bb border_width_bottom=\u00bb1px\u00bb border_color_bottom=\u00bb#000000&#8243; collapsed=\u00bboff\u00bb global_colors_info=\u00bb{}\u00bb da_is_popup=\u00bboff\u00bb da_exit_intent=\u00bboff\u00bb da_has_close=\u00bbon\u00bb da_alt_close=\u00bboff\u00bb da_dark_close=\u00bboff\u00bb da_not_modal=\u00bbon\u00bb da_is_singular=\u00bboff\u00bb da_with_loader=\u00bboff\u00bb da_has_shadow=\u00bbon\u00bb][et_pb_row column_structure=\u00bb1_3,1_3,1_3&#8243; _builder_version=\u00bb4.16&#8243; _module_preset=\u00bbdefault\u00bb width=\u00bb75%\u00bb width_tablet=\u00bb\u00bb width_phone=\u00bb\u00bb width_last_edited=\u00bbon|phone\u00bb max_width=\u00bb100%\u00bb custom_margin=\u00bb|10px|||false|false\u00bb module_alignment_tablet=\u00bb\u00bb module_alignment_phone=\u00bbcenter\u00bb module_alignment_last_edited=\u00bbon|phone\u00bb collapsed=\u00bboff\u00bb global_colors_info=\u00bb{}\u00bb][et_pb_column type=\u00bb1_3&#8243; _builder_version=\u00bb4.16&#8243; _module_preset=\u00bbdefault\u00bb border_color_all=\u00bbrgba(0,0,0,0)\u00bb global_colors_info=\u00bb{}\u00bb][et_pb_text module_class=\u00bbfaq_1_title\u00bb _builder_version=\u00bb4.16&#8243; _module_preset=\u00bbdefault\u00bb header_3_font=\u00bb|600|||||||\u00bb header_3_text_color=\u00bb#FFFFFF\u00bb header_3_font_size=\u00bb16pt\u00bb background_color=\u00bb#000000&#8243; text_orientation=\u00bbcenter\u00bb height=\u00bb95px\u00bb custom_margin=\u00bb||||false|false\u00bb custom_padding=\u00bb35px||0px||false|false\u00bb custom_css_main_element=\u00bbcursor: pointer!important;\u00bb border_width_all=\u00bb1px\u00bb border_color_all=\u00bb#000000&#8243; global_colors_info=\u00bb{}\u00bb]<\/p>\n<h3><span>PREGUNTAS SOBRE EL CAF\u00c9 TEIKEI<\/span><\/h3>\n<p>[\/et_pb_text][\/et_pb_column][et_pb_column type=\u00bb1_3&#8243; _builder_version=\u00bb4.16&#8243; _module_preset=\u00bbdefault\u00bb global_colors_info=\u00bb{}\u00bb][et_pb_text module_class=\u00bbfaq_2_title\u00bb _builder_version=\u00bb4.16&#8243; _module_preset=\u00bbdefault\u00bb header_3_font=\u00bb|600|||||||\u00bb header_3_text_color=\u00bb#FFFFFF\u00bb header_3_font_size=\u00bb16pt\u00bb background_color=\u00bb#000000&#8243; text_orientation=\u00bbcenter\u00bb height=\u00bb95px\u00bb custom_margin=\u00bb||||false|false\u00bb custom_padding=\u00bb35px||||false|false\u00bb custom_css_main_element=\u00bbcursor: pointer!important;\u00bb border_width_all=\u00bb1px\u00bb border_color_all=\u00bb#000000&#8243; global_colors_info=\u00bb{}\u00bb]<\/p>\n<h3>PREGUNTAG SOBRE EL PEDIDO<\/h3>\n<p>[\/et_pb_text][\/et_pb_column][et_pb_column type=\u00bb1_3&#8243; _builder_version=\u00bb4.16&#8243; _module_preset=\u00bbdefault\u00bb global_colors_info=\u00bb{}\u00bb][et_pb_text admin_label=\u00bbText\u00bb module_class=\u00bbfaq_3_title\u00bb _builder_version=\u00bb4.16&#8243; _module_preset=\u00bbdefault\u00bb header_3_font=\u00bb|600|||||||\u00bb header_3_text_color=\u00bb#FFFFFF\u00bb header_3_font_size=\u00bb16pt\u00bb header_3_line_height=\u00bb16pt\u00bb background_color=\u00bb#000000&#8243; text_orientation=\u00bbcenter\u00bb height=\u00bb95px\u00bb custom_margin=\u00bb||||false|false\u00bb custom_padding=\u00bb27pt|18px||18px|false|true\u00bb custom_css_main_element=\u00bbcursor: pointer!important;\u00bb border_width_all=\u00bb1px\u00bb border_color_all=\u00bb#000000&#8243; global_colors_info=\u00bb{}\u00bb]<\/p>\n<h3><span>PREGUNTAS SOBRE LA COMUNIDAD<\/span><\/h3>\n<p>[\/et_pb_text][\/et_pb_column][\/et_pb_row][et_pb_row column_structure=\u00bb1_3,1_3,1_3&#8243; _builder_version=\u00bb4.16&#8243; _module_preset=\u00bbdefault\u00bb width=\u00bb75%\u00bb width_tablet=\u00bb\u00bb width_phone=\u00bb\u00bb width_last_edited=\u00bbon|phone\u00bb max_width=\u00bb100%\u00bb custom_margin=\u00bb|10px|||false|false\u00bb module_alignment_tablet=\u00bb\u00bb module_alignment_phone=\u00bbcenter\u00bb module_alignment_last_edited=\u00bbon|phone\u00bb collapsed=\u00bboff\u00bb global_colors_info=\u00bb{}\u00bb][et_pb_column type=\u00bb1_3&#8243; module_class=\u00bbfaq_1&#8243; _builder_version=\u00bb4.16&#8243; _module_preset=\u00bbdefault\u00bb border_color_all=\u00bbrgba(0,0,0,0)\u00bb global_colors_info=\u00bb{}\u00bb][et_pb_divider show_divider=\u00bboff\u00bb _builder_version=\u00bb4.16&#8243; _module_preset=\u00bbdefault\u00bb global_colors_info=\u00bb{}\u00bb][\/et_pb_divider][et_pb_toggle title=\u00bb1. \u00bfQu\u00e9 es la Agricultura Apoyada por la Comunidad (CSA)?\u00bb open_toggle_text_color=\u00bb#000000&#8243; open_toggle_background_color=\u00bbrgba(0,0,0,0)\u00bb closed_toggle_text_color=\u00bb#000000&#8243; closed_toggle_background_color=\u00bbrgba(0,0,0,0)\u00bb icon_color=\u00bbrgba(0,0,0,0)\u00bb use_icon_font_size=\u00bbon\u00bb open_icon_color=\u00bbrgba(0,0,0,0)\u00bb open_use_icon_font_size=\u00bbon\u00bb _builder_version=\u00bb4.16&#8243; _module_preset=\u00bbdefault\u00bb title_text_color=\u00bb#000000&#8243; title_font=\u00bb|600|||||||\u00bb title_text_align=\u00bbleft\u00bb title_font_size=\u00bb14pt\u00bb title_line_height=\u00bb17pt\u00bb closed_title_font=\u00bb|600|||||||\u00bb closed_title_text_align=\u00bbleft\u00bb closed_title_font_size=\u00bb14pt\u00bb closed_title_line_height=\u00bb17pt\u00bb body_font=\u00bbBariol||||||||\u00bb body_text_align=\u00bbjustify\u00bb body_text_color=\u00bb#000000&#8243; body_font_size=\u00bb12pt\u00bb body_line_height=\u00bb16pt\u00bb custom_margin=\u00bb0px||0px||false|false\u00bb custom_padding=\u00bb10px||10px||true|false\u00bb border_color_all=\u00bbrgba(0,0,0,0)\u00bb global_colors_info=\u00bb{}\u00bb]<\/p>\n<p><span>La Agricultura Apoyada por la Comunidad (CSA) es una forma de econom\u00eda -simple pero revolucionaria- llamada Agricultura Solidaria en alem\u00e1n y teikei [t\u0190i&#8217;k\u0190i:] en japon\u00e9s. La gente se une para financiar la agricultura: Los consumidores financian a los agricultores para que cultiven y a cambio comparten la cosecha, es decir, los rendimientos y los riesgos de la cosecha se comparten de forma solidaria. La comunidad entre consumidores y agricultores es independiente del mercado y sus fluctuaciones, y se crea un intercambio estrecho y mecanismos de decisi\u00f3n equilibrados.<\/span><\/p>\n<p>[\/et_pb_toggle][et_pb_toggle title=\u00bb2. \u00bfPor qu\u00e9 un CSA para el caf\u00e9?\u00bb open_toggle_text_color=\u00bb#000000&#8243; open_toggle_background_color=\u00bbrgba(0,0,0,0)\u00bb closed_toggle_text_color=\u00bb#000000&#8243; closed_toggle_background_color=\u00bbrgba(0,0,0,0)\u00bb icon_color=\u00bbrgba(0,0,0,0)\u00bb use_icon_font_size=\u00bbon\u00bb open_icon_color=\u00bbrgba(0,0,0,0)\u00bb open_use_icon_font_size=\u00bbon\u00bb _builder_version=\u00bb4.16&#8243; _module_preset=\u00bbdefault\u00bb title_text_color=\u00bb#000000&#8243; title_font=\u00bb|600|||||||\u00bb title_text_align=\u00bbleft\u00bb title_font_size=\u00bb14pt\u00bb title_line_height=\u00bb17pt\u00bb closed_title_font=\u00bb|600|||||||\u00bb closed_title_text_align=\u00bbleft\u00bb closed_title_font_size=\u00bb14pt\u00bb closed_title_line_height=\u00bb17pt\u00bb body_font=\u00bbBariol||||||||\u00bb body_text_align=\u00bbjustify\u00bb body_text_color=\u00bb#000000&#8243; body_font_size=\u00bb12pt\u00bb body_line_height=\u00bb16pt\u00bb custom_margin=\u00bb0px||0px||false|false\u00bb custom_padding=\u00bb10px||10px||true|false\u00bb border_color_all=\u00bbrgba(0,0,0,0)\u00bb global_colors_info=\u00bb{}\u00bb]<\/p>\n<p><span>Normalmente, un CSA funciona como una agricultura regional para la alimentaci\u00f3n diaria. Nuestro objetivo es ampliarlo a otras zonas, en todo el mundo. Teikei Coffee es un proyecto que pretende reunir a los caficultores, los marineros, los tostadores y los consumidores en una relaci\u00f3n de solidaridad transparente. De este modo, se puede crear una econom\u00eda del caf\u00e9 que sea justa para las personas y la naturaleza. Las piedras angulares de esta econom\u00eda son los salarios justos, las rutas directas sin pasos intermedios innecesarios, los procesos respetuosos con el medio ambiente y el intercambio m\u00e1s cercano posible.<\/span><\/p>\n<p>[\/et_pb_toggle][et_pb_toggle title=\u00bb3. \u00bfQu\u00e9 est\u00e1 haciendo Teikei Coffee?\u00bb open_toggle_text_color=\u00bb#000000&#8243; open_toggle_background_color=\u00bbrgba(0,0,0,0)\u00bb closed_toggle_text_color=\u00bb#000000&#8243; closed_toggle_background_color=\u00bbrgba(0,0,0,0)\u00bb icon_color=\u00bbrgba(0,0,0,0)\u00bb use_icon_font_size=\u00bbon\u00bb open_icon_color=\u00bbrgba(0,0,0,0)\u00bb open_use_icon_font_size=\u00bbon\u00bb _builder_version=\u00bb4.16&#8243; _module_preset=\u00bbdefault\u00bb title_text_color=\u00bb#000000&#8243; title_font=\u00bb|600|||||||\u00bb title_text_align=\u00bbleft\u00bb title_font_size=\u00bb14pt\u00bb title_line_height=\u00bb17pt\u00bb closed_title_font=\u00bb|600|||||||\u00bb closed_title_text_align=\u00bbleft\u00bb closed_title_font_size=\u00bb14pt\u00bb closed_title_line_height=\u00bb17pt\u00bb body_font=\u00bbBariol||||||||\u00bb body_text_align=\u00bbjustify\u00bb body_text_color=\u00bb#000000&#8243; body_font_size=\u00bb12pt\u00bb body_line_height=\u00bb16pt\u00bb custom_margin=\u00bb0px||0px||false|false\u00bb custom_padding=\u00bb10px||10px||true|false\u00bb border_color_all=\u00bbrgba(0,0,0,0)\u00bb global_colors_info=\u00bb{}\u00bb]<\/p>\n<p class=\"p1\"><a href=\"https:\/\/www.teikeicoffee.org\/es\/dein-kaffee\/\"><\/a><\/p>\n<p><span>Teikei Coffee est\u00e1 construyendo una comunidad. Los principios de la agricultura solidaria sirven de gu\u00eda. En esta comunidad est\u00e1n los agricultores de Oaxaca, M\u00e9xico, los marineros de nuestros socios de la compa\u00f1\u00eda naviera Timbercoast, los tostadores de Europa y los consumidores que disfrutan del caf\u00e9. Como parte de la comunidad, no s\u00f3lo disfrutas de un caf\u00e9 de alta calidad. Con su afiliaci\u00f3n asegura la estabilidad financiera de todos los implicados y defiende una econom\u00eda cafetera sostenible. Apoyas nuevas formas de cultivo respetuosas con el medio ambiente y nuevas (viejas) v\u00edas de transporte en barco de vela. \u00bfC\u00f3mo formar parte de esta comunidad?, puedes informarte <a href=\"https:\/\/www.teikeicoffee.org\/es\/dein-kaffee\/\">aqu\u00ed<\/a>.<\/span><\/p>\n<p>[\/et_pb_toggle][et_pb_toggle title=\u00bb4. \u00bfEs el caf\u00e9 Teikei org\u00e1nico?\u00bb open_toggle_text_color=\u00bb#000000&#8243; open_toggle_background_color=\u00bbrgba(0,0,0,0)\u00bb closed_toggle_text_color=\u00bb#000000&#8243; closed_toggle_background_color=\u00bbrgba(0,0,0,0)\u00bb icon_color=\u00bbrgba(0,0,0,0)\u00bb use_icon_font_size=\u00bbon\u00bb open_icon_color=\u00bbrgba(0,0,0,0)\u00bb open_use_icon_font_size=\u00bbon\u00bb _builder_version=\u00bb4.16&#8243; _module_preset=\u00bbdefault\u00bb title_text_color=\u00bb#000000&#8243; title_font=\u00bb|600|||||||\u00bb title_text_align=\u00bbleft\u00bb title_font_size=\u00bb14pt\u00bb title_line_height=\u00bb17pt\u00bb closed_title_font=\u00bb|600|||||||\u00bb closed_title_text_align=\u00bbleft\u00bb closed_title_font_size=\u00bb14pt\u00bb closed_title_line_height=\u00bb17pt\u00bb body_font=\u00bbBariol||||||||\u00bb body_text_align=\u00bbjustify\u00bb body_text_color=\u00bb#000000&#8243; body_font_size=\u00bb12pt\u00bb body_line_height=\u00bb16pt\u00bb custom_margin=\u00bb0px||0px||false|false\u00bb custom_padding=\u00bb10px||10px||true|false\u00bb border_color_all=\u00bbrgba(0,0,0,0)\u00bb global_colors_info=\u00bb{}\u00bb]<\/p>\n<p><span>El Caf\u00e9 Teikei lleva el certificado org\u00e1nico como \u00abcomerciante\u00bb, en todos los pasos prestamos atenci\u00f3n a un procesamiento limpio, humano y respetuoso con el medio ambiente. No todos nuestros agricultores llevan el certificado en el cultivo, por lo que no podemos llevar el sello ecol\u00f3gico en la bolsa. No obstante, cada cosecha se somete a un control de contaminantes para garantizar que el caf\u00e9 no est\u00e9 contaminado.<\/span><\/p>\n<p>[\/et_pb_toggle][et_pb_toggle title=\u00bb5. \u00bfEl caf\u00e9 Teikei es de comercio justo?\u00bb open_toggle_text_color=\u00bb#000000&#8243; open_toggle_background_color=\u00bbrgba(0,0,0,0)\u00bb closed_toggle_text_color=\u00bb#000000&#8243; closed_toggle_background_color=\u00bbrgba(0,0,0,0)\u00bb icon_color=\u00bbrgba(0,0,0,0)\u00bb use_icon_font_size=\u00bbon\u00bb open_icon_color=\u00bbrgba(0,0,0,0)\u00bb open_use_icon_font_size=\u00bbon\u00bb _builder_version=\u00bb4.16&#8243; _module_preset=\u00bbdefault\u00bb title_text_color=\u00bb#000000&#8243; title_font=\u00bb|600|||||||\u00bb title_text_align=\u00bbleft\u00bb title_font_size=\u00bb14pt\u00bb title_line_height=\u00bb17pt\u00bb closed_title_font=\u00bb|600|||||||\u00bb closed_title_text_align=\u00bbleft\u00bb closed_title_font_size=\u00bb14pt\u00bb closed_title_line_height=\u00bb17pt\u00bb body_font=\u00bbBariol||||||||\u00bb body_text_align=\u00bbjustify\u00bb body_text_color=\u00bb#000000&#8243; body_font_size=\u00bb12pt\u00bb body_line_height=\u00bb16pt\u00bb custom_margin=\u00bb0px||0px||false|false\u00bb custom_padding=\u00bb10px||10px||true|false\u00bb border_color_all=\u00bbrgba(0,0,0,0)\u00bb global_colors_info=\u00bb{}\u00bb]<\/p>\n<p><span>El comercio justo es una parte integral de nuestra declaraci\u00f3n de intenciones. Los salarios y las estructuras justas son nuestro principio rector. Para nosotros, el dinero no es un fin en s\u00ed mismo, sino un medio para conseguir que la industria del caf\u00e9 sea justa para todos los implicados. Sin embargo, no tenemos un certificado de Comercio Justo. Queremos establecer nuestra propia forma de comercio, con nuestros propios principios y normas. No dude en ponerse en contacto con nosotros si quiere profundizar en este tema.<\/span><\/p>\n<p>[\/et_pb_toggle][et_pb_toggle title=\u00bb6. \u00bfQu\u00e9 es un riesgo de cosecha y c\u00f3mo lo asumo?\u00bb open_toggle_text_color=\u00bb#000000&#8243; open_toggle_background_color=\u00bbrgba(0,0,0,0)\u00bb closed_toggle_text_color=\u00bb#000000&#8243; closed_toggle_background_color=\u00bbrgba(0,0,0,0)\u00bb icon_color=\u00bbrgba(0,0,0,0)\u00bb use_icon_font_size=\u00bbon\u00bb open_icon_color=\u00bbrgba(0,0,0,0)\u00bb open_use_icon_font_size=\u00bbon\u00bb _builder_version=\u00bb4.16&#8243; _module_preset=\u00bbdefault\u00bb title_text_color=\u00bb#000000&#8243; title_font=\u00bb|600|||||||\u00bb title_text_align=\u00bbleft\u00bb title_font_size=\u00bb14pt\u00bb title_line_height=\u00bb17pt\u00bb closed_title_font=\u00bb|600|||||||\u00bb closed_title_text_align=\u00bbleft\u00bb closed_title_font_size=\u00bb14pt\u00bb closed_title_line_height=\u00bb17pt\u00bb body_font=\u00bbBariol||||||||\u00bb body_text_align=\u00bbjustify\u00bb body_font_size=\u00bb12pt\u00bb body_line_height=\u00bb16pt\u00bb custom_margin=\u00bb0px||0px||false|false\u00bb custom_padding=\u00bb10px||10px||true|false\u00bb border_color_all=\u00bbrgba(0,0,0,0)\u00bb global_colors_info=\u00bb{}\u00bb]<\/p>\n<p><span>Hay muchos riesgos incontrolables en la agricultura: los da\u00f1os a las cosechas se producen por el clima extremo, los insectos, las enfermedades, etc. Muchos de estos factores est\u00e1n estrechamente relacionados con el cambio clim\u00e1tico, que podr\u00eda afectar negativamente a la agricultura. En muchos lugares, los agricultores cargan con estos riesgos sobre sus hombros. Una buena cosecha significa una base de suministro segura para el agricultor y su familia. Sin embargo, una mala cosecha puede amenazar r\u00e1pidamente la existencia del agricultor. No queremos que los agricultores carguen con todo el riesgo de la cosecha sobre sus hombros, sino que nos gustar\u00eda compartir este riesgo con un esp\u00edritu de solidaridad. Actualmente trabajamos con un precio por kilo en el que el riesgo est\u00e1 valuado. Usted recibe exactamente la cantidad que ha pagado.<\/span><\/p>\n<p>[\/et_pb_toggle][et_pb_toggle title=\u00bb7. \u00bfD\u00f3nde se cultiva el caf\u00e9?\u00bb open_toggle_text_color=\u00bb#000000&#8243; open_toggle_background_color=\u00bbrgba(0,0,0,0)\u00bb closed_toggle_text_color=\u00bb#000000&#8243; closed_toggle_background_color=\u00bbrgba(0,0,0,0)\u00bb icon_color=\u00bbrgba(0,0,0,0)\u00bb use_icon_font_size=\u00bbon\u00bb open_icon_color=\u00bbrgba(0,0,0,0)\u00bb open_use_icon_font_size=\u00bbon\u00bb _builder_version=\u00bb4.16&#8243; _module_preset=\u00bbdefault\u00bb title_text_color=\u00bb#000000&#8243; title_font=\u00bb|600|||||||\u00bb title_text_align=\u00bbleft\u00bb title_font_size=\u00bb14pt\u00bb title_line_height=\u00bb17pt\u00bb closed_title_font=\u00bb|600|||||||\u00bb closed_title_text_align=\u00bbleft\u00bb closed_title_font_size=\u00bb14pt\u00bb closed_title_line_height=\u00bb17pt\u00bb body_font=\u00bbBariol||||||||\u00bb body_text_align=\u00bbjustify\u00bb body_text_color=\u00bb#000000&#8243; body_font_size=\u00bb12pt\u00bb body_line_height=\u00bb16pt\u00bb custom_margin=\u00bb0px||0px||false|false\u00bb custom_padding=\u00bb10px||10px||true|false\u00bb border_color_all=\u00bbrgba(0,0,0,0)\u00bb global_colors_info=\u00bb{}\u00bb]<\/p>\n<p><span>El caf\u00e9 Teikei se cultiva en Oaxaca, M\u00e9xico. Trabajamos con dos cooperativas en particular. Conoce m\u00e1s sobre nuestro trabajo en M\u00e9xico <a href=\"https:\/\/www.teikeicoffee.org\/es\/projekt\/\">aqu\u00ed<\/a>.<\/span><\/p>\n<p>[\/et_pb_toggle][et_pb_toggle title=\u00bb8. \u00bfC\u00f3mo se transporta el caf\u00e9?\u00bb open_toggle_text_color=\u00bb#000000&#8243; open_toggle_background_color=\u00bbrgba(0,0,0,0)\u00bb closed_toggle_text_color=\u00bb#000000&#8243; closed_toggle_background_color=\u00bbrgba(0,0,0,0)\u00bb icon_color=\u00bbrgba(0,0,0,0)\u00bb use_icon_font_size=\u00bbon\u00bb open_icon_color=\u00bbrgba(0,0,0,0)\u00bb open_use_icon_font_size=\u00bbon\u00bb _builder_version=\u00bb4.16&#8243; _module_preset=\u00bbdefault\u00bb title_text_color=\u00bb#000000&#8243; title_font=\u00bb|600|||||||\u00bb title_text_align=\u00bbleft\u00bb title_font_size=\u00bb14pt\u00bb title_line_height=\u00bb17pt\u00bb closed_title_font=\u00bb|600|||||||\u00bb closed_title_text_align=\u00bbleft\u00bb closed_title_font_size=\u00bb14pt\u00bb closed_title_line_height=\u00bb17pt\u00bb body_font=\u00bbBariol||||||||\u00bb body_text_align=\u00bbjustify\u00bb body_text_color=\u00bb#000000&#8243; body_font_size=\u00bb12pt\u00bb body_line_height=\u00bb16pt\u00bb custom_margin=\u00bb0px||0px||false|false\u00bb custom_padding=\u00bb10px||10px||true|false\u00bb border_color_all=\u00bbrgba(0,0,0,0)\u00bb global_colors_info=\u00bb{}\u00bb]<\/p>\n<p><span>El caf\u00e9 se transporta en barco de vela desde M\u00e9xico hasta Alemania. Una forma de transporte lamentablemente inusual hoy en d\u00eda, por la que queremos dar la cara y no escatimar en gastos ni esfuerzos. Vale la pena leer m\u00e1s al respecto <a href=\"https:\/\/www.teikeicoffee.org\/es\/projekt\/\">aqu\u00ed<\/a>.<\/span><\/p>\n<p>[\/et_pb_toggle][et_pb_toggle title=\u00bb9. \u00bfD\u00f3nde se tuesta el caf\u00e9?\u00bb open_toggle_text_color=\u00bb#000000&#8243; open_toggle_background_color=\u00bbrgba(0,0,0,0)\u00bb closed_toggle_text_color=\u00bb#000000&#8243; closed_toggle_background_color=\u00bbrgba(0,0,0,0)\u00bb icon_color=\u00bbrgba(0,0,0,0)\u00bb use_icon_font_size=\u00bbon\u00bb open_icon_color=\u00bbrgba(0,0,0,0)\u00bb open_use_icon_font_size=\u00bbon\u00bb _builder_version=\u00bb4.16&#8243; _module_preset=\u00bbdefault\u00bb title_text_color=\u00bb#000000&#8243; title_font=\u00bb|600|||||||\u00bb title_text_align=\u00bbleft\u00bb title_font_size=\u00bb14pt\u00bb title_line_height=\u00bb17pt\u00bb closed_title_font=\u00bb|600|||||||\u00bb closed_title_text_align=\u00bbleft\u00bb closed_title_font_size=\u00bb14pt\u00bb closed_title_line_height=\u00bb17pt\u00bb body_font=\u00bbBariol||||||||\u00bb body_text_align=\u00bbjustify\u00bb body_text_color=\u00bb#000000&#8243; body_font_size=\u00bb12pt\u00bb body_line_height=\u00bb16pt\u00bb custom_margin=\u00bb0px||0px||false|false\u00bb custom_padding=\u00bb10px||10px||true|false\u00bb border_color_all=\u00bbrgba(0,0,0,0)\u00bb global_colors_info=\u00bb{}\u00bb]<\/p>\n<p><span>Tostamos en Alemania y Suiza. <\/span><span>En Alemania, lo tostamos en Docklands Coffee, en Seevetal, cerca de Hamburgo. En Suiza, tostamos en Berna, en Adrianos, y en el tostador Hochstrasser, en Lucerna. <\/span><span>Lea m\u00e1s sobre nuestras instalaciones de tueste <a href=\"https:\/\/www.teikeicoffee.org\/es\/projekt\/\">aqu\u00ed<\/a>. <\/span><\/p>\n<p>[\/et_pb_toggle][et_pb_toggle title=\u00bb10. \u00bfC\u00f3mo puedo participar?\u00bb open_toggle_text_color=\u00bb#000000&#8243; open_toggle_background_color=\u00bbrgba(0,0,0,0)\u00bb closed_toggle_text_color=\u00bb#000000&#8243; closed_toggle_background_color=\u00bbrgba(0,0,0,0)\u00bb icon_color=\u00bbrgba(0,0,0,0)\u00bb use_icon_font_size=\u00bbon\u00bb open_icon_color=\u00bbrgba(0,0,0,0)\u00bb open_use_icon_font_size=\u00bbon\u00bb _builder_version=\u00bb4.16&#8243; _module_preset=\u00bbdefault\u00bb title_text_color=\u00bb#000000&#8243; title_font=\u00bb|600|||||||\u00bb title_text_align=\u00bbleft\u00bb title_font_size=\u00bb14pt\u00bb title_line_height=\u00bb17pt\u00bb closed_title_font=\u00bb|600|||||||\u00bb closed_title_text_align=\u00bbleft\u00bb closed_title_font_size=\u00bb14pt\u00bb closed_title_line_height=\u00bb17pt\u00bb body_font=\u00bbBariol||||||||\u00bb body_text_align=\u00bbjustify\u00bb body_text_color=\u00bb#000000&#8243; body_font_size=\u00bb12pt\u00bb body_line_height=\u00bb16pt\u00bb custom_margin=\u00bb0px||0px||false|false\u00bb custom_padding=\u00bb10px||10px||true|false\u00bb border_color_all=\u00bbrgba(0,0,0,0)\u00bb global_colors_info=\u00bb{}\u00bb]<\/p>\n<p><span>Teikei Coffee vive a trav\u00e9s de sus miembros. En un futuro pr\u00f3ximo, nos organizaremos como cooperativa. Cuando llegue ese momento, podr\u00e1s formar parte de ella e implicarte en los grupos de trabajo para una econom\u00eda cafetera sostenible. Ya puedes dar tu primer paso en la comunidad tomando caf\u00e9 Teikei. Ap\u00fantate a una suscripci\u00f3n con nosotros. Lo llamamos \u00abcuota de cosecha\u00bb, o sea, tu parte de la cosecha de la comunidad del Caf\u00e9 Teikei. Puedes hacerlo <a href=\"https:\/\/www.teikeicoffee.org\/es\/dein-kaffee\/\">aqu\u00ed<\/a>. <\/span><a href=\"https:\/\/www.teikeicoffee.org\/es\/dein-kaffee\/\"><\/a><\/p>\n<p>[\/et_pb_toggle][et_pb_toggle title=\u00bb11. \u00bfQu\u00e9 es el Cafeteria Teikei?\u00bb open_toggle_text_color=\u00bb#000000&#8243; open_toggle_background_color=\u00bbrgba(0,0,0,0)\u00bb closed_toggle_text_color=\u00bb#000000&#8243; closed_toggle_background_color=\u00bbrgba(0,0,0,0)\u00bb icon_color=\u00bbrgba(0,0,0,0)\u00bb use_icon_font_size=\u00bbon\u00bb open_icon_color=\u00bbrgba(0,0,0,0)\u00bb open_use_icon_font_size=\u00bbon\u00bb _builder_version=\u00bb4.16&#8243; _module_preset=\u00bbdefault\u00bb title_text_color=\u00bb#000000&#8243; title_font=\u00bb|600|||||||\u00bb title_text_align=\u00bbleft\u00bb title_font_size=\u00bb14pt\u00bb title_line_height=\u00bb17pt\u00bb closed_title_font=\u00bb|600|||||||\u00bb closed_title_text_align=\u00bbleft\u00bb closed_title_font_size=\u00bb14pt\u00bb closed_title_line_height=\u00bb17pt\u00bb body_font=\u00bbBariol||||||||\u00bb body_text_align=\u00bbjustify\u00bb body_text_color=\u00bb#000000&#8243; body_font_size=\u00bb12pt\u00bb body_line_height=\u00bb16pt\u00bb custom_margin=\u00bb0px||0px||false|false\u00bb custom_padding=\u00bb10px||10px||true|false\u00bb border_color_all=\u00bbrgba(0,0,0,0)\u00bb global_colors_info=\u00bb{}\u00bb]<\/p>\n<p><span>El Caf\u00e9teria Teikei hace tangible la comunidad y la historia del Caf\u00e9 Teikei. Servimos caf\u00e9 Teikei cuidadosamente elaborado con deliciosa comida org\u00e1nica y estamos encantados de entablar una conversaci\u00f3n contigo. Nuestro primer y hasta ahora \u00fanico Teikei Caf\u00e9 est\u00e1 situado en Marktstra\u00dfe 25, 20357 Hamburgo. Esperamos su visita.<\/span><\/p>\n<p>[\/et_pb_toggle][\/et_pb_column][et_pb_column type=\u00bb1_3&#8243; module_class=\u00bbfaq_2&#8243; _builder_version=\u00bb4.16&#8243; _module_preset=\u00bbdefault\u00bb global_colors_info=\u00bb{}\u00bb][et_pb_divider show_divider=\u00bboff\u00bb _builder_version=\u00bb4.16&#8243; _module_preset=\u00bbdefault\u00bb global_colors_info=\u00bb{}\u00bb][\/et_pb_divider][et_pb_toggle title=\u00bb1. \u00bfC\u00f3mo se consigue el Caf\u00e9 Teikei? \u00bfTengo que ser miembro?\u00bb open_toggle_text_color=\u00bb#000000&#8243; open_toggle_background_color=\u00bbrgba(0,0,0,0)\u00bb closed_toggle_text_color=\u00bb#000000&#8243; closed_toggle_background_color=\u00bbrgba(0,0,0,0)\u00bb icon_color=\u00bbrgba(0,0,0,0)\u00bb use_icon_font_size=\u00bbon\u00bb open_icon_color=\u00bbrgba(0,0,0,0)\u00bb open_use_icon_font_size=\u00bbon\u00bb _builder_version=\u00bb4.16&#8243; _module_preset=\u00bbdefault\u00bb title_text_color=\u00bb#000000&#8243; title_font=\u00bb|600|||||||\u00bb title_text_align=\u00bbleft\u00bb title_font_size=\u00bb14pt\u00bb title_line_height=\u00bb17pt\u00bb closed_title_font=\u00bb|600|||||||\u00bb closed_title_text_align=\u00bbleft\u00bb closed_title_font_size=\u00bb14pt\u00bb closed_title_line_height=\u00bb17pt\u00bb body_font=\u00bbBariol||||||||\u00bb body_text_align=\u00bbjustify\u00bb body_text_color=\u00bb#000000&#8243; body_font_size=\u00bb12pt\u00bb body_line_height=\u00bb16pt\u00bb custom_margin=\u00bb0px||0px||false|false\u00bb custom_padding=\u00bb10px||10px||true|false\u00bb border_color_all=\u00bbrgba(0,0,0,0)\u00bb global_colors_info=\u00bb{}\u00bb]<\/p>\n<p>Puedes disfrutar del Caf\u00e9 Teikei a trav\u00e9s de diferentes canales, pero no es necesario que seas miembro de Teikei Coffee.<\/p>\n<p>1. suscr\u00edbete y convi\u00e9rtete en miembro de la comunidad de Teikei Coffee. Esto es lo m\u00e1s acorde con nuestra filosof\u00eda. Aqu\u00ed puedes responsabilizarte y disfrutar del caf\u00e9 de forma m\u00e1s directa y barata.<\/p>\n<p>2. Ordena como no miembro en nuestra tienda de degustaci\u00f3n online. De forma sencilla, f\u00e1cil y r\u00e1pida puedes pedir una peque\u00f1a cantidad de Caf\u00e9 Teikei para probar primero si te gusta el caf\u00e9 antes de formar parte de la comunidad.<span>\u00a0\u00a0\u00a0\u00a0\u00a0\u00a0 <\/span><\/p>\n<p>[\/et_pb_toggle][et_pb_toggle title=\u00bb2. \u00bfC\u00f3mo me suscribo a la comunidad de Caf\u00e9 Teikei?\u00bb open_toggle_text_color=\u00bb#000000&#8243; open_toggle_background_color=\u00bbrgba(0,0,0,0)\u00bb closed_toggle_text_color=\u00bb#000000&#8243; closed_toggle_background_color=\u00bbrgba(0,0,0,0)\u00bb icon_color=\u00bbrgba(0,0,0,0)\u00bb use_icon_font_size=\u00bbon\u00bb open_icon_color=\u00bbrgba(0,0,0,0)\u00bb open_use_icon_font_size=\u00bbon\u00bb _builder_version=\u00bb4.16&#8243; _module_preset=\u00bbdefault\u00bb title_text_color=\u00bb#000000&#8243; title_font=\u00bb|600|||||||\u00bb title_text_align=\u00bbleft\u00bb title_font_size=\u00bb14pt\u00bb title_line_height=\u00bb17pt\u00bb closed_title_font=\u00bb|600|||||||\u00bb closed_title_text_align=\u00bbleft\u00bb closed_title_font_size=\u00bb14pt\u00bb closed_title_line_height=\u00bb17pt\u00bb body_font=\u00bbBariol||||||||\u00bb body_text_align=\u00bbjustify\u00bb body_text_color=\u00bb#000000&#8243; body_font_size=\u00bb12pt\u00bb body_line_height=\u00bb16pt\u00bb custom_margin=\u00bb0px||0px||false|false\u00bb custom_padding=\u00bb10px||10px||true|false\u00bb border_color_all=\u00bbrgba(0,0,0,0)\u00bb global_colors_info=\u00bb{}\u00bb]<\/p>\n<p><a href=\"https:\/\/www.teikeicoffee.org\/es\/dein-kaffee\/\">Aqu\u00ed<\/a> puedes suscribirte a tu propio caf\u00e9. Tienes la opci\u00f3n de comprar una suscripci\u00f3n individual y recibir el caf\u00e9 directamente en tu casa o puedes comprar una suscripci\u00f3n comunitaria y recoger el caf\u00e9 en un punto de distribuci\u00f3n de tu comunidad.<\/p>\n<p>Siempre lo entregamos en sacos de 1 kg o en contenedores de 10 kg sin envasar. Entregamos el caf\u00e9 de forma mensual, bimensual o trimestral. Recomendamos la entrega trimestral. Entregamos en su casa o comunidad dentro de una semana de cada tueste.<\/p>\n<p>Usted siempre paga por un a\u00f1o. Simplemente calcule su suministro anual aproximado y p\u00e1guelo cuando haga su pedido. No se preocupe, puede ajustar la cantidad de entrega a lo largo del a\u00f1o si se da cuenta de que bebe menos o m\u00e1s caf\u00e9.<\/p>\n<p>[\/et_pb_toggle][et_pb_toggle title=\u00bb3. \u00bfCu\u00e1ndo tengo que hacer el pedido?\u00bb open_toggle_text_color=\u00bb#000000&#8243; open_toggle_background_color=\u00bbrgba(0,0,0,0)\u00bb closed_toggle_text_color=\u00bb#000000&#8243; closed_toggle_background_color=\u00bbrgba(0,0,0,0)\u00bb icon_color=\u00bbrgba(0,0,0,0)\u00bb use_icon_font_size=\u00bbon\u00bb open_icon_color=\u00bbrgba(0,0,0,0)\u00bb open_use_icon_font_size=\u00bbon\u00bb _builder_version=\u00bb4.16&#8243; _module_preset=\u00bbdefault\u00bb title_text_color=\u00bb#000000&#8243; title_font=\u00bb|600|||||||\u00bb title_text_align=\u00bbleft\u00bb title_font_size=\u00bb14pt\u00bb title_line_height=\u00bb17pt\u00bb closed_title_font=\u00bb|600|||||||\u00bb closed_title_text_align=\u00bbleft\u00bb closed_title_font_size=\u00bb14pt\u00bb closed_title_line_height=\u00bb17pt\u00bb body_font=\u00bbBariol||||||||\u00bb body_text_align=\u00bbjustify\u00bb body_text_color=\u00bb#000000&#8243; body_font_size=\u00bb12pt\u00bb body_line_height=\u00bb16pt\u00bb custom_margin=\u00bb0px||0px||false|false\u00bb custom_padding=\u00bb10px||10px||true|false\u00bb border_color_all=\u00bbrgba(0,0,0,0)\u00bb global_colors_info=\u00bb{}\u00bb]<\/p>\n<p>Un a\u00f1o de cosecha siempre empieza y termina para nosotros en julio. Es el mes en el que llega el velero con nuestra cosecha. Sin embargo, puedes formar parte de la comunidad del Caf\u00e9 Teikei en cualquier momento. As\u00ed que puedes suscribirte en cualquier mes del a\u00f1o y disfrutar de la primera entrega de Caf\u00e9 Teikei ya en el mes siguiente.<\/p>\n<p>[\/et_pb_toggle][et_pb_toggle title=\u00bb4. \u00bfPuedo cancelar mi suscripci\u00f3n?\u00bb open_toggle_text_color=\u00bb#000000&#8243; open_toggle_background_color=\u00bbrgba(0,0,0,0)\u00bb closed_toggle_text_color=\u00bb#000000&#8243; closed_toggle_background_color=\u00bbrgba(0,0,0,0)\u00bb icon_color=\u00bbrgba(0,0,0,0)\u00bb use_icon_font_size=\u00bbon\u00bb open_icon_color=\u00bbrgba(0,0,0,0)\u00bb open_use_icon_font_size=\u00bbon\u00bb _builder_version=\u00bb4.16&#8243; _module_preset=\u00bbdefault\u00bb title_text_color=\u00bb#000000&#8243; title_font=\u00bb|600|||||||\u00bb title_text_align=\u00bbleft\u00bb title_font_size=\u00bb14pt\u00bb title_line_height=\u00bb17pt\u00bb closed_title_font=\u00bb|600|||||||\u00bb closed_title_text_align=\u00bbleft\u00bb closed_title_font_size=\u00bb14pt\u00bb closed_title_line_height=\u00bb17pt\u00bb body_font=\u00bbBariol||||||||\u00bb body_text_align=\u00bbjustify\u00bb body_text_color=\u00bb#000000&#8243; body_font_size=\u00bb12pt\u00bb body_line_height=\u00bb16pt\u00bb custom_margin=\u00bb0px||0px||false|false\u00bb custom_padding=\u00bb10px||10px||true|false\u00bb border_color_all=\u00bbrgba(0,0,0,0)\u00bb global_colors_info=\u00bb{}\u00bb]<\/p>\n<div class=\"lmt__inner_textarea_container\" title=\"Ein Wort anklicken, um weitere \u00dcbersetzungen zu sehen\">\n<div class=\"lmt__textarea_base_style\">\n<p>Una suscripci\u00f3n siempre tiene una duraci\u00f3n de un a\u00f1o. Sin embargo, en casos especiales tambi\u00e9n aceptamos cancelaciones dentro del a\u00f1o y reembolsamos el importe restante. No dude en ponerse en contacto con nosotros.<\/p>\n<\/div>\n<\/div>\n<p class=\"p1\">[\/et_pb_toggle][et_pb_toggle title=\u00bb5. \u00bfCu\u00e1nto dura una suscripci\u00f3n y se renueva autom\u00e1ticamente?\u00bb open_toggle_text_color=\u00bb#000000&#8243; open_toggle_background_color=\u00bbrgba(0,0,0,0)\u00bb closed_toggle_text_color=\u00bb#000000&#8243; closed_toggle_background_color=\u00bbrgba(0,0,0,0)\u00bb icon_color=\u00bbrgba(0,0,0,0)\u00bb use_icon_font_size=\u00bbon\u00bb open_icon_color=\u00bbrgba(0,0,0,0)\u00bb open_use_icon_font_size=\u00bbon\u00bb _builder_version=\u00bb4.16&#8243; _module_preset=\u00bbdefault\u00bb title_text_color=\u00bb#000000&#8243; title_font=\u00bb|600|||||||\u00bb title_text_align=\u00bbleft\u00bb title_font_size=\u00bb14pt\u00bb title_line_height=\u00bb17pt\u00bb closed_title_font=\u00bb|600|||||||\u00bb closed_title_text_align=\u00bbleft\u00bb closed_title_font_size=\u00bb14pt\u00bb closed_title_line_height=\u00bb17pt\u00bb body_font=\u00bbBariol||||||||\u00bb body_text_align=\u00bbjustify\u00bb body_text_color=\u00bb#000000&#8243; body_font_size=\u00bb12pt\u00bb body_line_height=\u00bb16pt\u00bb custom_margin=\u00bb0px||0px||false|false\u00bb custom_padding=\u00bb10px||10px||true|false\u00bb border_color_all=\u00bbrgba(0,0,0,0)\u00bb global_colors_info=\u00bb{}\u00bb]<\/p>\n<div><span lang=\"EN\">La suscripci\u00f3n es siempre por un a\u00f1o. Usted paga por adelantado 4, 6 o 12 entregas al a\u00f1o, dependiendo del ritmo de entrega deseado. Despu\u00e9s de recibir la \u00faltima entrega, recibir\u00e1 un correo electr\u00f3nico nuestro pregunt\u00e1ndole si desea renovar su suscripci\u00f3n. La renovaci\u00f3n autom\u00e1tica no est\u00e1 prevista por defecto, pero estaremos encantados de configurarla para usted si lo desea.<span>\u00a0 <\/span><\/span><\/div>\n<p>[\/et_pb_toggle][et_pb_toggle title=\u00bb6. \u00bfPor qu\u00e9 merece la pena suscribirse en comunidad?\u00bb open_toggle_text_color=\u00bb#000000&#8243; open_toggle_background_color=\u00bbrgba(0,0,0,0)\u00bb closed_toggle_text_color=\u00bb#000000&#8243; closed_toggle_background_color=\u00bbrgba(0,0,0,0)\u00bb icon_color=\u00bbrgba(0,0,0,0)\u00bb use_icon_font_size=\u00bbon\u00bb open_icon_color=\u00bbrgba(0,0,0,0)\u00bb open_use_icon_font_size=\u00bbon\u00bb _builder_version=\u00bb4.16&#8243; _module_preset=\u00bbdefault\u00bb title_text_color=\u00bb#000000&#8243; title_font=\u00bb|600|||||||\u00bb title_text_align=\u00bbleft\u00bb title_font_size=\u00bb14pt\u00bb title_line_height=\u00bb17pt\u00bb closed_title_font=\u00bb|600|||||||\u00bb closed_title_text_align=\u00bbleft\u00bb closed_title_font_size=\u00bb14pt\u00bb closed_title_line_height=\u00bb17pt\u00bb body_font=\u00bbBariol||||||||\u00bb body_text_align=\u00bbjustify\u00bb body_font_size=\u00bb12pt\u00bb body_line_height=\u00bb16pt\u00bb custom_margin=\u00bb0px||0px||false|false\u00bb custom_padding=\u00bb10px||10px||true|false\u00bb border_color_all=\u00bbrgba(0,0,0,0)\u00bb global_colors_info=\u00bb{}\u00bb]<\/p>\n<p>La suscripci\u00f3n a la comunidad tiene muchas ventajas y es el modelo preferido. Tiene la oportunidad de intercambiar ideas con otros miembros y conocer gente nueva. Agrupas tus env\u00edos y ahorras material de env\u00edo y empaques innecesario. Esto no s\u00f3lo protege el medio ambiente sino tambi\u00e9n tu cartera, porque en la comunidad la suscripci\u00f3n es m\u00e1s barata.<\/p>\n<p>[\/et_pb_toggle][et_pb_toggle title=\u00bb7. \u00bfCu\u00e1l es el costo del caf\u00e9 Teikei y c\u00f3mo se calcula el precio?\u00bb open_toggle_text_color=\u00bb#000000&#8243; open_toggle_background_color=\u00bbrgba(0,0,0,0)\u00bb closed_toggle_text_color=\u00bb#000000&#8243; closed_toggle_background_color=\u00bbrgba(0,0,0,0)\u00bb icon_color=\u00bbrgba(0,0,0,0)\u00bb use_icon_font_size=\u00bbon\u00bb open_icon_color=\u00bbrgba(0,0,0,0)\u00bb open_use_icon_font_size=\u00bbon\u00bb _builder_version=\u00bb4.16&#8243; _module_preset=\u00bbdefault\u00bb title_text_color=\u00bb#000000&#8243; title_font=\u00bb|600|||||||\u00bb title_text_align=\u00bbleft\u00bb title_font_size=\u00bb14pt\u00bb title_line_height=\u00bb17pt\u00bb closed_title_font=\u00bb|600|||||||\u00bb closed_title_text_align=\u00bbleft\u00bb closed_title_font_size=\u00bb14pt\u00bb closed_title_line_height=\u00bb17pt\u00bb body_font=\u00bbBariol||||||||\u00bb body_text_align=\u00bbjustify\u00bb body_text_color=\u00bb#000000&#8243; body_font_size=\u00bb12pt\u00bb body_line_height=\u00bb16pt\u00bb custom_margin=\u00bb0px||0px||false|false\u00bb custom_padding=\u00bb10px||10px||true|false\u00bb border_color_all=\u00bbrgba(0,0,0,0)\u00bb global_colors_info=\u00bb{}\u00bb]<\/p>\n<p>El precio de un kilo de caf\u00e9 oscila entre los 29 euros por kilo y los 33 euros, dependiendo de c\u00f3mo nos pida el caf\u00e9. El modelo m\u00e1s barato es el que no est\u00e1 empaquetado, mientras que el kg en la tienda de degustaci\u00f3n en l\u00ednea es el m\u00e1s caro. Puede encontrar el desglose de costes exacto <a href=\"https:\/\/www.teikeicoffee.org\/es\/projekt\/\">aqu\u00ed<\/a>.<\/p>\n<p>[\/et_pb_toggle][et_pb_toggle title=\u00bb8. \u00bfC\u00f3mo puedo crear una comunidad y qu\u00e9 debo tener en cuenta?\u00bb open_toggle_text_color=\u00bb#000000&#8243; open_toggle_background_color=\u00bbrgba(0,0,0,0)\u00bb closed_toggle_text_color=\u00bb#000000&#8243; closed_toggle_background_color=\u00bbrgba(0,0,0,0)\u00bb icon_color=\u00bbrgba(0,0,0,0)\u00bb use_icon_font_size=\u00bbon\u00bb open_icon_color=\u00bbrgba(0,0,0,0)\u00bb open_use_icon_font_size=\u00bbon\u00bb _builder_version=\u00bb4.16&#8243; _module_preset=\u00bbdefault\u00bb title_text_color=\u00bb#000000&#8243; title_font=\u00bb|600|||||||\u00bb title_text_align=\u00bbleft\u00bb title_font_size=\u00bb14pt\u00bb title_line_height=\u00bb17pt\u00bb closed_title_font=\u00bb|600|||||||\u00bb closed_title_text_align=\u00bbleft\u00bb closed_title_font_size=\u00bb14pt\u00bb closed_title_line_height=\u00bb17pt\u00bb body_font=\u00bbBariol||||||||\u00bb body_text_align=\u00bbjustify\u00bb body_text_color=\u00bb#000000&#8243; body_font_size=\u00bb12pt\u00bb body_line_height=\u00bb16pt\u00bb custom_margin=\u00bb0px||0px||false|false\u00bb custom_padding=\u00bb10px||10px||true|false\u00bb border_color_all=\u00bbrgba(0,0,0,0)\u00bb global_colors_info=\u00bb{}\u00bb]<\/p>\n<p>Si quiere crear su propia comunidad, la \u00fanica condici\u00f3n es pedir al menos 5 kg por entrega. Si esto est\u00e1 garantizado, s\u00f3lo tienes que seguir estos pasos:<\/p>\n<p>Rellene este formulario<\/p>\n<p>Aqu\u00ed se le preguntar\u00e1 paso a paso c\u00f3mo debe configurarse su comunidad. La frecuencia de entrega, la cantidad m\u00e1xima de entrega, la direcci\u00f3n del dep\u00f3sito de entrega: todo esto se describe y se solicita aqu\u00ed. S\u00f3lo tiene que enviarnos el formulario. Al cabo de unos d\u00edas habremos configurado la comunidad y se lo notificaremos por correo electr\u00f3nico. A partir de ese momento, usted y todos los dem\u00e1s podr\u00e1n suscribirse a un abono de caf\u00e9 con este formulario.<\/p>\n<p>La facturaci\u00f3n de cada suscripci\u00f3n se realiza entre los suscriptores y Teikei Coffee. As\u00ed que s\u00f3lo tienes que ocuparte de la distribuci\u00f3n, nosotros nos encargamos de la parte financiera.<\/p>\n<p>Es una buena idea crear una lista de distribuci\u00f3n de correo electr\u00f3nico a trav\u00e9s de la cual se puede comunicar como comunidad para organizar la distribuci\u00f3n y los eventos si es necesario.<\/p>\n<p>Como organizador, tambi\u00e9n puedes establecer una direcci\u00f3n de correo electr\u00f3nico de Teikei Coffee para utilizarla con fines organizativos, esto lo haces en el primer formulario.<\/p>\n<p>[\/et_pb_toggle][et_pb_toggle title=\u00bb9. \u00bfC\u00f3mo funciona exactamente el proceso de pedido en las comunidades?\u00bb open_toggle_text_color=\u00bb#000000&#8243; open_toggle_background_color=\u00bbrgba(0,0,0,0)\u00bb closed_toggle_text_color=\u00bb#000000&#8243; closed_toggle_background_color=\u00bbrgba(0,0,0,0)\u00bb icon_color=\u00bbrgba(0,0,0,0)\u00bb use_icon_font_size=\u00bbon\u00bb open_icon_color=\u00bbrgba(0,0,0,0)\u00bb open_use_icon_font_size=\u00bbon\u00bb _builder_version=\u00bb4.16&#8243; _module_preset=\u00bbdefault\u00bb title_text_color=\u00bb#000000&#8243; title_font=\u00bb|600|||||||\u00bb title_text_align=\u00bbleft\u00bb title_font_size=\u00bb14pt\u00bb title_line_height=\u00bb17pt\u00bb closed_title_font=\u00bb|600|||||||\u00bb closed_title_text_align=\u00bbleft\u00bb closed_title_font_size=\u00bb14pt\u00bb closed_title_line_height=\u00bb17pt\u00bb body_font=\u00bbBariol||||||||\u00bb body_text_align=\u00bbjustify\u00bb body_text_color=\u00bb#000000&#8243; body_font_size=\u00bb12pt\u00bb body_line_height=\u00bb16pt\u00bb custom_margin=\u00bb0px||0px||false|false\u00bb custom_padding=\u00bb10px||10px||true|false\u00bb border_color_all=\u00bbrgba(0,0,0,0)\u00bb global_colors_info=\u00bb{}\u00bb]<\/p>\n<div class=\"lmt__inner_textarea_container\" title=\"Ein Wort anklicken, um weitere \u00dcbersetzungen zu sehen\">\n<p>La suscripci\u00f3n a la comunidad tiene muchas ventajas y es el modelo preferido. Tienes la oportunidad de intercambiar ideas con otros miembros y conocer gente nueva. Agrupas tus env\u00edos y ahorras material de env\u00edo y embalaje innecesario. Esto no s\u00f3lo protege el medio ambiente sino tambi\u00e9n tu cartera, porque en la comunidad la suscripci\u00f3n es m\u00e1s barata.<\/p>\n<\/div>\n<p>&nbsp;<\/p>\n<p>[\/et_pb_toggle][et_pb_toggle title=\u00bb10. \u00bfC\u00f3mo funciona el servicio de cero residuos de Teikei Coffee?\u00bb open_toggle_text_color=\u00bb#000000&#8243; open_toggle_background_color=\u00bbrgba(0,0,0,0)\u00bb closed_toggle_text_color=\u00bb#000000&#8243; closed_toggle_background_color=\u00bbrgba(0,0,0,0)\u00bb icon_color=\u00bbrgba(0,0,0,0)\u00bb use_icon_font_size=\u00bbon\u00bb open_icon_color=\u00bbrgba(0,0,0,0)\u00bb open_use_icon_font_size=\u00bbon\u00bb _builder_version=\u00bb4.16&#8243; _module_preset=\u00bbdefault\u00bb title_text_color=\u00bb#000000&#8243; title_font=\u00bb|600|||||||\u00bb title_text_align=\u00bbleft\u00bb title_font_size=\u00bb14pt\u00bb title_line_height=\u00bb17pt\u00bb closed_title_font=\u00bb|600|||||||\u00bb closed_title_text_align=\u00bbleft\u00bb closed_title_font_size=\u00bb14pt\u00bb closed_title_line_height=\u00bb17pt\u00bb body_font=\u00bbBariol||||||||\u00bb body_text_align=\u00bbjustify\u00bb body_text_color=\u00bb#000000&#8243; body_font_size=\u00bb12pt\u00bb body_line_height=\u00bb16pt\u00bb custom_margin=\u00bb0px||0px||false|false\u00bb custom_padding=\u00bb10px||10px||true|false\u00bb border_color_all=\u00bbrgba(0,0,0,0)\u00bb global_colors_info=\u00bb{}\u00bb]<\/p>\n<p>Tostamos su caf\u00e9 fresco, como caf\u00e9 de filtro o espresso (en grano). Envasado en un cubo de lata de 10 kg, cada llenado de 10 kg cuesta un total de 290,00 euros + 10 euros de gastos de env\u00edo (los gastos de env\u00edo quedan exentos<span>\u00a0 <\/span>su necesidad anual). Adem\u00e1s, hay un costo \u00fanico por cubo de 17,00 \u20ac (8,- \u20ac por el cubo, 9,- \u20ac por una caja de cart\u00f3n de tres capas, que puede utilizarse varias veces, por lo que s\u00f3lo paga este costo por el primer pedido). Cuando llegue el cubo, lo vac\u00eda y env\u00eda el cubo a nuestro tostador para que lo rellene. El cubo y la caja son entonces de su propiedad. El \u00fanico esfuerzo que tendr\u00e1 que hacer es limpiar el cubo seg\u00fan sus deseos y llevarlo a la oficina de correos. Tambi\u00e9n ser\u00eda muy \u00fatil que etiquetaras el cubo y el paquete y dejaras claro que te pertenecen. \u00a1Escr\u00edbenos si te interesa!<\/p>\n<p>[\/et_pb_toggle][et_pb_toggle title=\u00bb11. \u00bfSe puede comprar el caf\u00e9 Teikei tambi\u00e9n en grano verde?\u00bb open_toggle_text_color=\u00bb#000000&#8243; open_toggle_background_color=\u00bbrgba(0,0,0,0)\u00bb closed_toggle_text_color=\u00bb#000000&#8243; closed_toggle_background_color=\u00bbrgba(0,0,0,0)\u00bb icon_color=\u00bbrgba(0,0,0,0)\u00bb use_icon_font_size=\u00bbon\u00bb open_icon_color=\u00bbrgba(0,0,0,0)\u00bb open_use_icon_font_size=\u00bbon\u00bb _builder_version=\u00bb4.16&#8243; _module_preset=\u00bbdefault\u00bb title_text_color=\u00bb#000000&#8243; title_font=\u00bb|600|||||||\u00bb title_text_align=\u00bbleft\u00bb title_font_size=\u00bb14pt\u00bb title_line_height=\u00bb17pt\u00bb closed_title_font=\u00bb|600|||||||\u00bb closed_title_text_align=\u00bbleft\u00bb closed_title_font_size=\u00bb14pt\u00bb closed_title_line_height=\u00bb17pt\u00bb body_font=\u00bbBariol||||||||\u00bb body_text_align=\u00bbjustify\u00bb body_text_color=\u00bb#000000&#8243; body_font_size=\u00bb12pt\u00bb body_line_height=\u00bb16pt\u00bb custom_margin=\u00bb0px||0px||false|false\u00bb custom_padding=\u00bb10px||10px||true|false\u00bb border_color_all=\u00bbrgba(0,0,0,0)\u00bb global_colors_info=\u00bb{}\u00bb]<\/p>\n<p>S\u00ed, tambi\u00e9n ofrecemos los granos verdes listos para ser tostados. Estamos muy interesados en crear estructuras de tueste descentralizadas y nos esforzamos por dotar a cada comunidad de Caf\u00e9 Teikei de su propio tostador. De este modo, las distancias de transporte pueden mantenerse cortas y los gustos de cada miembro pueden atenderse de forma m\u00e1s individualizada. P\u00f3ngase en contacto con nosotros.<\/p>\n<p>[\/et_pb_toggle][et_pb_toggle title=\u00bb12. \u00bfPuedo cambiar mi cantidad de entrega en cualquier momento?\u00bb open_toggle_text_color=\u00bb#000000&#8243; open_toggle_background_color=\u00bbrgba(0,0,0,0)\u00bb closed_toggle_text_color=\u00bb#000000&#8243; closed_toggle_background_color=\u00bbrgba(0,0,0,0)\u00bb icon_color=\u00bbrgba(0,0,0,0)\u00bb use_icon_font_size=\u00bbon\u00bb open_icon_color=\u00bbrgba(0,0,0,0)\u00bb open_use_icon_font_size=\u00bbon\u00bb _builder_version=\u00bb4.16&#8243; _module_preset=\u00bbdefault\u00bb title_text_color=\u00bb#000000&#8243; title_font=\u00bb|600|||||||\u00bb title_text_align=\u00bbleft\u00bb title_font_size=\u00bb14pt\u00bb title_line_height=\u00bb17pt\u00bb closed_title_font=\u00bb|600|||||||\u00bb closed_title_text_align=\u00bbleft\u00bb closed_title_font_size=\u00bb14pt\u00bb closed_title_line_height=\u00bb17pt\u00bb body_font=\u00bbBariol||||||||\u00bb body_text_align=\u00bbjustify\u00bb body_text_color=\u00bb#000000&#8243; body_font_size=\u00bb12pt\u00bb body_line_height=\u00bb16pt\u00bb custom_margin=\u00bb0px||0px||false|false\u00bb custom_padding=\u00bb10px||10px||true|false\u00bb border_color_all=\u00bbrgba(0,0,0,0)\u00bb global_colors_info=\u00bb{}\u00bb]<\/p>\n<p>S\u00ed, puede ajustar con flexibilidad la cantidad de entrega para la siguiente entrega. Si nota que ha pedido demasiado poco o demasiado caf\u00e9, simplemente p\u00f3ngase en contacto con nosotros en info@teikeicoffee.org.<\/p>\n<p>[\/et_pb_toggle][et_pb_toggle title=\u00bb13. \u00bfQu\u00e9 tipos de tuestes ofrecemos?\u00bb open_toggle_text_color=\u00bb#000000&#8243; open_toggle_background_color=\u00bbrgba(0,0,0,0)\u00bb closed_toggle_text_color=\u00bb#000000&#8243; closed_toggle_background_color=\u00bbrgba(0,0,0,0)\u00bb icon_color=\u00bbrgba(0,0,0,0)\u00bb use_icon_font_size=\u00bbon\u00bb open_icon_color=\u00bbrgba(0,0,0,0)\u00bb open_use_icon_font_size=\u00bbon\u00bb _builder_version=\u00bb4.16&#8243; _module_preset=\u00bbdefault\u00bb title_text_color=\u00bb#000000&#8243; title_font=\u00bb|600|||||||\u00bb title_text_align=\u00bbleft\u00bb title_font_size=\u00bb14pt\u00bb title_line_height=\u00bb17pt\u00bb closed_title_font=\u00bb|600|||||||\u00bb closed_title_text_align=\u00bbleft\u00bb closed_title_font_size=\u00bb14pt\u00bb closed_title_line_height=\u00bb17pt\u00bb body_font=\u00bbBariol||||||||\u00bb body_text_align=\u00bbjustify\u00bb body_text_color=\u00bb#000000&#8243; body_font_size=\u00bb12pt\u00bb body_line_height=\u00bb16pt\u00bb custom_margin=\u00bb0px||0px||false|false\u00bb custom_padding=\u00bb10px||10px||true|false\u00bb border_color_all=\u00bbrgba(0,0,0,0)\u00bb global_colors_info=\u00bb{}\u00bb]<\/p>\n<p>El caf\u00e9 puede pedirse en forma de caf\u00e9 para m\u00e9todo o espresso, tanto en grano como molido. Las tres variedades se diferencian entonces en el tueste, pero no en el grano en s\u00ed. Todas las variedades se presentan en paquetes de 1 kg. \u00bfEs 1 kg demasiado para usted? Seguro que conoce a una persona de su c\u00edrculo de conocidos que querr\u00eda compartir la bolsa con usted.<\/p>\n<p>[\/et_pb_toggle][\/et_pb_column][et_pb_column type=\u00bb1_3&#8243; module_class=\u00bbfaq_3&#8243; _builder_version=\u00bb4.16&#8243; _module_preset=\u00bbdefault\u00bb global_colors_info=\u00bb{}\u00bb][et_pb_divider show_divider=\u00bboff\u00bb _builder_version=\u00bb4.16&#8243; _module_preset=\u00bbdefault\u00bb global_colors_info=\u00bb{}\u00bb][\/et_pb_divider][et_pb_toggle title=\u00bb1. \u00bfPor qu\u00e9 se tuesta en Alemania?  \u00bfNo tendr\u00eda sentido dejar toda la cadena de valor en M\u00e9xico para que los tostadores de caf\u00e9 mexicanos tambi\u00e9n se beneficien del comercio justo?\u00bb open_toggle_text_color=\u00bb#000000&#8243; open_toggle_background_color=\u00bbrgba(0,0,0,0)\u00bb closed_toggle_text_color=\u00bb#000000&#8243; closed_toggle_background_color=\u00bbrgba(0,0,0,0)\u00bb icon_color=\u00bbrgba(0,0,0,0)\u00bb use_icon_font_size=\u00bbon\u00bb open_icon_color=\u00bbrgba(0,0,0,0)\u00bb open_use_icon_font_size=\u00bbon\u00bb _builder_version=\u00bb4.16&#8243; _module_preset=\u00bbdefault\u00bb title_text_color=\u00bb#000000&#8243; title_font=\u00bb|600|||||||\u00bb title_text_align=\u00bbleft\u00bb title_font_size=\u00bb14pt\u00bb title_line_height=\u00bb17pt\u00bb closed_title_font=\u00bb|600|||||||\u00bb closed_title_text_align=\u00bbleft\u00bb closed_title_font_size=\u00bb14pt\u00bb closed_title_line_height=\u00bb17pt\u00bb body_font=\u00bbBariol||||||||\u00bb body_text_align=\u00bbjustify\u00bb body_text_color=\u00bb#000000&#8243; body_font_size=\u00bb12pt\u00bb body_line_height=\u00bb16pt\u00bb custom_margin=\u00bb0px||0px||false|false\u00bb custom_padding=\u00bb10px||10px||true|false\u00bb border_color_all=\u00bbrgba(0,0,0,0)\u00bb global_colors_info=\u00bb{}\u00bb]<\/p>\n<p><span>Absolutamente cierto, en realidad tostar en el pa\u00eds de origen ser\u00eda mucho mejor. Sin embargo, en el caso del caf\u00e9, desde el momento del tueste se producen dos procesos que debilitan el aroma del caf\u00e9. En primer lugar, durante el tueste, los az\u00facares se convierten en gases, que se escapan del grano a medida que pasa el tiempo despu\u00e9s del tueste, y los compuestos del aroma tambi\u00e9n se escapan. En segundo lugar, los compuestos arom\u00e1ticos del caf\u00e9 se oxidan al entrar en contacto con el ox\u00edgeno. Ambos procesos hacen que el caf\u00e9 deba consumirse en un plazo de 2 a 3 meses, ya que de lo contrario no tendr\u00e1 un sabor tan fresco y bueno. Con el caf\u00e9 molido, este proceso es a\u00fan m\u00e1s r\u00e1pido. Dado que s\u00f3lo el velero est\u00e1 en ruta durante unos 2 meses y el suministro es una vez al a\u00f1o, lamentablemente no podemos hacer otra cosa que tostar el caf\u00e9 en Alemania.<\/span><\/p>\n<p>[\/et_pb_toggle][et_pb_toggle title=\u00bb2. \u00bfC\u00f3mo se originan los costos administrativos de 6 euros? \u00bfSe reducir\u00e1n estos costos en el futuro?\u00bb open_toggle_text_color=\u00bb#000000&#8243; open_toggle_background_color=\u00bbrgba(0,0,0,0)\u00bb closed_toggle_text_color=\u00bb#000000&#8243; closed_toggle_background_color=\u00bbrgba(0,0,0,0)\u00bb icon_color=\u00bbrgba(0,0,0,0)\u00bb use_icon_font_size=\u00bbon\u00bb open_icon_color=\u00bbrgba(0,0,0,0)\u00bb open_use_icon_font_size=\u00bbon\u00bb _builder_version=\u00bb4.16&#8243; _module_preset=\u00bbdefault\u00bb title_text_color=\u00bb#000000&#8243; title_font=\u00bb|600|||||||\u00bb title_text_align=\u00bbleft\u00bb title_font_size=\u00bb14pt\u00bb title_line_height=\u00bb17pt\u00bb closed_title_font=\u00bb|600|||||||\u00bb closed_title_text_align=\u00bbleft\u00bb closed_title_font_size=\u00bb14pt\u00bb closed_title_line_height=\u00bb17pt\u00bb body_font=\u00bbBariol||||||||\u00bb body_text_align=\u00bbjustify\u00bb body_text_color=\u00bb#000000&#8243; body_font_size=\u00bb12pt\u00bb body_line_height=\u00bb16pt\u00bb custom_margin=\u00bb0px||0px||false|false\u00bb custom_padding=\u00bb10px||10px||true|false\u00bb border_color_all=\u00bbrgba(0,0,0,0)\u00bb global_colors_info=\u00bb{}\u00bb]<\/p>\n<p><span>El t\u00e9rmino \u00abAdministraci\u00f3n de Teikei\u00bb describe una amplia gama de procesos. Incluye los salarios, los honorarios por asesoramiento fiscal y jur\u00eddico, las cuentas, los gastos de viaje, los costos de los programas de contabilidad, las p\u00e1ginas web y los sistemas de las tiendas, as\u00ed como los costos de desarrollo de nuestra forma de hacer negocios. Dado que estamos abriendo nuevos caminos en muchas cosas, hay pocos modelos listos que podamos integrar f\u00e1cilmente. Al final, realmente no queda margen de beneficio, como en muchas otras empresas. Nuestro objetivo es un c\u00e1lculo de cobertura de costos. En cuanto surjan beneficios, \u00e9stos tambi\u00e9n van a parar a un fondo, del que pueden sacar financiaci\u00f3n otros proyectos de Teikei. Sin embargo, con el aumento de los vol\u00famenes de distribuci\u00f3n, tambi\u00e9n reduciremos la partida \u00abadministraci\u00f3n\u00bb, que se compone en su mayor parte de costos fijos, como ya se ha asumido. <\/span><\/p>\n<p>[\/et_pb_toggle][et_pb_toggle title=\u00bb3. \u00bfEs posible unirse al transporte de vela como compa\u00f1ero de barco?\u00bb open_toggle_text_color=\u00bb#000000&#8243; open_toggle_background_color=\u00bbrgba(0,0,0,0)\u00bb closed_toggle_text_color=\u00bb#000000&#8243; closed_toggle_background_color=\u00bbrgba(0,0,0,0)\u00bb icon_color=\u00bbrgba(0,0,0,0)\u00bb use_icon_font_size=\u00bbon\u00bb open_icon_color=\u00bbrgba(0,0,0,0)\u00bb open_use_icon_font_size=\u00bbon\u00bb _builder_version=\u00bb4.16&#8243; _module_preset=\u00bbdefault\u00bb title_text_color=\u00bb#000000&#8243; title_font=\u00bb|600|||||||\u00bb title_text_align=\u00bbleft\u00bb title_font_size=\u00bb14pt\u00bb title_line_height=\u00bb17pt\u00bb closed_title_font=\u00bb|600|||||||\u00bb closed_title_text_align=\u00bbleft\u00bb closed_title_font_size=\u00bb14pt\u00bb closed_title_line_height=\u00bb17pt\u00bb body_font=\u00bbBariol||||||||\u00bb body_text_align=\u00bbjustify\u00bb body_text_color=\u00bb#000000&#8243; body_font_size=\u00bb12pt\u00bb body_line_height=\u00bb16pt\u00bb custom_margin=\u00bb0px||0px||false|false\u00bb custom_padding=\u00bb10px||10px||true|false\u00bb border_color_all=\u00bbrgba(0,0,0,0)\u00bb global_colors_info=\u00bb{}\u00bb]<\/p>\n<p><span>\u00a1Todos en cubierta y listos para partir! <\/span><span>El Timbercoast siempre busca marineros motivados para su Avontuur. Sin embargo, esto no es gratuito. Encontrar\u00e1 los detalles y las condiciones en el sitio web de nuestros socios. La experiencia de navegar en el Avontuur ya ha sido realizada por algunos de los miembros de nuestro equipo y podemos recomendar encarecidamente esta experiencia. Haga clic <a href=\"https:\/\/www.timbercoast.com\">aqu\u00ed<\/a> para acceder a su p\u00e1gina web. <\/span><\/p>\n<p>[\/et_pb_toggle][et_pb_toggle title=\u00bb4. \u00bfC\u00f3mo puedo participar en el Caf\u00e9 Teikei?\u00bb open_toggle_text_color=\u00bb#000000&#8243; open_toggle_background_color=\u00bbrgba(0,0,0,0)\u00bb closed_toggle_text_color=\u00bb#000000&#8243; closed_toggle_background_color=\u00bbrgba(0,0,0,0)\u00bb icon_color=\u00bbrgba(0,0,0,0)\u00bb use_icon_font_size=\u00bbon\u00bb open_icon_color=\u00bbrgba(0,0,0,0)\u00bb open_use_icon_font_size=\u00bbon\u00bb _builder_version=\u00bb4.16&#8243; _module_preset=\u00bbdefault\u00bb title_text_color=\u00bb#000000&#8243; title_font=\u00bb|600|||||||\u00bb title_text_align=\u00bbleft\u00bb title_font_size=\u00bb14pt\u00bb title_line_height=\u00bb17pt\u00bb closed_title_font=\u00bb|600|||||||\u00bb closed_title_text_align=\u00bbleft\u00bb closed_title_font_size=\u00bb14pt\u00bb closed_title_line_height=\u00bb17pt\u00bb body_font=\u00bbBariol||||||||\u00bb body_text_align=\u00bbjustify\u00bb body_text_color=\u00bb#000000&#8243; body_font_size=\u00bb12pt\u00bb body_line_height=\u00bb16pt\u00bb custom_margin=\u00bb0px||0px||false|false\u00bb custom_padding=\u00bb10px||10px||true|false\u00bb border_color_all=\u00bbrgba(0,0,0,0)\u00bb global_colors_info=\u00bb{}\u00bb]<\/p>\n<p><span>Nos encantar\u00eda que te involucraras como miembro activo u organizador de la comunidad. Si quieres dar un paso m\u00e1s y unirte al equipo principal de Teikei Coffee, ponte en contacto con nosotros. Tal vez podamos darte la bienvenida como nuevo miembro del equipo pronto.<\/span><\/p>\n<p>[\/et_pb_toggle][et_pb_toggle title=\u00bb5. \u00bfC\u00f3mo se prepara el caf\u00e9 para su transporte despu\u00e9s de la cosecha?\u00bb open_toggle_text_color=\u00bb#000000&#8243; open_toggle_background_color=\u00bbrgba(0,0,0,0)\u00bb closed_toggle_text_color=\u00bb#000000&#8243; closed_toggle_background_color=\u00bbrgba(0,0,0,0)\u00bb icon_color=\u00bbrgba(0,0,0,0)\u00bb use_icon_font_size=\u00bbon\u00bb open_icon_color=\u00bbrgba(0,0,0,0)\u00bb open_use_icon_font_size=\u00bbon\u00bb _builder_version=\u00bb4.16&#8243; _module_preset=\u00bbdefault\u00bb title_text_color=\u00bb#000000&#8243; title_font=\u00bb|600|||||||\u00bb title_text_align=\u00bbleft\u00bb title_font_size=\u00bb14pt\u00bb title_line_height=\u00bb17pt\u00bb closed_title_font=\u00bb|600|||||||\u00bb closed_title_text_align=\u00bbleft\u00bb closed_title_font_size=\u00bb14pt\u00bb closed_title_line_height=\u00bb17pt\u00bb body_font=\u00bbBariol||||||||\u00bb body_text_align=\u00bbjustify\u00bb body_text_color=\u00bb#000000&#8243; body_font_size=\u00bb12pt\u00bb body_line_height=\u00bb16pt\u00bb custom_margin=\u00bb0px||0px||false|false\u00bb custom_padding=\u00bb10px||10px||true|false\u00bb border_color_all=\u00bbrgba(0,0,0,0)\u00bb global_colors_info=\u00bb{}\u00bb]<\/p>\n<p><span>Tras la cosecha y el posterior procesamiento, los granos de caf\u00e9 se introducen en GrainPro y luego en sacos de yute para protegerlos de las influencias perjudiciales. Un saco de yute contiene 30 kg, a diferencia de los contenedores de 69 kg que se comercializan. Esto es f\u00e1cil para las espaldas de todos los implicados, desde los agricultores hasta los marineros y el tostador.<\/span><\/p>\n<p>[\/et_pb_toggle][\/et_pb_column][\/et_pb_row][et_pb_row _builder_version=\u00bb4.16&#8243; _module_preset=\u00bbdefault\u00bb global_colors_info=\u00bb{}\u00bb][et_pb_column type=\u00bb4_4&#8243; _builder_version=\u00bb4.16&#8243; _module_preset=\u00bbdefault\u00bb global_colors_info=\u00bb{}\u00bb][et_pb_code _builder_version=\u00bb4.16&#8243; _module_preset=\u00bbdefault\u00bb global_colors_info=\u00bb{}\u00bb]<script><!-- [et_pb_line_break_holder] -->    (function ($) {<!-- [et_pb_line_break_holder] -->        function setDefaultButtonColor() {<!-- [et_pb_line_break_holder] -->            $(\".faq_1_title\").css(\"background-color\", \"black\");<!-- [et_pb_line_break_holder] -->            $(\".faq_1_title h3\").attr('style', \"color:white!important;\");<!-- [et_pb_line_break_holder] -->            $(\".faq_2_title\").css(\"background-color\", \"black\");<!-- [et_pb_line_break_holder] -->            $(\".faq_2_title h3\").attr('style', \"color:white!important;\");<!-- [et_pb_line_break_holder] -->            $(\".faq_3_title\").css(\"background-color\", \"black\");<!-- [et_pb_line_break_holder] -->            $(\".faq_3_title h3\").attr('style', \"color:white!important;\");<!-- [et_pb_line_break_holder] -->        }<!-- [et_pb_line_break_holder] --><!-- [et_pb_line_break_holder] -->        $(document).ready(function () {<!-- [et_pb_line_break_holder] --><!-- [et_pb_line_break_holder] -->            $(\".faq_1_title\").on({<!-- [et_pb_line_break_holder] -->                click: function () {<!-- [et_pb_line_break_holder] -->                    if ($(\".faq_1\").is(':visible')) {<!-- [et_pb_line_break_holder] -->                        setDefaultButtonColor();<!-- [et_pb_line_break_holder] -->                        $(\".faq_1\").hide();<!-- [et_pb_line_break_holder] -->                        $(\".faq_2\").hide();<!-- [et_pb_line_break_holder] -->                        $(\".faq_3\").hide();<!-- [et_pb_line_break_holder] -->                    } else {<!-- [et_pb_line_break_holder] -->                        setDefaultButtonColor();<!-- [et_pb_line_break_holder] -->                        $(\".faq_1_title\").css(\"background-color\", \"white\");<!-- [et_pb_line_break_holder] -->                        $(\".faq_1_title h3\").attr('style', \"color:black!important;\");<!-- [et_pb_line_break_holder] -->                        $(\".faq_1\").css(\"width\", \"100%\");<!-- [et_pb_line_break_holder] -->                        $(\".faq_1\").show();<!-- [et_pb_line_break_holder] -->                        $(\".faq_2\").hide();<!-- [et_pb_line_break_holder] -->                        $(\".faq_3\").hide();<!-- [et_pb_line_break_holder] -->                    }<!-- [et_pb_line_break_holder] -->                }<!-- [et_pb_line_break_holder] -->            });<!-- [et_pb_line_break_holder] -->            \/* Mittlere spalte *\/<!-- [et_pb_line_break_holder] -->            $(\".faq_2_title\").on({<!-- [et_pb_line_break_holder] -->                click: function () {<!-- [et_pb_line_break_holder] -->                    if ($(\".faq_2\").is(':visible')) {<!-- [et_pb_line_break_holder] -->                        setDefaultButtonColor();<!-- [et_pb_line_break_holder] -->                        $(\".faq_1\").hide();<!-- [et_pb_line_break_holder] -->                        $(\".faq_2\").hide();<!-- [et_pb_line_break_holder] -->                        $(\".faq_3\").hide();<!-- [et_pb_line_break_holder] -->                    } else {<!-- [et_pb_line_break_holder] -->                        setDefaultButtonColor();<!-- [et_pb_line_break_holder] -->                        $(\".faq_2_title\").css(\"background-color\", \"white\");<!-- [et_pb_line_break_holder] -->                        $(\".faq_2_title h3\").attr('style', \"color:black!important;\");<!-- [et_pb_line_break_holder] -->                        $(\".faq_2\").css(\"width\", \"100%\");<!-- [et_pb_line_break_holder] -->                        $(\".faq_2\").show();<!-- [et_pb_line_break_holder] -->                        $(\".faq_1\").hide();<!-- [et_pb_line_break_holder] -->                        $(\".faq_3\").hide();<!-- [et_pb_line_break_holder] -->                    }<!-- [et_pb_line_break_holder] -->                }<!-- [et_pb_line_break_holder] -->            });<!-- [et_pb_line_break_holder] --><!-- [et_pb_line_break_holder] -->            \/* Rechte spalte *\/<!-- [et_pb_line_break_holder] -->            $(\".faq_3_title\").on({<!-- [et_pb_line_break_holder] -->                click: function () {<!-- [et_pb_line_break_holder] -->                    if ($(\".faq_3\").is(':visible')) {<!-- [et_pb_line_break_holder] -->                        setDefaultButtonColor();<!-- [et_pb_line_break_holder] -->                        $(\".faq_1\").hide();<!-- [et_pb_line_break_holder] -->                        $(\".faq_2\").hide();<!-- [et_pb_line_break_holder] -->                        $(\".faq_3\").hide();<!-- [et_pb_line_break_holder] -->                    } else {<!-- [et_pb_line_break_holder] -->                        setDefaultButtonColor();<!-- [et_pb_line_break_holder] -->                        $(\".faq_3_title\").css(\"background-color\", \"white\");<!-- [et_pb_line_break_holder] -->                        $(\".faq_3_title h3\").attr('style', \"color:black!important;\");<!-- [et_pb_line_break_holder] -->                        $(\".faq_3\").css(\"width\", \"100%\");<!-- [et_pb_line_break_holder] -->                        $(\".faq_3\").show();<!-- [et_pb_line_break_holder] -->                        $(\".faq_1\").hide();<!-- [et_pb_line_break_holder] -->                        $(\".faq_2\").hide();<!-- [et_pb_line_break_holder] -->                    }<!-- [et_pb_line_break_holder] -->                }<!-- [et_pb_line_break_holder] -->            });<!-- [et_pb_line_break_holder] --><!-- [et_pb_line_break_holder] -->            $(\".faq_1\").hide();<!-- [et_pb_line_break_holder] -->            $(\".faq_2\").hide();<!-- [et_pb_line_break_holder] -->            $(\".faq_3\").hide();<!-- [et_pb_line_break_holder] -->        });<!-- [et_pb_line_break_holder] --><!-- [et_pb_line_break_holder] --><!-- [et_pb_line_break_holder] -->    })(jQuery);<!-- [et_pb_line_break_holder] --><\/script>[\/et_pb_code][\/et_pb_column][\/et_pb_row][\/et_pb_section][et_pb_section fb_built=\u00bb1&#8243; disabled_on=\u00bboff|on|on\u00bb admin_label=\u00bbFAQ &#8211; MOBILE\u00bb module_id=\u00bbfaq\u00bb module_class=\u00bbps2id\u00bb _builder_version=\u00bb4.16&#8243; _module_preset=\u00bbdefault\u00bb custom_margin=\u00bb1px||||false|false\u00bb custom_padding=\u00bb100px||||false|false\u00bb da_disable_devices=\u00bboff|off|off\u00bb border_width_bottom=\u00bb1px\u00bb border_color_bottom=\u00bb#000000&#8243; collapsed=\u00bboff\u00bb global_colors_info=\u00bb{}\u00bb da_is_popup=\u00bboff\u00bb da_exit_intent=\u00bboff\u00bb da_has_close=\u00bbon\u00bb da_alt_close=\u00bboff\u00bb da_dark_close=\u00bboff\u00bb da_not_modal=\u00bbon\u00bb da_is_singular=\u00bboff\u00bb da_with_loader=\u00bboff\u00bb da_has_shadow=\u00bbon\u00bb][et_pb_row _builder_version=\u00bb4.16&#8243; _module_preset=\u00bbdefault\u00bb width=\u00bb75%\u00bb width_tablet=\u00bb\u00bb width_phone=\u00bb\u00bb width_last_edited=\u00bbon|phone\u00bb max_width=\u00bb100%\u00bb custom_margin=\u00bb|10px|||false|false\u00bb module_alignment_tablet=\u00bb\u00bb module_alignment_phone=\u00bbcenter\u00bb module_alignment_last_edited=\u00bbon|phone\u00bb global_colors_info=\u00bb{}\u00bb][et_pb_column type=\u00bb4_4&#8243; _builder_version=\u00bb4.16&#8243; _module_preset=\u00bbdefault\u00bb border_color_all=\u00bbrgba(0,0,0,0)\u00bb global_colors_info=\u00bb{}\u00bb][et_pb_text module_class=\u00bbfaq_1_title\u00bb _builder_version=\u00bb4.16&#8243; _module_preset=\u00bbdefault\u00bb header_3_font=\u00bb|600|||||||\u00bb header_3_text_color=\u00bb#FFFFFF\u00bb header_3_font_size=\u00bb16pt\u00bb background_color=\u00bb#000000&#8243; text_orientation=\u00bbcenter\u00bb height=\u00bb95px\u00bb custom_margin=\u00bb||||false|false\u00bb custom_padding=\u00bb35px||0px||false|false\u00bb custom_css_main_element=\u00bbcursor: pointer!important;\u00bb border_width_all=\u00bb1px\u00bb border_color_all=\u00bb#000000&#8243; global_colors_info=\u00bb{}\u00bb]<\/p>\n<h3><span>PREGUNTAS SOBRE EL CAF\u00c9 TEIKEI<\/span><\/h3>\n<p>[\/et_pb_text][\/et_pb_column][\/et_pb_row][et_pb_row _builder_version=\u00bb4.16&#8243; _module_preset=\u00bbdefault\u00bb width=\u00bb75%\u00bb width_tablet=\u00bb\u00bb width_phone=\u00bb\u00bb width_last_edited=\u00bbon|phone\u00bb max_width=\u00bb100%\u00bb custom_margin=\u00bb|10px|||false|false\u00bb module_alignment_tablet=\u00bb\u00bb module_alignment_phone=\u00bbcenter\u00bb module_alignment_last_edited=\u00bbon|phone\u00bb global_colors_info=\u00bb{}\u00bb][et_pb_column type=\u00bb4_4&#8243; module_class=\u00bbfaq_1&#8243; _builder_version=\u00bb4.16&#8243; _module_preset=\u00bbdefault\u00bb border_color_all=\u00bbrgba(0,0,0,0)\u00bb global_colors_info=\u00bb{}\u00bb][et_pb_divider show_divider=\u00bboff\u00bb _builder_version=\u00bb4.16&#8243; _module_preset=\u00bbdefault\u00bb global_colors_info=\u00bb{}\u00bb][\/et_pb_divider][et_pb_toggle title=\u00bb1. \u00bfQu\u00e9 es la Agricultura Apoyada por la Comunidad (CSA)?\u00bb open_toggle_text_color=\u00bb#000000&#8243; open_toggle_background_color=\u00bbrgba(0,0,0,0)\u00bb closed_toggle_text_color=\u00bb#000000&#8243; closed_toggle_background_color=\u00bbrgba(0,0,0,0)\u00bb icon_color=\u00bbrgba(0,0,0,0)\u00bb use_icon_font_size=\u00bbon\u00bb open_icon_color=\u00bbrgba(0,0,0,0)\u00bb open_use_icon_font_size=\u00bbon\u00bb _builder_version=\u00bb4.16&#8243; _module_preset=\u00bbdefault\u00bb title_text_color=\u00bb#000000&#8243; title_font=\u00bb|600|||||||\u00bb title_text_align=\u00bbleft\u00bb title_font_size=\u00bb14pt\u00bb title_line_height=\u00bb17pt\u00bb closed_title_font=\u00bb|600|||||||\u00bb closed_title_text_align=\u00bbleft\u00bb closed_title_font_size=\u00bb14pt\u00bb closed_title_line_height=\u00bb17pt\u00bb body_font=\u00bbBariol||||||||\u00bb body_text_align=\u00bbjustify\u00bb body_text_color=\u00bb#000000&#8243; body_font_size=\u00bb12pt\u00bb body_line_height=\u00bb16pt\u00bb custom_margin=\u00bb0px||0px||false|false\u00bb custom_padding=\u00bb10px||10px||true|false\u00bb border_color_all=\u00bbrgba(0,0,0,0)\u00bb global_colors_info=\u00bb{}\u00bb]<\/p>\n<p><span>La Agricultura Apoyada por la Comunidad (CSA) es una forma de econom\u00eda -simple pero revolucionaria- llamada Agricultura Solidaria en alem\u00e1n y teikei [t\u0190i&#8217;k\u0190i:] en japon\u00e9s. La gente se une para financiar la agricultura: Los consumidores financian a los agricultores para que cultiven y a cambio comparten la cosecha, es decir, los rendimientos y los riesgos de la cosecha se comparten de forma solidaria. La comunidad entre consumidores y agricultores es independiente del mercado y sus fluctuaciones, y se crea un intercambio estrecho y mecanismos de decisi\u00f3n equilibrados.<\/span><\/p>\n<p>[\/et_pb_toggle][et_pb_toggle title=\u00bb2. \u00bfPor qu\u00e9 un CSA para el caf\u00e9?\u00bb open_toggle_text_color=\u00bb#000000&#8243; open_toggle_background_color=\u00bbrgba(0,0,0,0)\u00bb closed_toggle_text_color=\u00bb#000000&#8243; closed_toggle_background_color=\u00bbrgba(0,0,0,0)\u00bb icon_color=\u00bbrgba(0,0,0,0)\u00bb use_icon_font_size=\u00bbon\u00bb open_icon_color=\u00bbrgba(0,0,0,0)\u00bb open_use_icon_font_size=\u00bbon\u00bb _builder_version=\u00bb4.16&#8243; _module_preset=\u00bbdefault\u00bb title_text_color=\u00bb#000000&#8243; title_font=\u00bb|600|||||||\u00bb title_text_align=\u00bbleft\u00bb title_font_size=\u00bb14pt\u00bb title_line_height=\u00bb17pt\u00bb closed_title_font=\u00bb|600|||||||\u00bb closed_title_text_align=\u00bbleft\u00bb closed_title_font_size=\u00bb14pt\u00bb closed_title_line_height=\u00bb17pt\u00bb body_font=\u00bbBariol||||||||\u00bb body_text_align=\u00bbjustify\u00bb body_text_color=\u00bb#000000&#8243; body_font_size=\u00bb12pt\u00bb body_line_height=\u00bb16pt\u00bb custom_margin=\u00bb0px||0px||false|false\u00bb custom_padding=\u00bb10px||10px||true|false\u00bb border_color_all=\u00bbrgba(0,0,0,0)\u00bb global_colors_info=\u00bb{}\u00bb]<\/p>\n<p><span>Normalmente, un CSA funciona como una agricultura regional para la alimentaci\u00f3n diaria. Nuestro objetivo es ampliarlo a otras zonas, en todo el mundo. Teikei Coffee es un proyecto que pretende reunir a los caficultores, los marineros, los tostadores y los consumidores en una relaci\u00f3n de solidaridad transparente. De este modo, se puede crear una econom\u00eda del caf\u00e9 que sea justa para las personas y la naturaleza. Las piedras angulares de esta econom\u00eda son los salarios justos, las rutas directas sin pasos intermedios innecesarios, los procesos respetuosos con el medio ambiente y el intercambio m\u00e1s cercano posible.<\/span><\/p>\n<p>[\/et_pb_toggle][et_pb_toggle title=\u00bb3. \u00bfQu\u00e9 est\u00e1 haciendo Teikei Coffee?\u00bb open_toggle_text_color=\u00bb#000000&#8243; open_toggle_background_color=\u00bbrgba(0,0,0,0)\u00bb closed_toggle_text_color=\u00bb#000000&#8243; closed_toggle_background_color=\u00bbrgba(0,0,0,0)\u00bb icon_color=\u00bbrgba(0,0,0,0)\u00bb use_icon_font_size=\u00bbon\u00bb open_icon_color=\u00bbrgba(0,0,0,0)\u00bb open_use_icon_font_size=\u00bbon\u00bb _builder_version=\u00bb4.16&#8243; _module_preset=\u00bbdefault\u00bb title_text_color=\u00bb#000000&#8243; title_font=\u00bb|600|||||||\u00bb title_text_align=\u00bbleft\u00bb title_font_size=\u00bb14pt\u00bb title_line_height=\u00bb17pt\u00bb closed_title_font=\u00bb|600|||||||\u00bb closed_title_text_align=\u00bbleft\u00bb closed_title_font_size=\u00bb14pt\u00bb closed_title_line_height=\u00bb17pt\u00bb body_font=\u00bbBariol||||||||\u00bb body_text_align=\u00bbjustify\u00bb body_text_color=\u00bb#000000&#8243; body_font_size=\u00bb12pt\u00bb body_line_height=\u00bb16pt\u00bb custom_margin=\u00bb0px||0px||false|false\u00bb custom_padding=\u00bb10px||10px||true|false\u00bb border_color_all=\u00bbrgba(0,0,0,0)\u00bb global_colors_info=\u00bb{}\u00bb]<\/p>\n<p><span>Teikei Coffee est\u00e1 construyendo una comunidad. Los principios de la agricultura solidaria sirven de gu\u00eda. En esta comunidad est\u00e1n los agricultores de Oaxaca, M\u00e9xico, los marineros de nuestros socios de la compa\u00f1\u00eda naviera Timbercoast, los tostadores de Europa y los consumidores que disfrutan del caf\u00e9. Como parte de la comunidad, no s\u00f3lo disfrutas de un caf\u00e9 de alta calidad. Con su afiliaci\u00f3n asegura la estabilidad financiera de todos los implicados y defiende una econom\u00eda cafetera sostenible. Apoyas nuevas formas de cultivo respetuosas con el medio ambiente y nuevas (viejas) v\u00edas de transporte en barco de vela. \u00bfC\u00f3mo formar parte de esta comunidad?, puedes informarte <a href=\"https:\/\/www.teikeicoffee.org\/es\/dein-kaffee\/\">aqu\u00ed<\/a>.<\/span><\/p>\n<p>[\/et_pb_toggle][et_pb_toggle title=\u00bb4. \u00bfEs el caf\u00e9 Teikei org\u00e1nico?\u00bb open_toggle_text_color=\u00bb#000000&#8243; open_toggle_background_color=\u00bbrgba(0,0,0,0)\u00bb closed_toggle_text_color=\u00bb#000000&#8243; closed_toggle_background_color=\u00bbrgba(0,0,0,0)\u00bb icon_color=\u00bbrgba(0,0,0,0)\u00bb use_icon_font_size=\u00bbon\u00bb open_icon_color=\u00bbrgba(0,0,0,0)\u00bb open_use_icon_font_size=\u00bbon\u00bb _builder_version=\u00bb4.16&#8243; _module_preset=\u00bbdefault\u00bb title_text_color=\u00bb#000000&#8243; title_font=\u00bb|600|||||||\u00bb title_text_align=\u00bbleft\u00bb title_font_size=\u00bb14pt\u00bb title_line_height=\u00bb17pt\u00bb closed_title_font=\u00bb|600|||||||\u00bb closed_title_text_align=\u00bbleft\u00bb closed_title_font_size=\u00bb14pt\u00bb closed_title_line_height=\u00bb17pt\u00bb body_font=\u00bbBariol||||||||\u00bb body_text_align=\u00bbjustify\u00bb body_text_color=\u00bb#000000&#8243; body_font_size=\u00bb12pt\u00bb body_line_height=\u00bb16pt\u00bb custom_margin=\u00bb0px||0px||false|false\u00bb custom_padding=\u00bb10px||10px||true|false\u00bb border_color_all=\u00bbrgba(0,0,0,0)\u00bb global_colors_info=\u00bb{}\u00bb]<\/p>\n<p><span>El Caf\u00e9 Teikei lleva el certificado org\u00e1nico como \u00abcomerciante\u00bb, en todos los pasos prestamos atenci\u00f3n a un procesamiento limpio, humano y respetuoso con el medio ambiente. No todos nuestros agricultores llevan el certificado en el cultivo, por lo que no podemos llevar el sello ecol\u00f3gico en la bolsa. No obstante, cada cosecha se somete a un control de contaminantes para garantizar que el caf\u00e9 no est\u00e9 contaminado.<\/span><\/p>\n<p>[\/et_pb_toggle][et_pb_toggle title=\u00bb5. \u00bfEl caf\u00e9 Teikei es de comercio justo?\u00bb open_toggle_text_color=\u00bb#000000&#8243; open_toggle_background_color=\u00bbrgba(0,0,0,0)\u00bb closed_toggle_text_color=\u00bb#000000&#8243; closed_toggle_background_color=\u00bbrgba(0,0,0,0)\u00bb icon_color=\u00bbrgba(0,0,0,0)\u00bb use_icon_font_size=\u00bbon\u00bb open_icon_color=\u00bbrgba(0,0,0,0)\u00bb open_use_icon_font_size=\u00bbon\u00bb _builder_version=\u00bb4.16&#8243; _module_preset=\u00bbdefault\u00bb title_text_color=\u00bb#000000&#8243; title_font=\u00bb|600|||||||\u00bb title_text_align=\u00bbleft\u00bb title_font_size=\u00bb14pt\u00bb title_line_height=\u00bb17pt\u00bb closed_title_font=\u00bb|600|||||||\u00bb closed_title_text_align=\u00bbleft\u00bb closed_title_font_size=\u00bb14pt\u00bb closed_title_line_height=\u00bb17pt\u00bb body_font=\u00bbBariol||||||||\u00bb body_text_align=\u00bbjustify\u00bb body_text_color=\u00bb#000000&#8243; body_font_size=\u00bb12pt\u00bb body_line_height=\u00bb16pt\u00bb custom_margin=\u00bb0px||0px||false|false\u00bb custom_padding=\u00bb10px||10px||true|false\u00bb border_color_all=\u00bbrgba(0,0,0,0)\u00bb global_colors_info=\u00bb{}\u00bb]<\/p>\n<p><span>El comercio justo es una parte integral de nuestra declaraci\u00f3n de intenciones. Los salarios y las estructuras justas son nuestro principio rector. Para nosotros, el dinero no es un fin en s\u00ed mismo, sino un medio para conseguir que la industria del caf\u00e9 sea justa para todos los implicados. Sin embargo, no tenemos un certificado de Comercio Justo. Queremos establecer nuestra propia forma de comercio, con nuestros propios principios y normas. No dude en ponerse en contacto con nosotros si quiere profundizar en este tema.<\/span><\/p>\n<p>[\/et_pb_toggle][et_pb_toggle title=\u00bb6. \u00bfQu\u00e9 es un riesgo de cosecha y c\u00f3mo lo asumo?\u00bb open_toggle_text_color=\u00bb#000000&#8243; open_toggle_background_color=\u00bbrgba(0,0,0,0)\u00bb closed_toggle_text_color=\u00bb#000000&#8243; closed_toggle_background_color=\u00bbrgba(0,0,0,0)\u00bb icon_color=\u00bbrgba(0,0,0,0)\u00bb use_icon_font_size=\u00bbon\u00bb open_icon_color=\u00bbrgba(0,0,0,0)\u00bb open_use_icon_font_size=\u00bbon\u00bb _builder_version=\u00bb4.16&#8243; _module_preset=\u00bbdefault\u00bb title_text_color=\u00bb#000000&#8243; title_font=\u00bb|600|||||||\u00bb title_text_align=\u00bbleft\u00bb title_font_size=\u00bb14pt\u00bb title_line_height=\u00bb17pt\u00bb closed_title_font=\u00bb|600|||||||\u00bb closed_title_text_align=\u00bbleft\u00bb closed_title_font_size=\u00bb14pt\u00bb closed_title_line_height=\u00bb17pt\u00bb body_font=\u00bbBariol||||||||\u00bb body_text_align=\u00bbjustify\u00bb body_font_size=\u00bb12pt\u00bb body_line_height=\u00bb16pt\u00bb custom_margin=\u00bb0px||0px||false|false\u00bb custom_padding=\u00bb10px||10px||true|false\u00bb border_color_all=\u00bbrgba(0,0,0,0)\u00bb global_colors_info=\u00bb{}\u00bb]<\/p>\n<p><span>Hay muchos riesgos incontrolables en la agricultura: los da\u00f1os a las cosechas se producen por el clima extremo, los insectos, las enfermedades, etc. Muchos de estos factores est\u00e1n estrechamente relacionados con el cambio clim\u00e1tico, que podr\u00eda afectar negativamente a la agricultura. En muchos lugares, los agricultores cargan con estos riesgos sobre sus hombros. Una buena cosecha significa una base de suministro segura para el agricultor y su familia. Sin embargo, una mala cosecha puede amenazar r\u00e1pidamente la existencia del agricultor. No queremos que los agricultores carguen con todo el riesgo de la cosecha sobre sus hombros, sino que nos gustar\u00eda compartir este riesgo con un esp\u00edritu de solidaridad. Actualmente trabajamos con un precio por kilo en el que el riesgo est\u00e1 valuado. Usted recibe exactamente la cantidad que ha pagado.<\/span><\/p>\n<p>[\/et_pb_toggle][et_pb_toggle title=\u00bb7. \u00bfD\u00f3nde se cultiva el caf\u00e9?\u00bb open_toggle_text_color=\u00bb#000000&#8243; open_toggle_background_color=\u00bbrgba(0,0,0,0)\u00bb closed_toggle_text_color=\u00bb#000000&#8243; closed_toggle_background_color=\u00bbrgba(0,0,0,0)\u00bb icon_color=\u00bbrgba(0,0,0,0)\u00bb use_icon_font_size=\u00bbon\u00bb open_icon_color=\u00bbrgba(0,0,0,0)\u00bb open_use_icon_font_size=\u00bbon\u00bb _builder_version=\u00bb4.16&#8243; _module_preset=\u00bbdefault\u00bb title_text_color=\u00bb#000000&#8243; title_font=\u00bb|600|||||||\u00bb title_text_align=\u00bbleft\u00bb title_font_size=\u00bb14pt\u00bb title_line_height=\u00bb17pt\u00bb closed_title_font=\u00bb|600|||||||\u00bb closed_title_text_align=\u00bbleft\u00bb closed_title_font_size=\u00bb14pt\u00bb closed_title_line_height=\u00bb17pt\u00bb body_font=\u00bbBariol||||||||\u00bb body_text_align=\u00bbjustify\u00bb body_text_color=\u00bb#000000&#8243; body_font_size=\u00bb12pt\u00bb body_line_height=\u00bb16pt\u00bb custom_margin=\u00bb0px||0px||false|false\u00bb custom_padding=\u00bb10px||10px||true|false\u00bb border_color_all=\u00bbrgba(0,0,0,0)\u00bb global_colors_info=\u00bb{}\u00bb]<\/p>\n<p><span>El caf\u00e9 Teikei se cultiva en Oaxaca, M\u00e9xico. Trabajamos con dos cooperativas en particular. Conoce m\u00e1s sobre nuestro trabajo en M\u00e9xico <a href=\"https:\/\/www.teikeicoffee.org\/es\/projekt\/\">aqu\u00ed<\/a>.<\/span><\/p>\n<p>[\/et_pb_toggle][et_pb_toggle title=\u00bb8. \u00bfC\u00f3mo se transporta el caf\u00e9?\u00bb open_toggle_text_color=\u00bb#000000&#8243; open_toggle_background_color=\u00bbrgba(0,0,0,0)\u00bb closed_toggle_text_color=\u00bb#000000&#8243; closed_toggle_background_color=\u00bbrgba(0,0,0,0)\u00bb icon_color=\u00bbrgba(0,0,0,0)\u00bb use_icon_font_size=\u00bbon\u00bb open_icon_color=\u00bbrgba(0,0,0,0)\u00bb open_use_icon_font_size=\u00bbon\u00bb _builder_version=\u00bb4.16&#8243; _module_preset=\u00bbdefault\u00bb title_text_color=\u00bb#000000&#8243; title_font=\u00bb|600|||||||\u00bb title_text_align=\u00bbleft\u00bb title_font_size=\u00bb14pt\u00bb title_line_height=\u00bb17pt\u00bb closed_title_font=\u00bb|600|||||||\u00bb closed_title_text_align=\u00bbleft\u00bb closed_title_font_size=\u00bb14pt\u00bb closed_title_line_height=\u00bb17pt\u00bb body_font=\u00bbBariol||||||||\u00bb body_text_align=\u00bbjustify\u00bb body_text_color=\u00bb#000000&#8243; body_font_size=\u00bb12pt\u00bb body_line_height=\u00bb16pt\u00bb custom_margin=\u00bb0px||0px||false|false\u00bb custom_padding=\u00bb10px||10px||true|false\u00bb border_color_all=\u00bbrgba(0,0,0,0)\u00bb global_colors_info=\u00bb{}\u00bb]<\/p>\n<div><span lang=\"EN\">El caf\u00e9 se transporta en barco de vela desde M\u00e9xico hasta Alemania. Una forma de transporte lamentablemente inusual hoy en d\u00eda, por la que queremos dar la cara y no escatimar en gastos ni esfuerzos. Vale la pena leer m\u00e1s al respecto<\/span><span> <a href=\"https:\/\/www.teikeicoffee.org\/es\/projekt\/\">aqu\u00ed<\/a>.<\/span><\/div>\n<p>[\/et_pb_toggle][et_pb_toggle title=\u00bb9. \u00bfD\u00f3nde se tuesta el caf\u00e9?\u00bb open_toggle_text_color=\u00bb#000000&#8243; open_toggle_background_color=\u00bbrgba(0,0,0,0)\u00bb closed_toggle_text_color=\u00bb#000000&#8243; closed_toggle_background_color=\u00bbrgba(0,0,0,0)\u00bb icon_color=\u00bbrgba(0,0,0,0)\u00bb use_icon_font_size=\u00bbon\u00bb open_icon_color=\u00bbrgba(0,0,0,0)\u00bb open_use_icon_font_size=\u00bbon\u00bb _builder_version=\u00bb4.16&#8243; _module_preset=\u00bbdefault\u00bb title_text_color=\u00bb#000000&#8243; title_font=\u00bb|600|||||||\u00bb title_text_align=\u00bbleft\u00bb title_font_size=\u00bb14pt\u00bb title_line_height=\u00bb17pt\u00bb closed_title_font=\u00bb|600|||||||\u00bb closed_title_text_align=\u00bbleft\u00bb closed_title_font_size=\u00bb14pt\u00bb closed_title_line_height=\u00bb17pt\u00bb body_font=\u00bbBariol||||||||\u00bb body_text_align=\u00bbjustify\u00bb body_text_color=\u00bb#000000&#8243; body_font_size=\u00bb12pt\u00bb body_line_height=\u00bb16pt\u00bb custom_margin=\u00bb0px||0px||false|false\u00bb custom_padding=\u00bb10px||10px||true|false\u00bb border_color_all=\u00bbrgba(0,0,0,0)\u00bb global_colors_info=\u00bb{}\u00bb]<\/p>\n<p><span>Tostamos en Alemania y Suiza. <\/span><span>En Alemania, lo tostamos en Docklands Coffee, en Seevetal, cerca de Hamburgo. En Suiza, tostamos en Berna, en Adrianos, y en el tostador Hochstrasser, en Lucerna. <\/span><span>Lea m\u00e1s sobre nuestras instalaciones de tueste <a href=\"https:\/\/www.teikeicoffee.org\/es\/projekt\/\">aqu\u00ed<\/a>. <\/span><\/p>\n<p>[\/et_pb_toggle][et_pb_toggle title=\u00bb10. \u00bfC\u00f3mo puedo participar?\u00bb open_toggle_text_color=\u00bb#000000&#8243; open_toggle_background_color=\u00bbrgba(0,0,0,0)\u00bb closed_toggle_text_color=\u00bb#000000&#8243; closed_toggle_background_color=\u00bbrgba(0,0,0,0)\u00bb icon_color=\u00bbrgba(0,0,0,0)\u00bb use_icon_font_size=\u00bbon\u00bb open_icon_color=\u00bbrgba(0,0,0,0)\u00bb open_use_icon_font_size=\u00bbon\u00bb _builder_version=\u00bb4.16&#8243; _module_preset=\u00bbdefault\u00bb title_text_color=\u00bb#000000&#8243; title_font=\u00bb|600|||||||\u00bb title_text_align=\u00bbleft\u00bb title_font_size=\u00bb14pt\u00bb title_line_height=\u00bb17pt\u00bb closed_title_font=\u00bb|600|||||||\u00bb closed_title_text_align=\u00bbleft\u00bb closed_title_font_size=\u00bb14pt\u00bb closed_title_line_height=\u00bb17pt\u00bb body_font=\u00bbBariol||||||||\u00bb body_text_align=\u00bbjustify\u00bb body_text_color=\u00bb#000000&#8243; body_font_size=\u00bb12pt\u00bb body_line_height=\u00bb16pt\u00bb custom_margin=\u00bb0px||0px||false|false\u00bb custom_padding=\u00bb10px||10px||true|false\u00bb border_color_all=\u00bbrgba(0,0,0,0)\u00bb global_colors_info=\u00bb{}\u00bb]<\/p>\n<p><span>Teikei Coffee vive a trav\u00e9s de sus miembros. En un futuro pr\u00f3ximo, nos organizaremos como cooperativa. Cuando llegue ese momento, podr\u00e1s formar parte de ella e implicarte en los grupos de trabajo para una econom\u00eda cafetera sostenible. Ya puedes dar tu primer paso en la comunidad tomando caf\u00e9 Teikei. Ap\u00fantate a una suscripci\u00f3n con nosotros. Lo llamamos \u00abcuota de cosecha\u00bb, o sea, tu parte de la cosecha de la comunidad del Caf\u00e9 Teikei. Puedes hacerlo <a href=\"https:\/\/www.teikeicoffee.org\/es\/dein-kaffee\/\">aqu\u00ed<\/a>. <\/span><\/p>\n<p>[\/et_pb_toggle][et_pb_toggle title=\u00bb11. \u00bfQu\u00e9 es el Caf\u00e9teria Teikei?\u00bb open_toggle_text_color=\u00bb#000000&#8243; open_toggle_background_color=\u00bbrgba(0,0,0,0)\u00bb closed_toggle_text_color=\u00bb#000000&#8243; closed_toggle_background_color=\u00bbrgba(0,0,0,0)\u00bb icon_color=\u00bbrgba(0,0,0,0)\u00bb use_icon_font_size=\u00bbon\u00bb open_icon_color=\u00bbrgba(0,0,0,0)\u00bb open_use_icon_font_size=\u00bbon\u00bb _builder_version=\u00bb4.16&#8243; _module_preset=\u00bbdefault\u00bb title_text_color=\u00bb#000000&#8243; title_font=\u00bb|600|||||||\u00bb title_text_align=\u00bbleft\u00bb title_font_size=\u00bb14pt\u00bb title_line_height=\u00bb17pt\u00bb closed_title_font=\u00bb|600|||||||\u00bb closed_title_text_align=\u00bbleft\u00bb closed_title_font_size=\u00bb14pt\u00bb closed_title_line_height=\u00bb17pt\u00bb body_font=\u00bbBariol||||||||\u00bb body_text_align=\u00bbjustify\u00bb body_text_color=\u00bb#000000&#8243; body_font_size=\u00bb12pt\u00bb body_line_height=\u00bb16pt\u00bb custom_margin=\u00bb0px||0px||false|false\u00bb custom_padding=\u00bb10px||10px||true|false\u00bb border_color_all=\u00bbrgba(0,0,0,0)\u00bb global_colors_info=\u00bb{}\u00bb]<\/p>\n<p><span>El Caf\u00e9teria Teikei hace tangible la comunidad y la historia del Caf\u00e9 Teikei. Servimos caf\u00e9 Teikei cuidadosamente elaborado con deliciosa comida org\u00e1nica y estamos encantados de entablar una conversaci\u00f3n contigo. Nuestro primer y hasta ahora \u00fanico Teikei Caf\u00e9 est\u00e1 situado en Marktstra\u00dfe 25, 20357 Hamburgo. Esperamos su visita.<\/span><\/p>\n<p>[\/et_pb_toggle][\/et_pb_column][\/et_pb_row][et_pb_row _builder_version=\u00bb4.16&#8243; _module_preset=\u00bbdefault\u00bb width=\u00bb75%\u00bb width_tablet=\u00bb\u00bb width_phone=\u00bb\u00bb width_last_edited=\u00bbon|phone\u00bb max_width=\u00bb100%\u00bb custom_margin=\u00bb|10px|||false|false\u00bb module_alignment_tablet=\u00bb\u00bb module_alignment_phone=\u00bbcenter\u00bb module_alignment_last_edited=\u00bbon|phone\u00bb global_colors_info=\u00bb{}\u00bb][et_pb_column type=\u00bb4_4&#8243; _builder_version=\u00bb4.16&#8243; _module_preset=\u00bbdefault\u00bb border_color_all=\u00bbrgba(0,0,0,0)\u00bb global_colors_info=\u00bb{}\u00bb][et_pb_text module_class=\u00bbfaq_2_title\u00bb _builder_version=\u00bb4.16&#8243; _module_preset=\u00bbdefault\u00bb header_3_font=\u00bb|600|||||||\u00bb header_3_text_color=\u00bb#FFFFFF\u00bb header_3_font_size=\u00bb16pt\u00bb background_color=\u00bb#000000&#8243; text_orientation=\u00bbcenter\u00bb height=\u00bb95px\u00bb custom_margin=\u00bb||||false|false\u00bb custom_padding=\u00bb35px||||false|false\u00bb custom_css_main_element=\u00bbcursor: pointer!important;\u00bb border_width_all=\u00bb1px\u00bb border_color_all=\u00bb#000000&#8243; global_colors_info=\u00bb{}\u00bb]<\/p>\n<h3>PREGUNTAG SOBRE EL PEDIDO<\/h3>\n<p>[\/et_pb_text][\/et_pb_column][\/et_pb_row][et_pb_row _builder_version=\u00bb4.16&#8243; _module_preset=\u00bbdefault\u00bb width=\u00bb75%\u00bb width_tablet=\u00bb\u00bb width_phone=\u00bb\u00bb width_last_edited=\u00bbon|phone\u00bb max_width=\u00bb100%\u00bb custom_margin=\u00bb|10px|||false|false\u00bb module_alignment_tablet=\u00bb\u00bb module_alignment_phone=\u00bbcenter\u00bb module_alignment_last_edited=\u00bbon|phone\u00bb global_colors_info=\u00bb{}\u00bb][et_pb_column type=\u00bb4_4&#8243; module_class=\u00bbfaq_2&#8243; _builder_version=\u00bb4.16&#8243; _module_preset=\u00bbdefault\u00bb global_colors_info=\u00bb{}\u00bb][et_pb_divider show_divider=\u00bboff\u00bb _builder_version=\u00bb4.16&#8243; _module_preset=\u00bbdefault\u00bb global_colors_info=\u00bb{}\u00bb][\/et_pb_divider][et_pb_toggle title=\u00bb1. \u00bfC\u00f3mo se consigue el Caf\u00e9 Teikei? \u00bfTengo que ser miembro? \u00bb open_toggle_text_color=\u00bb#000000&#8243; open_toggle_background_color=\u00bbrgba(0,0,0,0)\u00bb closed_toggle_text_color=\u00bb#000000&#8243; closed_toggle_background_color=\u00bbrgba(0,0,0,0)\u00bb icon_color=\u00bbrgba(0,0,0,0)\u00bb use_icon_font_size=\u00bbon\u00bb open_icon_color=\u00bbrgba(0,0,0,0)\u00bb open_use_icon_font_size=\u00bbon\u00bb _builder_version=\u00bb4.16&#8243; _module_preset=\u00bbdefault\u00bb title_text_color=\u00bb#000000&#8243; title_font=\u00bb|600|||||||\u00bb title_text_align=\u00bbleft\u00bb title_font_size=\u00bb14pt\u00bb title_line_height=\u00bb17pt\u00bb closed_title_font=\u00bb|600|||||||\u00bb closed_title_text_align=\u00bbleft\u00bb closed_title_font_size=\u00bb14pt\u00bb closed_title_line_height=\u00bb17pt\u00bb body_font=\u00bbBariol||||||||\u00bb body_text_align=\u00bbjustify\u00bb body_text_color=\u00bb#000000&#8243; body_font_size=\u00bb12pt\u00bb body_line_height=\u00bb16pt\u00bb custom_margin=\u00bb0px||0px||false|false\u00bb custom_padding=\u00bb10px||10px||true|false\u00bb border_color_all=\u00bbrgba(0,0,0,0)\u00bb global_colors_info=\u00bb{}\u00bb]<\/p>\n<p>Puedes disfrutar del Caf\u00e9 Teikei a trav\u00e9s de diferentes canales, pero no es necesario que seas miembro de Teikei Coffee.<\/p>\n<p>You can enjoy Teikei Coffee through different channels, but you don\u2019t have to be a Teikei Coffee member.<\/p>\n<p>1. you subscribe to us and become a member of the Teikei Coffee community. This is most in line with our philosophy. Here you can take responsibility and enjoy the coffee most directly and cheapest.<\/p>\n<p>2. you order as a non-member in our online tasting store. Simple, easy and fast you can order a small amount of Teikei Coffee to try first if you like the coffee before you become part of the community.<\/p>\n<p>[\/et_pb_toggle][et_pb_toggle title=\u00bb2. \u00bfC\u00f3mo me suscribo a la comunidad de Caf\u00e9 Teikei?\u00bb open_toggle_text_color=\u00bb#000000&#8243; open_toggle_background_color=\u00bbrgba(0,0,0,0)\u00bb closed_toggle_text_color=\u00bb#000000&#8243; closed_toggle_background_color=\u00bbrgba(0,0,0,0)\u00bb icon_color=\u00bbrgba(0,0,0,0)\u00bb use_icon_font_size=\u00bbon\u00bb open_icon_color=\u00bbrgba(0,0,0,0)\u00bb open_use_icon_font_size=\u00bbon\u00bb _builder_version=\u00bb4.16&#8243; _module_preset=\u00bbdefault\u00bb title_text_color=\u00bb#000000&#8243; title_font=\u00bb|600|||||||\u00bb title_text_align=\u00bbleft\u00bb title_font_size=\u00bb14pt\u00bb title_line_height=\u00bb17pt\u00bb closed_title_font=\u00bb|600|||||||\u00bb closed_title_text_align=\u00bbleft\u00bb closed_title_font_size=\u00bb14pt\u00bb closed_title_line_height=\u00bb17pt\u00bb body_font=\u00bbBariol||||||||\u00bb body_text_align=\u00bbjustify\u00bb body_text_color=\u00bb#000000&#8243; body_font_size=\u00bb12pt\u00bb body_line_height=\u00bb16pt\u00bb custom_margin=\u00bb0px||0px||false|false\u00bb custom_padding=\u00bb10px||10px||true|false\u00bb border_color_all=\u00bbrgba(0,0,0,0)\u00bb global_colors_info=\u00bb{}\u00bb]<\/p>\n<p><a href=\"https:\/\/www.teikeicoffee.org\/es\/dein-kaffee\/\">Aqu\u00ed<\/a> puedes suscribirte a tu propio caf\u00e9. Tienes la opci\u00f3n de comprar una suscripci\u00f3n individual y recibir el caf\u00e9 directamente en tu casa o puedes comprar una suscripci\u00f3n comunitaria y recoger el caf\u00e9 en un punto de distribuci\u00f3n de tu comunidad.<\/p>\n<p>Siempre lo entregamos en sacos de 1 kg o en contenedores de 10 kg sin envasar. Entregamos el caf\u00e9 de forma mensual, bimensual o trimestral. Recomendamos la entrega trimestral. Entregamos en su casa o comunidad dentro de una semana de cada tueste.<\/p>\n<p>Usted siempre paga por un a\u00f1o. Simplemente calcule su suministro anual aproximado y p\u00e1guelo cuando haga su pedido. No se preocupe, puede ajustar la cantidad de entrega a lo largo del a\u00f1o si se da cuenta de que bebe menos o m\u00e1s caf\u00e9.<\/p>\n<p>[\/et_pb_toggle][et_pb_toggle title=\u00bb3.\u00bfCu\u00e1ndo tengo que hacer el pedido?\u00bb open_toggle_text_color=\u00bb#000000&#8243; open_toggle_background_color=\u00bbrgba(0,0,0,0)\u00bb closed_toggle_text_color=\u00bb#000000&#8243; closed_toggle_background_color=\u00bbrgba(0,0,0,0)\u00bb icon_color=\u00bbrgba(0,0,0,0)\u00bb use_icon_font_size=\u00bbon\u00bb open_icon_color=\u00bbrgba(0,0,0,0)\u00bb open_use_icon_font_size=\u00bbon\u00bb _builder_version=\u00bb4.16&#8243; _module_preset=\u00bbdefault\u00bb title_text_color=\u00bb#000000&#8243; title_font=\u00bb|600|||||||\u00bb title_text_align=\u00bbleft\u00bb title_font_size=\u00bb14pt\u00bb title_line_height=\u00bb17pt\u00bb closed_title_font=\u00bb|600|||||||\u00bb closed_title_text_align=\u00bbleft\u00bb closed_title_font_size=\u00bb14pt\u00bb closed_title_line_height=\u00bb17pt\u00bb body_font=\u00bbBariol||||||||\u00bb body_text_align=\u00bbjustify\u00bb body_text_color=\u00bb#000000&#8243; body_font_size=\u00bb12pt\u00bb body_line_height=\u00bb16pt\u00bb custom_margin=\u00bb0px||0px||false|false\u00bb custom_padding=\u00bb10px||10px||true|false\u00bb border_color_all=\u00bbrgba(0,0,0,0)\u00bb global_colors_info=\u00bb{}\u00bb]<\/p>\n<p>Un a\u00f1o de cosecha siempre empieza y termina para nosotros en julio. Es el mes en el que llega el velero con nuestra cosecha. Sin embargo, puedes formar parte de la comunidad del Caf\u00e9 Teikei en cualquier momento. As\u00ed que puedes suscribirte en cualquier mes del a\u00f1o y disfrutar de la primera entrega de Caf\u00e9 Teikei ya en el mes siguiente.<\/p>\n<p>[\/et_pb_toggle][et_pb_toggle title=\u00bb4. \u00bfPuedo cancelar mi suscripci\u00f3n?\t\u00bb open_toggle_text_color=\u00bb#000000&#8243; open_toggle_background_color=\u00bbrgba(0,0,0,0)\u00bb closed_toggle_text_color=\u00bb#000000&#8243; closed_toggle_background_color=\u00bbrgba(0,0,0,0)\u00bb icon_color=\u00bbrgba(0,0,0,0)\u00bb use_icon_font_size=\u00bbon\u00bb open_icon_color=\u00bbrgba(0,0,0,0)\u00bb open_use_icon_font_size=\u00bbon\u00bb _builder_version=\u00bb4.16&#8243; _module_preset=\u00bbdefault\u00bb title_text_color=\u00bb#000000&#8243; title_font=\u00bb|600|||||||\u00bb title_text_align=\u00bbleft\u00bb title_font_size=\u00bb14pt\u00bb title_line_height=\u00bb17pt\u00bb closed_title_font=\u00bb|600|||||||\u00bb closed_title_text_align=\u00bbleft\u00bb closed_title_font_size=\u00bb14pt\u00bb closed_title_line_height=\u00bb17pt\u00bb body_font=\u00bbBariol||||||||\u00bb body_text_align=\u00bbjustify\u00bb body_text_color=\u00bb#000000&#8243; body_font_size=\u00bb12pt\u00bb body_line_height=\u00bb16pt\u00bb custom_margin=\u00bb0px||0px||false|false\u00bb custom_padding=\u00bb10px||10px||true|false\u00bb border_color_all=\u00bbrgba(0,0,0,0)\u00bb global_colors_info=\u00bb{}\u00bb]<\/p>\n<p>Una suscripci\u00f3n siempre tiene una duraci\u00f3n de un a\u00f1o. Sin embargo, en casos especiales tambi\u00e9n aceptamos cancelaciones dentro del a\u00f1o y reembolsamos el importe restante. No dude en ponerse en contacto con nosotros.<\/p>\n<p>[\/et_pb_toggle][et_pb_toggle title=\u00bb5. \u00bfCu\u00e1nto dura una suscripci\u00f3n y se renueva autom\u00e1ticamente?\u00bb open_toggle_text_color=\u00bb#000000&#8243; open_toggle_background_color=\u00bbrgba(0,0,0,0)\u00bb closed_toggle_text_color=\u00bb#000000&#8243; closed_toggle_background_color=\u00bbrgba(0,0,0,0)\u00bb icon_color=\u00bbrgba(0,0,0,0)\u00bb use_icon_font_size=\u00bbon\u00bb open_icon_color=\u00bbrgba(0,0,0,0)\u00bb open_use_icon_font_size=\u00bbon\u00bb _builder_version=\u00bb4.16&#8243; _module_preset=\u00bbdefault\u00bb title_text_color=\u00bb#000000&#8243; title_font=\u00bb|600|||||||\u00bb title_text_align=\u00bbleft\u00bb title_font_size=\u00bb14pt\u00bb title_line_height=\u00bb17pt\u00bb closed_title_font=\u00bb|600|||||||\u00bb closed_title_text_align=\u00bbleft\u00bb closed_title_font_size=\u00bb14pt\u00bb closed_title_line_height=\u00bb17pt\u00bb body_font=\u00bbBariol||||||||\u00bb body_text_align=\u00bbjustify\u00bb body_text_color=\u00bb#000000&#8243; body_font_size=\u00bb12pt\u00bb body_line_height=\u00bb16pt\u00bb custom_margin=\u00bb0px||0px||false|false\u00bb custom_padding=\u00bb10px||10px||true|false\u00bb border_color_all=\u00bbrgba(0,0,0,0)\u00bb global_colors_info=\u00bb{}\u00bb]<\/p>\n<div><span lang=\"EN\">La suscripci\u00f3n es siempre por un a\u00f1o. Usted paga por adelantado 4, 6 o 12 entregas al a\u00f1o, dependiendo del ritmo de entrega deseado. Despu\u00e9s de recibir la \u00faltima entrega, recibir\u00e1 un correo electr\u00f3nico nuestro pregunt\u00e1ndole si desea renovar su suscripci\u00f3n. La renovaci\u00f3n autom\u00e1tica no est\u00e1 prevista por defecto, pero estaremos encantados de configurarla para usted si lo desea.<span>\u00a0 <\/span><\/span><\/div>\n<div><\/div>\n<p>[\/et_pb_toggle][et_pb_toggle title=\u00bb6. \u00bfPor qu\u00e9 merece la pena suscribirse en comunidad?\u00bb open_toggle_text_color=\u00bb#000000&#8243; open_toggle_background_color=\u00bbrgba(0,0,0,0)\u00bb closed_toggle_text_color=\u00bb#000000&#8243; closed_toggle_background_color=\u00bbrgba(0,0,0,0)\u00bb icon_color=\u00bbrgba(0,0,0,0)\u00bb use_icon_font_size=\u00bbon\u00bb open_icon_color=\u00bbrgba(0,0,0,0)\u00bb open_use_icon_font_size=\u00bbon\u00bb _builder_version=\u00bb4.16&#8243; _module_preset=\u00bbdefault\u00bb title_text_color=\u00bb#000000&#8243; title_font=\u00bb|600|||||||\u00bb title_text_align=\u00bbleft\u00bb title_font_size=\u00bb14pt\u00bb title_line_height=\u00bb17pt\u00bb closed_title_font=\u00bb|600|||||||\u00bb closed_title_text_align=\u00bbleft\u00bb closed_title_font_size=\u00bb14pt\u00bb closed_title_line_height=\u00bb17pt\u00bb body_font=\u00bbBariol||||||||\u00bb body_text_align=\u00bbjustify\u00bb body_font_size=\u00bb12pt\u00bb body_line_height=\u00bb16pt\u00bb custom_margin=\u00bb0px||0px||false|false\u00bb custom_padding=\u00bb10px||10px||true|false\u00bb border_color_all=\u00bbrgba(0,0,0,0)\u00bb global_colors_info=\u00bb{}\u00bb]<\/p>\n<p>La suscripci\u00f3n a la comunidad tiene muchas ventajas y es el modelo preferido. Tiene la oportunidad de intercambiar ideas con otros miembros y conocer gente nueva. Agrupas tus env\u00edos y ahorras material de env\u00edo y empaques innecesario. Esto no s\u00f3lo protege el medio ambiente sino tambi\u00e9n tu cartera, porque en la comunidad la suscripci\u00f3n es m\u00e1s barata.<\/p>\n<p>[\/et_pb_toggle][et_pb_toggle title=\u00bb7. \u00bfCu\u00e1l es el costo del caf\u00e9 Teikei y c\u00f3mo se calcula el precio?\u00bb open_toggle_text_color=\u00bb#000000&#8243; open_toggle_background_color=\u00bbrgba(0,0,0,0)\u00bb closed_toggle_text_color=\u00bb#000000&#8243; closed_toggle_background_color=\u00bbrgba(0,0,0,0)\u00bb icon_color=\u00bbrgba(0,0,0,0)\u00bb use_icon_font_size=\u00bbon\u00bb open_icon_color=\u00bbrgba(0,0,0,0)\u00bb open_use_icon_font_size=\u00bbon\u00bb _builder_version=\u00bb4.16&#8243; _module_preset=\u00bbdefault\u00bb title_text_color=\u00bb#000000&#8243; title_font=\u00bb|600|||||||\u00bb title_text_align=\u00bbleft\u00bb title_font_size=\u00bb14pt\u00bb title_line_height=\u00bb17pt\u00bb closed_title_font=\u00bb|600|||||||\u00bb closed_title_text_align=\u00bbleft\u00bb closed_title_font_size=\u00bb14pt\u00bb closed_title_line_height=\u00bb17pt\u00bb body_font=\u00bbBariol||||||||\u00bb body_text_align=\u00bbjustify\u00bb body_text_color=\u00bb#000000&#8243; body_font_size=\u00bb12pt\u00bb body_line_height=\u00bb16pt\u00bb custom_margin=\u00bb0px||0px||false|false\u00bb custom_padding=\u00bb10px||10px||true|false\u00bb border_color_all=\u00bbrgba(0,0,0,0)\u00bb global_colors_info=\u00bb{}\u00bb]<\/p>\n<p>El precio de un kilo de caf\u00e9 oscila entre los 29 euros por kilo y los 33 euros, dependiendo de c\u00f3mo nos pida el caf\u00e9. El modelo m\u00e1s barato es el que no est\u00e1 empaquetado, mientras que el kg en la tienda de degustaci\u00f3n en l\u00ednea es el m\u00e1s caro. Puede encontrar el desglose de costes exacto <a href=\"https:\/\/www.teikeicoffee.org\/es\/projekt\/\">aqu\u00ed<\/a>.<\/p>\n<p>[\/et_pb_toggle][et_pb_toggle title=\u00bb8. \u00bfC\u00f3mo puedo crear una comunidad y qu\u00e9 debo tener en cuenta?\u00bb open_toggle_text_color=\u00bb#000000&#8243; open_toggle_background_color=\u00bbrgba(0,0,0,0)\u00bb closed_toggle_text_color=\u00bb#000000&#8243; closed_toggle_background_color=\u00bbrgba(0,0,0,0)\u00bb icon_color=\u00bbrgba(0,0,0,0)\u00bb use_icon_font_size=\u00bbon\u00bb open_icon_color=\u00bbrgba(0,0,0,0)\u00bb open_use_icon_font_size=\u00bbon\u00bb _builder_version=\u00bb4.16&#8243; _module_preset=\u00bbdefault\u00bb title_text_color=\u00bb#000000&#8243; title_font=\u00bb|600|||||||\u00bb title_text_align=\u00bbleft\u00bb title_font_size=\u00bb14pt\u00bb title_line_height=\u00bb17pt\u00bb closed_title_font=\u00bb|600|||||||\u00bb closed_title_text_align=\u00bbleft\u00bb closed_title_font_size=\u00bb14pt\u00bb closed_title_line_height=\u00bb17pt\u00bb body_font=\u00bbBariol||||||||\u00bb body_text_align=\u00bbjustify\u00bb body_text_color=\u00bb#000000&#8243; body_font_size=\u00bb12pt\u00bb body_line_height=\u00bb16pt\u00bb custom_margin=\u00bb0px||0px||false|false\u00bb custom_padding=\u00bb10px||10px||true|false\u00bb border_color_all=\u00bbrgba(0,0,0,0)\u00bb global_colors_info=\u00bb{}\u00bb]<\/p>\n<p>Si quiere crear su propia comunidad, la \u00fanica condici\u00f3n es pedir al menos 5 kg por entrega. Si esto est\u00e1 garantizado, s\u00f3lo tienes que seguir estos pasos:<\/p>\n<p>Rellene este <a href=\"https:\/\/www.teikeicoffee.org\/gruende-eine-gemeinschaft\/\">formulario<\/a><\/p>\n<p>Aqu\u00ed se le preguntar\u00e1 paso a paso c\u00f3mo debe configurarse su comunidad. La frecuencia de entrega, la cantidad m\u00e1xima de entrega, la direcci\u00f3n del dep\u00f3sito de entrega: todo esto se describe y se solicita aqu\u00ed. S\u00f3lo tiene que enviarnos el formulario. Al cabo de unos d\u00edas habremos configurado la comunidad y se lo notificaremos por correo electr\u00f3nico. A partir de ese momento, usted y todos los dem\u00e1s podr\u00e1n suscribirse a un abono de caf\u00e9 con <a href=\"https:\/\/www.teikeicoffee.org\/teikeikaffee-bestellen\">este formulario.<\/a><\/p>\n<p>La facturaci\u00f3n de cada suscripci\u00f3n se realiza entre los suscriptores y Teikei Coffee. As\u00ed que s\u00f3lo tienes que ocuparte de la distribuci\u00f3n, nosotros nos encargamos de la parte financiera.<\/p>\n<p>Es una buena idea crear una lista de distribuci\u00f3n de correo electr\u00f3nico a trav\u00e9s de la cual se puede comunicar como comunidad para organizar la distribuci\u00f3n y los eventos si es necesario.<\/p>\n<p>Como organizador, tambi\u00e9n puedes establecer una direcci\u00f3n de correo electr\u00f3nico de Teikei Coffee para utilizarla con fines organizativos, esto lo haces en el primer formulario.<\/p>\n<p>[\/et_pb_toggle][et_pb_toggle title=\u00bb9. \u00bfC\u00f3mo funciona exactamente el proceso de pedido en las comunidades?\u00bb open_toggle_text_color=\u00bb#000000&#8243; open_toggle_background_color=\u00bbrgba(0,0,0,0)\u00bb closed_toggle_text_color=\u00bb#000000&#8243; closed_toggle_background_color=\u00bbrgba(0,0,0,0)\u00bb icon_color=\u00bbrgba(0,0,0,0)\u00bb use_icon_font_size=\u00bbon\u00bb open_icon_color=\u00bbrgba(0,0,0,0)\u00bb open_use_icon_font_size=\u00bbon\u00bb _builder_version=\u00bb4.16&#8243; _module_preset=\u00bbdefault\u00bb title_text_color=\u00bb#000000&#8243; title_font=\u00bb|600|||||||\u00bb title_text_align=\u00bbleft\u00bb title_font_size=\u00bb14pt\u00bb title_line_height=\u00bb17pt\u00bb closed_title_font=\u00bb|600|||||||\u00bb closed_title_text_align=\u00bbleft\u00bb closed_title_font_size=\u00bb14pt\u00bb closed_title_line_height=\u00bb17pt\u00bb body_font=\u00bbBariol||||||||\u00bb body_text_align=\u00bbjustify\u00bb body_text_color=\u00bb#000000&#8243; body_font_size=\u00bb12pt\u00bb body_line_height=\u00bb16pt\u00bb custom_margin=\u00bb0px||0px||false|false\u00bb custom_padding=\u00bb10px||10px||true|false\u00bb border_color_all=\u00bbrgba(0,0,0,0)\u00bb global_colors_info=\u00bb{}\u00bb]<\/p>\n<p>La suscripci\u00f3n a la comunidad tiene muchas ventajas y es el modelo preferido. Tienes la oportunidad de intercambiar ideas con otros miembros y conocer gente nueva. Agrupas tus env\u00edos y ahorras material de env\u00edo y embalaje innecesario. Esto no s\u00f3lo protege el medio ambiente sino tambi\u00e9n tu cartera, porque en la comunidad la suscripci\u00f3n es m\u00e1s barata.<\/p>\n<p>[\/et_pb_toggle][et_pb_toggle title=\u00bb10. \u00bfC\u00f3mo funciona el servicio de cero residuos de Teikei Coffee?\u00bb open_toggle_text_color=\u00bb#000000&#8243; open_toggle_background_color=\u00bbrgba(0,0,0,0)\u00bb closed_toggle_text_color=\u00bb#000000&#8243; closed_toggle_background_color=\u00bbrgba(0,0,0,0)\u00bb icon_color=\u00bbrgba(0,0,0,0)\u00bb use_icon_font_size=\u00bbon\u00bb open_icon_color=\u00bbrgba(0,0,0,0)\u00bb open_use_icon_font_size=\u00bbon\u00bb _builder_version=\u00bb4.16&#8243; _module_preset=\u00bbdefault\u00bb title_text_color=\u00bb#000000&#8243; title_font=\u00bb|600|||||||\u00bb title_text_align=\u00bbleft\u00bb title_font_size=\u00bb14pt\u00bb title_line_height=\u00bb17pt\u00bb closed_title_font=\u00bb|600|||||||\u00bb closed_title_text_align=\u00bbleft\u00bb closed_title_font_size=\u00bb14pt\u00bb closed_title_line_height=\u00bb17pt\u00bb body_font=\u00bbBariol||||||||\u00bb body_text_align=\u00bbjustify\u00bb body_text_color=\u00bb#000000&#8243; body_font_size=\u00bb12pt\u00bb body_line_height=\u00bb16pt\u00bb custom_margin=\u00bb0px||0px||false|false\u00bb custom_padding=\u00bb10px||10px||true|false\u00bb border_color_all=\u00bbrgba(0,0,0,0)\u00bb global_colors_info=\u00bb{}\u00bb]<\/p>\n<p>Tostamos su caf\u00e9 fresco, como caf\u00e9 de filtro o espresso (en grano). Envasado en un cubo de lata de 10 kg, cada llenado de 10 kg cuesta un total de 290,00 euros + 10 euros de gastos de env\u00edo (los gastos de env\u00edo quedan exentos<span>\u00a0 <\/span>su necesidad anual). Adem\u00e1s, hay un costo \u00fanico por cubo de 17,00 \u20ac (8,- \u20ac por el cubo, 9,- \u20ac por una caja de cart\u00f3n de tres capas, que puede utilizarse varias veces, por lo que s\u00f3lo paga este costo por el primer pedido). Cuando llegue el cubo, lo vac\u00eda y env\u00eda el cubo a nuestro tostador para que lo rellene. El cubo y la caja son entonces de su propiedad. El \u00fanico esfuerzo que tendr\u00e1 que hacer es limpiar el cubo seg\u00fan sus deseos y llevarlo a la oficina de correos. Tambi\u00e9n ser\u00eda muy \u00fatil que etiquetaras el cubo y el paquete y dejaras claro que te pertenecen. \u00a1Escr\u00edbenos si te interesa!<\/p>\n<p>[\/et_pb_toggle][et_pb_toggle title=\u00bb11. \u00bfSe puede comprar el caf\u00e9 Teikei tambi\u00e9n en grano verde?\u00bb open_toggle_text_color=\u00bb#000000&#8243; open_toggle_background_color=\u00bbrgba(0,0,0,0)\u00bb closed_toggle_text_color=\u00bb#000000&#8243; closed_toggle_background_color=\u00bbrgba(0,0,0,0)\u00bb icon_color=\u00bbrgba(0,0,0,0)\u00bb use_icon_font_size=\u00bbon\u00bb open_icon_color=\u00bbrgba(0,0,0,0)\u00bb open_use_icon_font_size=\u00bbon\u00bb _builder_version=\u00bb4.16&#8243; _module_preset=\u00bbdefault\u00bb title_text_color=\u00bb#000000&#8243; title_font=\u00bb|600|||||||\u00bb title_text_align=\u00bbleft\u00bb title_font_size=\u00bb14pt\u00bb title_line_height=\u00bb17pt\u00bb closed_title_font=\u00bb|600|||||||\u00bb closed_title_text_align=\u00bbleft\u00bb closed_title_font_size=\u00bb14pt\u00bb closed_title_line_height=\u00bb17pt\u00bb body_font=\u00bbBariol||||||||\u00bb body_text_align=\u00bbjustify\u00bb body_text_color=\u00bb#000000&#8243; body_font_size=\u00bb12pt\u00bb body_line_height=\u00bb16pt\u00bb custom_margin=\u00bb0px||0px||false|false\u00bb custom_padding=\u00bb10px||10px||true|false\u00bb border_color_all=\u00bbrgba(0,0,0,0)\u00bb global_colors_info=\u00bb{}\u00bb]<\/p>\n<p>S\u00ed, tambi\u00e9n ofrecemos los granos verdes listos para ser tostados. Estamos muy interesados en crear estructuras de tueste descentralizadas y nos esforzamos por dotar a cada comunidad de Caf\u00e9 Teikei de su propio tostador. De este modo, las distancias de transporte pueden mantenerse cortas y los gustos de cada miembro pueden atenderse de forma m\u00e1s individualizada. P\u00f3ngase en contacto con nosotros.<\/p>\n<p>[\/et_pb_toggle][et_pb_toggle title=\u00bb12. \u00bfPuedo cambiar mi cantidad de entrega en cualquier momento?\u00bb open_toggle_text_color=\u00bb#000000&#8243; open_toggle_background_color=\u00bbrgba(0,0,0,0)\u00bb closed_toggle_text_color=\u00bb#000000&#8243; closed_toggle_background_color=\u00bbrgba(0,0,0,0)\u00bb icon_color=\u00bbrgba(0,0,0,0)\u00bb use_icon_font_size=\u00bbon\u00bb open_icon_color=\u00bbrgba(0,0,0,0)\u00bb open_use_icon_font_size=\u00bbon\u00bb _builder_version=\u00bb4.16&#8243; _module_preset=\u00bbdefault\u00bb title_text_color=\u00bb#000000&#8243; title_font=\u00bb|600|||||||\u00bb title_text_align=\u00bbleft\u00bb title_font_size=\u00bb14pt\u00bb title_line_height=\u00bb17pt\u00bb closed_title_font=\u00bb|600|||||||\u00bb closed_title_text_align=\u00bbleft\u00bb closed_title_font_size=\u00bb14pt\u00bb closed_title_line_height=\u00bb17pt\u00bb body_font=\u00bbBariol||||||||\u00bb body_text_align=\u00bbjustify\u00bb body_text_color=\u00bb#000000&#8243; body_font_size=\u00bb12pt\u00bb body_line_height=\u00bb16pt\u00bb custom_margin=\u00bb0px||0px||false|false\u00bb custom_padding=\u00bb10px||10px||true|false\u00bb border_color_all=\u00bbrgba(0,0,0,0)\u00bb global_colors_info=\u00bb{}\u00bb]<\/p>\n<p>S\u00ed, puede ajustar con flexibilidad la cantidad de entrega para la siguiente entrega. Si nota que ha pedido demasiado poco o demasiado caf\u00e9, simplemente p\u00f3ngase en contacto con nosotros en info@teikeicoffee.org.<\/p>\n<p>[\/et_pb_toggle][et_pb_toggle title=\u00bb13. \u00bfQu\u00e9 tipos de tuestes ofrecemos?\u00bb open_toggle_text_color=\u00bb#000000&#8243; open_toggle_background_color=\u00bbrgba(0,0,0,0)\u00bb closed_toggle_text_color=\u00bb#000000&#8243; closed_toggle_background_color=\u00bbrgba(0,0,0,0)\u00bb icon_color=\u00bbrgba(0,0,0,0)\u00bb use_icon_font_size=\u00bbon\u00bb open_icon_color=\u00bbrgba(0,0,0,0)\u00bb open_use_icon_font_size=\u00bbon\u00bb _builder_version=\u00bb4.16&#8243; _module_preset=\u00bbdefault\u00bb title_text_color=\u00bb#000000&#8243; title_font=\u00bb|600|||||||\u00bb title_text_align=\u00bbleft\u00bb title_font_size=\u00bb14pt\u00bb title_line_height=\u00bb17pt\u00bb closed_title_font=\u00bb|600|||||||\u00bb closed_title_text_align=\u00bbleft\u00bb closed_title_font_size=\u00bb14pt\u00bb closed_title_line_height=\u00bb17pt\u00bb body_font=\u00bbBariol||||||||\u00bb body_text_align=\u00bbjustify\u00bb body_text_color=\u00bb#000000&#8243; body_font_size=\u00bb12pt\u00bb body_line_height=\u00bb16pt\u00bb custom_margin=\u00bb0px||0px||false|false\u00bb custom_padding=\u00bb10px||10px||true|false\u00bb border_color_all=\u00bbrgba(0,0,0,0)\u00bb global_colors_info=\u00bb{}\u00bb]<\/p>\n<p>El caf\u00e9 puede pedirse en forma de caf\u00e9 para m\u00e9todo o espresso, tanto en grano como molido. Las dos variedades se diferencian entonces en el tueste, pero no en el grano en s\u00ed. Todas las variedades se presentan en paquetes de 1 kg. \u00bfEs 1 kg demasiado para usted? Seguro que conoce a una persona de su c\u00edrculo de conocidos que querr\u00eda compartir la bolsa con usted.<\/p>\n<p>[\/et_pb_toggle][\/et_pb_column][\/et_pb_row][et_pb_row _builder_version=\u00bb4.16&#8243; _module_preset=\u00bbdefault\u00bb width=\u00bb75%\u00bb width_tablet=\u00bb\u00bb width_phone=\u00bb\u00bb width_last_edited=\u00bbon|phone\u00bb max_width=\u00bb100%\u00bb custom_margin=\u00bb|10px|||false|false\u00bb module_alignment_tablet=\u00bb\u00bb module_alignment_phone=\u00bbcenter\u00bb module_alignment_last_edited=\u00bbon|phone\u00bb global_colors_info=\u00bb{}\u00bb][et_pb_column type=\u00bb4_4&#8243; _builder_version=\u00bb4.16&#8243; _module_preset=\u00bbdefault\u00bb border_color_all=\u00bbrgba(0,0,0,0)\u00bb global_colors_info=\u00bb{}\u00bb][et_pb_text admin_label=\u00bbText\u00bb module_class=\u00bbfaq_3_title\u00bb _builder_version=\u00bb4.16&#8243; _module_preset=\u00bbdefault\u00bb header_3_font=\u00bb|600|||||||\u00bb header_3_text_color=\u00bb#FFFFFF\u00bb header_3_font_size=\u00bb16pt\u00bb header_3_line_height=\u00bb16pt\u00bb background_color=\u00bb#000000&#8243; text_orientation=\u00bbcenter\u00bb height=\u00bb95px\u00bb custom_margin=\u00bb||||false|false\u00bb custom_padding=\u00bb27pt|18px||18px|false|true\u00bb custom_css_main_element=\u00bbcursor: pointer!important;\u00bb border_width_all=\u00bb1px\u00bb border_color_all=\u00bb#000000&#8243; global_colors_info=\u00bb{}\u00bb]<\/p>\n<h3><span>PREGUNTAS SOBRE LA COMUNIDAD<\/span><\/h3>\n<p>[\/et_pb_text][\/et_pb_column][\/et_pb_row][et_pb_row _builder_version=\u00bb4.16&#8243; _module_preset=\u00bbdefault\u00bb width=\u00bb75%\u00bb width_tablet=\u00bb\u00bb width_phone=\u00bb\u00bb width_last_edited=\u00bbon|phone\u00bb max_width=\u00bb100%\u00bb custom_margin=\u00bb|10px|||false|false\u00bb module_alignment_tablet=\u00bb\u00bb module_alignment_phone=\u00bbcenter\u00bb module_alignment_last_edited=\u00bbon|phone\u00bb global_colors_info=\u00bb{}\u00bb][et_pb_column type=\u00bb4_4&#8243; module_class=\u00bbfaq_3&#8243; _builder_version=\u00bb4.16&#8243; _module_preset=\u00bbdefault\u00bb global_colors_info=\u00bb{}\u00bb][et_pb_divider show_divider=\u00bboff\u00bb _builder_version=\u00bb4.16&#8243; _module_preset=\u00bbdefault\u00bb global_colors_info=\u00bb{}\u00bb][\/et_pb_divider][et_pb_toggle title=\u00bb1. \u00bfPor qu\u00e9 se tuesta en Alemania?  \u00bfNo tendr\u00eda sentido dejar toda la cadena de valor en M\u00e9xico para que los tostadores de caf\u00e9 mexicanos tambi\u00e9n se beneficien del comercio justo?\u00bb open_toggle_text_color=\u00bb#000000&#8243; open_toggle_background_color=\u00bbrgba(0,0,0,0)\u00bb closed_toggle_text_color=\u00bb#000000&#8243; closed_toggle_background_color=\u00bbrgba(0,0,0,0)\u00bb icon_color=\u00bbrgba(0,0,0,0)\u00bb use_icon_font_size=\u00bbon\u00bb open_icon_color=\u00bbrgba(0,0,0,0)\u00bb open_use_icon_font_size=\u00bbon\u00bb _builder_version=\u00bb4.16&#8243; _module_preset=\u00bbdefault\u00bb title_text_color=\u00bb#000000&#8243; title_font=\u00bb|600|||||||\u00bb title_text_align=\u00bbleft\u00bb title_font_size=\u00bb14pt\u00bb title_line_height=\u00bb17pt\u00bb closed_title_font=\u00bb|600|||||||\u00bb closed_title_text_align=\u00bbleft\u00bb closed_title_font_size=\u00bb14pt\u00bb closed_title_line_height=\u00bb17pt\u00bb body_font=\u00bbBariol||||||||\u00bb body_text_align=\u00bbjustify\u00bb body_text_color=\u00bb#000000&#8243; body_font_size=\u00bb12pt\u00bb body_line_height=\u00bb16pt\u00bb custom_margin=\u00bb0px||0px||false|false\u00bb custom_padding=\u00bb10px||10px||true|false\u00bb border_color_all=\u00bbrgba(0,0,0,0)\u00bb global_colors_info=\u00bb{}\u00bb]<\/p>\n<p><span>Absolutamente cierto, en realidad tostar en el pa\u00eds de origen ser\u00eda mucho mejor. Sin embargo, en el caso del caf\u00e9, desde el momento del tueste se producen dos procesos que debilitan el aroma del caf\u00e9. En primer lugar, durante el tueste, los az\u00facares se convierten en gases, que se escapan del grano a medida que pasa el tiempo despu\u00e9s del tueste, y los compuestos del aroma tambi\u00e9n se escapan. En segundo lugar, los compuestos arom\u00e1ticos del caf\u00e9 se oxidan al entrar en contacto con el ox\u00edgeno. Ambos procesos hacen que el caf\u00e9 deba consumirse en un plazo de 2 a 3 meses, ya que de lo contrario no tendr\u00e1 un sabor tan fresco y bueno. Con el caf\u00e9 molido, este proceso es a\u00fan m\u00e1s r\u00e1pido. Dado que s\u00f3lo el velero est\u00e1 en ruta durante unos 2 meses y el suministro es una vez al a\u00f1o, lamentablemente no podemos hacer otra cosa que tostar el caf\u00e9 en Alemania.<\/span><\/p>\n<p>[\/et_pb_toggle][et_pb_toggle title=\u00bb2. \u00bfC\u00f3mo se originan los costos administrativos de 6 euros? \u00bfSe reducir\u00e1n estos costos en el futuro?\u00bb open_toggle_text_color=\u00bb#000000&#8243; open_toggle_background_color=\u00bbrgba(0,0,0,0)\u00bb closed_toggle_text_color=\u00bb#000000&#8243; closed_toggle_background_color=\u00bbrgba(0,0,0,0)\u00bb icon_color=\u00bbrgba(0,0,0,0)\u00bb use_icon_font_size=\u00bbon\u00bb open_icon_color=\u00bbrgba(0,0,0,0)\u00bb open_use_icon_font_size=\u00bbon\u00bb _builder_version=\u00bb4.16&#8243; _module_preset=\u00bbdefault\u00bb title_text_color=\u00bb#000000&#8243; title_font=\u00bb|600|||||||\u00bb title_text_align=\u00bbleft\u00bb title_font_size=\u00bb14pt\u00bb title_line_height=\u00bb17pt\u00bb closed_title_font=\u00bb|600|||||||\u00bb closed_title_text_align=\u00bbleft\u00bb closed_title_font_size=\u00bb14pt\u00bb closed_title_line_height=\u00bb17pt\u00bb body_font=\u00bbBariol||||||||\u00bb body_text_align=\u00bbjustify\u00bb body_text_color=\u00bb#000000&#8243; body_font_size=\u00bb12pt\u00bb body_line_height=\u00bb16pt\u00bb custom_margin=\u00bb0px||0px||false|false\u00bb custom_padding=\u00bb10px||10px||true|false\u00bb border_color_all=\u00bbrgba(0,0,0,0)\u00bb global_colors_info=\u00bb{}\u00bb]<\/p>\n<p><span>El t\u00e9rmino \u00abAdministraci\u00f3n de Teikei\u00bb describe una amplia gama de procesos. Incluye los salarios, los honorarios por asesoramiento fiscal y jur\u00eddico, las cuentas, los gastos de viaje, los costos de los programas de contabilidad, las p\u00e1ginas web y los sistemas de las tiendas, as\u00ed como los costos de desarrollo de nuestra forma de hacer negocios. Dado que estamos abriendo nuevos caminos en muchas cosas, hay pocos modelos listos que podamos integrar f\u00e1cilmente. Al final, realmente no queda margen de beneficio, como en muchas otras empresas. Nuestro objetivo es un c\u00e1lculo de cobertura de costos. En cuanto surjan beneficios, \u00e9stos tambi\u00e9n van a parar a un fondo, del que pueden sacar financiaci\u00f3n otros proyectos de Teikei. Sin embargo, con el aumento de los vol\u00famenes de distribuci\u00f3n, tambi\u00e9n reduciremos la partida \u00abadministraci\u00f3n\u00bb, que se compone en su mayor parte de costos fijos, como ya se ha asumido. <\/span><\/p>\n<p>[\/et_pb_toggle][et_pb_toggle title=\u00bb3. \u00bfEs posible unirse al transporte de vela como compa\u00f1ero de barco?\u00bb open_toggle_text_color=\u00bb#000000&#8243; open_toggle_background_color=\u00bbrgba(0,0,0,0)\u00bb closed_toggle_text_color=\u00bb#000000&#8243; closed_toggle_background_color=\u00bbrgba(0,0,0,0)\u00bb icon_color=\u00bbrgba(0,0,0,0)\u00bb use_icon_font_size=\u00bbon\u00bb open_icon_color=\u00bbrgba(0,0,0,0)\u00bb open_use_icon_font_size=\u00bbon\u00bb _builder_version=\u00bb4.16&#8243; _module_preset=\u00bbdefault\u00bb title_text_color=\u00bb#000000&#8243; title_font=\u00bb|600|||||||\u00bb title_text_align=\u00bbleft\u00bb title_font_size=\u00bb14pt\u00bb title_line_height=\u00bb17pt\u00bb closed_title_font=\u00bb|600|||||||\u00bb closed_title_text_align=\u00bbleft\u00bb closed_title_font_size=\u00bb14pt\u00bb closed_title_line_height=\u00bb17pt\u00bb body_font=\u00bbBariol||||||||\u00bb body_text_align=\u00bbjustify\u00bb body_text_color=\u00bb#000000&#8243; body_font_size=\u00bb12pt\u00bb body_line_height=\u00bb16pt\u00bb custom_margin=\u00bb0px||0px||false|false\u00bb custom_padding=\u00bb10px||10px||true|false\u00bb border_color_all=\u00bbrgba(0,0,0,0)\u00bb global_colors_info=\u00bb{}\u00bb]<\/p>\n<p><span>\u00a1Todos en cubierta y listos para partir! <\/span><span>El Timbercoast siempre busca marineros motivados para su Avontuur. Sin embargo, esto no es gratuito. Encontrar\u00e1 los detalles y las condiciones en el sitio web de nuestros socios. La experiencia de navegar en el Avontuur ya ha sido realizada por algunos de los miembros de nuestro equipo y podemos recomendar encarecidamente esta experiencia. Haga clic <a href=\"https:\/\/www.timbercoast.com\">aqu\u00ed<\/a> para acceder a su p\u00e1gina web. <\/span><\/p>\n<p>[\/et_pb_toggle][et_pb_toggle title=\u00bb4. \u00bfC\u00f3mo puedo participar en el Caf\u00e9 Teikei?\u00bb open_toggle_text_color=\u00bb#000000&#8243; open_toggle_background_color=\u00bbrgba(0,0,0,0)\u00bb closed_toggle_text_color=\u00bb#000000&#8243; closed_toggle_background_color=\u00bbrgba(0,0,0,0)\u00bb icon_color=\u00bbrgba(0,0,0,0)\u00bb use_icon_font_size=\u00bbon\u00bb open_icon_color=\u00bbrgba(0,0,0,0)\u00bb open_use_icon_font_size=\u00bbon\u00bb _builder_version=\u00bb4.16&#8243; _module_preset=\u00bbdefault\u00bb title_text_color=\u00bb#000000&#8243; title_font=\u00bb|600|||||||\u00bb title_text_align=\u00bbleft\u00bb title_font_size=\u00bb14pt\u00bb title_line_height=\u00bb17pt\u00bb closed_title_font=\u00bb|600|||||||\u00bb closed_title_text_align=\u00bbleft\u00bb closed_title_font_size=\u00bb14pt\u00bb closed_title_line_height=\u00bb17pt\u00bb body_font=\u00bbBariol||||||||\u00bb body_text_align=\u00bbjustify\u00bb body_text_color=\u00bb#000000&#8243; body_font_size=\u00bb12pt\u00bb body_line_height=\u00bb16pt\u00bb custom_margin=\u00bb0px||0px||false|false\u00bb custom_padding=\u00bb10px||10px||true|false\u00bb border_color_all=\u00bbrgba(0,0,0,0)\u00bb global_colors_info=\u00bb{}\u00bb]<\/p>\n<p><span>Nos encantar\u00eda que te involucraras como miembro activo u organizador de la comunidad. Si quieres dar un paso m\u00e1s y unirte al equipo principal de Teikei Coffee, ponte en contacto con nosotros. Tal vez podamos darte la bienvenida como nuevo miembro del equipo pronto.<\/span><\/p>\n<p>[\/et_pb_toggle][et_pb_toggle title=\u00bb5. \u00bfC\u00f3mo se prepara el caf\u00e9 para su transporte despu\u00e9s de la cosecha?\u00bb open_toggle_text_color=\u00bb#000000&#8243; open_toggle_background_color=\u00bbrgba(0,0,0,0)\u00bb closed_toggle_text_color=\u00bb#000000&#8243; closed_toggle_background_color=\u00bbrgba(0,0,0,0)\u00bb icon_color=\u00bbrgba(0,0,0,0)\u00bb use_icon_font_size=\u00bbon\u00bb open_icon_color=\u00bbrgba(0,0,0,0)\u00bb open_use_icon_font_size=\u00bbon\u00bb _builder_version=\u00bb4.16&#8243; _module_preset=\u00bbdefault\u00bb title_text_color=\u00bb#000000&#8243; title_font=\u00bb|600|||||||\u00bb title_text_align=\u00bbleft\u00bb title_font_size=\u00bb14pt\u00bb title_line_height=\u00bb17pt\u00bb closed_title_font=\u00bb|600|||||||\u00bb closed_title_text_align=\u00bbleft\u00bb closed_title_font_size=\u00bb14pt\u00bb closed_title_line_height=\u00bb17pt\u00bb body_font=\u00bbBariol||||||||\u00bb body_text_align=\u00bbjustify\u00bb body_text_color=\u00bb#000000&#8243; body_font_size=\u00bb12pt\u00bb body_line_height=\u00bb16pt\u00bb custom_margin=\u00bb0px||0px||false|false\u00bb custom_padding=\u00bb10px||10px||true|false\u00bb border_color_all=\u00bbrgba(0,0,0,0)\u00bb global_colors_info=\u00bb{}\u00bb]<\/p>\n<p><span>Tras la cosecha y el posterior procesamiento, los granos de caf\u00e9 se introducen en GrainPro y luego en sacos de yute para protegerlos de las influencias perjudiciales. Un saco de yute contiene 30 kg, a diferencia de los contenedores de 69 kg que se comercializan. Esto es f\u00e1cil para las espaldas de todos los implicados, desde los agricultores hasta los marineros y el tostador.<\/span><\/p>\n<p>[\/et_pb_toggle][\/et_pb_column][\/et_pb_row][\/et_pb_section][et_pb_section fb_built=\u00bb1&#8243; admin_label=\u00bbGLOSSAR\u00bb module_id=\u00bbglossar\u00bb module_class=\u00bbps2id\u00bb _builder_version=\u00bb4.16&#8243; _module_preset=\u00bbdefault\u00bb min_height=\u00bb500px\u00bb custom_margin=\u00bb0px||||false|false\u00bb da_disable_devices=\u00bboff|off|off\u00bb border_width_bottom=\u00bb1px\u00bb border_color_bottom=\u00bb#000000&#8243; collapsed=\u00bboff\u00bb global_colors_info=\u00bb{}\u00bb da_is_popup=\u00bboff\u00bb da_exit_intent=\u00bboff\u00bb da_has_close=\u00bbon\u00bb da_alt_close=\u00bboff\u00bb da_dark_close=\u00bboff\u00bb da_not_modal=\u00bbon\u00bb da_is_singular=\u00bboff\u00bb da_with_loader=\u00bboff\u00bb da_has_shadow=\u00bbon\u00bb][et_pb_row column_structure=\u00bb1_2,1_2&#8243; custom_padding_last_edited=\u00bbon|phone\u00bb _builder_version=\u00bb4.16&#8243; _module_preset=\u00bbdefault\u00bb width=\u00bb75%\u00bb width_tablet=\u00bb\u00bb width_phone=\u00bb100%\u00bb width_last_edited=\u00bbon|desktop\u00bb max_width=\u00bb100%\u00bb module_alignment=\u00bbright\u00bb custom_margin=\u00bb|10px||10px|false|false\u00bb custom_padding=\u00bb||||false|false\u00bb custom_padding_tablet=\u00bb\u00bb custom_padding_phone=\u00bb|||5%|false|false\u00bb module_alignment_tablet=\u00bb\u00bb module_alignment_phone=\u00bbcenter\u00bb module_alignment_last_edited=\u00bbon|desktop\u00bb global_colors_info=\u00bb{}\u00bb][et_pb_column type=\u00bb1_2&#8243; _builder_version=\u00bb4.16&#8243; _module_preset=\u00bbdefault\u00bb global_colors_info=\u00bb{}\u00bb][et_pb_toggle title=\u00bbCadena de valor\u00bb open_toggle_text_color=\u00bb#000000&#8243; open_toggle_background_color=\u00bbrgba(0,0,0,0)\u00bb closed_toggle_text_color=\u00bb#000000&#8243; closed_toggle_background_color=\u00bbrgba(0,0,0,0)\u00bb icon_color=\u00bb#000000&#8243; use_icon_font_size=\u00bbon\u00bb open_icon_color=\u00bb#000000&#8243; open_use_icon_font_size=\u00bbon\u00bb admin_label=\u00bbValue chain\u00bb _builder_version=\u00bb4.16&#8243; _module_preset=\u00bbdefault\u00bb title_text_color=\u00bb#000000&#8243; title_font=\u00bb|600|||||||\u00bb title_text_align=\u00bbleft\u00bb title_font_size=\u00bb14pt\u00bb title_line_height=\u00bb17pt\u00bb closed_title_font=\u00bb|600|||||||\u00bb closed_title_text_align=\u00bbleft\u00bb closed_title_font_size=\u00bb14pt\u00bb closed_title_line_height=\u00bb17pt\u00bb body_font=\u00bbBariol||||||||\u00bb body_text_align=\u00bbleft\u00bb body_text_color=\u00bb#000000&#8243; body_font_size=\u00bb12pt\u00bb body_line_height=\u00bb20pt\u00bb body_link_font=\u00bbBariol|700|||||||\u00bb body_link_text_color=\u00bb#000000&#8243; body_link_font_size=\u00bb12pt\u00bb body_link_line_height=\u00bb20pt\u00bb custom_margin=\u00bb0px||0px||false|false\u00bb custom_padding=\u00bb10px||10px||true|false\u00bb custom_css_before=\u00bbcontent: %22|%22;||display: inline;||padding-right: 40px;\u00bb custom_css_main_element=\u00bbcursor:pointer;\u00bb custom_css_toggle_title=\u00bbdisplay: inline;\u00bb border_color_all=\u00bbrgba(0,0,0,0)\u00bb global_colors_info=\u00bb{}\u00bb]<\/p>\n<p>En un mundo globalizado, las cadenas de suministro y de valor son cada vez m\u00e1s largas y complejas. En un extremo de la cadena de valor, los productores dependen del precio del mercado mundial, de los acuerdos de suministro y est\u00e1n expuestos a importantes riesgos sociales y econ\u00f3micos. En el otro extremo, los consumidores saben poco o nada sobre los impactos y detalles de la cadena de valor.<\/p>\n<p>Para que las cadenas de valor sean sostenibles y viables, la transparencia es esencial. Tambi\u00e9n es importante examinar de cerca cada uno de los pasos y las estructuras de responsabilidad y toma de decisiones de todos los actores para comprender mejor los costos ecol\u00f3gicos, econ\u00f3micos y sociales.<span>\u00a0<\/span><\/p>\n<p><span>Dentro de toda la cadena de valor, abogamos por la igualdad y la justicia para que los procesos sean transparentes y comprensibles para todas las partes interesadas. Las estructuras de toma de decisiones se basan en el principio de comunidad. Esto significa que tomamos las decisiones a trav\u00e9s del di\u00e1logo. La experiencia y la confianza en los respectivos responsables son cruciales. <\/span><\/p>\n<p><span>La cadena de valor de Teikei Coffee consta de cuatro pasos: cultivo del caf\u00e9, transporte, tostado y procesamiento, y distribuci\u00f3n.<\/span><\/p>\n<p><span>1) El caf\u00e9 es cultivado en M\u00e9xico por peque\u00f1os agricultores. Diez fincas est\u00e1n directamente conectadas con Teikei Coffee y son gestionadas por la ONG Teikei Coffee. Otras seis familias son atendidas por la cooperativa Triunfo Verde y pretenden trabajar directamente con nosotros en el futuro. En 2020, la cooperativa PSO tambi\u00e9n nos ayud\u00f3 a establecernos y nos proporcion\u00f3 22 toneladas de caf\u00e9. <\/span><\/p>\n<p><span>En el cultivo, prestamos atenci\u00f3n a los m\u00e9todos de cultivo sostenibles orientados a los principios del cultivo biodin\u00e1mico. <\/span><\/p>\n<p><span>2) El transporte debe ser lo m\u00e1s libre de emisiones y agradable para todos los implicados: Condiciones justas para los marineros, apenas emisiones de di\u00f3xido de carbono, azufre, holl\u00edn y tambi\u00e9n sin ruido (de m\u00e1quinas) que restrinja masivamente el h\u00e1bitat de los animales marinos. En Europa, los granos de caf\u00e9\u00a0 se transportan en parte en bicicleta hasta los dep\u00f3sitos de las comunidades de consumidores. Aqu\u00ed nos aseguramos de que los medios de transporte se utilicen de forma sensata y se eviten distancias innecesarias. <\/span><\/p>\n<p><span>3) Debido a la p\u00e9rdida de aroma y calidad de los granos de caf\u00e9 tostados al cabo de unas semanas y al transporte en velero, no es posible tostarlos en el pa\u00eds de cultivo. El caf\u00e9 se tuesta suavemente en una tostadora de tambor de 30 kg. El objetivo es disponer de una planta de tostado propia que se encargue del envasado y la distribuci\u00f3n del caf\u00e9. <\/span><\/p>\n<p><span>4) Se necesitan estructuras de distribuci\u00f3n sostenibles para evitar las cadenas de valor (innecesariamente) largas y, por tanto, el aumento extremo del valor causado por muchos intermediarios. Esta es una de las razones por las que distribuimos el caf\u00e9 a trav\u00e9s de grupos de consumidores, para que el caf\u00e9 est\u00e9 siempre reci\u00e9n tostado y se distribuya a los consumidores. Por el momento, la distribuci\u00f3n en Alemania se realiza principalmente a trav\u00e9s del servicio de paqueter\u00eda alem\u00e1n. En el futuro, nos gustar\u00eda distribuir el caf\u00e9 en Europa\/Alemania en tren y en bicicleta. Hasta ahora, esto s\u00f3lo funciona a peque\u00f1a escala. Algunos grupos de consumidores, por ejemplo, organizan el transporte desde la torrefacci\u00f3n con un convoy de bicicletas, que hasta ahora llega hasta M\u00fcnster. Si quieres saber m\u00e1s sobre esto, o quieres participar en el paseo del caf\u00e9, ponte en contacto con nosotros.<\/span><\/p>\n<p>[\/et_pb_toggle][et_pb_toggle title=\u00bbTransparencia\u00bb open_toggle_text_color=\u00bb#000000&#8243; open_toggle_background_color=\u00bbrgba(0,0,0,0)\u00bb closed_toggle_text_color=\u00bb#000000&#8243; closed_toggle_background_color=\u00bbrgba(0,0,0,0)\u00bb icon_color=\u00bb#000000&#8243; use_icon_font_size=\u00bbon\u00bb open_icon_color=\u00bb#000000&#8243; open_use_icon_font_size=\u00bbon\u00bb admin_label=\u00bbTransparency\u00bb _builder_version=\u00bb4.16&#8243; _module_preset=\u00bbdefault\u00bb title_text_color=\u00bb#000000&#8243; title_font=\u00bb|600|||||||\u00bb title_text_align=\u00bbleft\u00bb title_font_size=\u00bb14pt\u00bb title_line_height=\u00bb17pt\u00bb closed_title_font=\u00bb|600|||||||\u00bb closed_title_text_align=\u00bbleft\u00bb closed_title_font_size=\u00bb14pt\u00bb closed_title_line_height=\u00bb17pt\u00bb body_font=\u00bbBariol||||||||\u00bb body_text_align=\u00bbleft\u00bb body_text_color=\u00bb#000000&#8243; body_font_size=\u00bb12pt\u00bb body_line_height=\u00bb20pt\u00bb body_link_font=\u00bbBariol|700|||||||\u00bb body_link_text_color=\u00bb#000000&#8243; body_link_font_size=\u00bb12pt\u00bb body_link_line_height=\u00bb20pt\u00bb custom_margin=\u00bb0px||0px||false|false\u00bb custom_padding=\u00bb10px||10px||true|false\u00bb custom_css_before=\u00bbcontent: %22|%22;||display: inline;||padding-right: 40px;\u00bb custom_css_main_element=\u00bbcursor:pointer;\u00bb custom_css_toggle_title=\u00bbdisplay: inline;\u00bb border_color_all=\u00bbrgba(0,0,0,0)\u00bb global_colors_info=\u00bb{}\u00bb]<\/p>\n<p>En cuanto intervienen varios actores, suele surgir el problema de las llamadas asimetr\u00edas de informaci\u00f3n. Esto significa que existe una distribuci\u00f3n desigual de la informaci\u00f3n o de las relaciones de poder y decisi\u00f3n, que a su vez influyen en las oportunidades individuales de participaci\u00f3n. En muchos sistemas, estas desigualdades son dif\u00edciles de seguir porque los flujos de informaci\u00f3n no est\u00e1n espec\u00edficamente establecidos y promovidos. La transparencia honesta y real requiere un alto nivel de conciencia de las necesidades y oportunidades de todos los involucrados.<\/p>\n<p>En Teikei Coffee, establecemos un alto nivel de transparencia mediante intercambios regulares entre todas las partes interesadas. Para que el esfuerzo requerido s\u00f3lo para el intercambio y la cooperaci\u00f3n no sea demasiado grande, nos organizamos en varios subgrupos, que a su vez intercambian informaci\u00f3n regularmente en diferentes c\u00edrculos de responsabilidad. Con el fin de garantizar una mayor transparencia tambi\u00e9n hacia nuestros miembros, nos gustar\u00eda tener discursos abiertos (en l\u00ednea) sobre el Caf\u00e9 Teikei y los sectores econ\u00f3micos individuales. Actualmente, una vez al mes se celebra una reuni\u00f3n abierta, la \u00abMesa Redonda\u00bb, a trav\u00e9s de Zoom, as\u00ed como un debate de los organizadores de la comunidad de consumo cada tres semanas. Si quieres participar en ellas, ponte en contacto con nosotros.<\/p>\n<p>Intentamos proporcionar la mayor cantidad de informaci\u00f3n detallada posible en nuestro sitio web, en nuestro bolet\u00edn y a trav\u00e9s de nuestros canales de medios sociales. Si tiene alguna pregunta o comentario, no dude en escribirnos. Suscr\u00edbase a nuestro bolet\u00edn y s\u00edganos en Instagram, Facebook y YouTube.<\/p>\n<p>[\/et_pb_toggle][et_pb_toggle title=\u00bbTama\u00f1o \u00f3ptimo de la empresa\u00bb open_toggle_text_color=\u00bb#000000&#8243; open_toggle_background_color=\u00bbrgba(0,0,0,0)\u00bb closed_toggle_text_color=\u00bb#000000&#8243; closed_toggle_background_color=\u00bbrgba(0,0,0,0)\u00bb icon_color=\u00bb#000000&#8243; use_icon_font_size=\u00bbon\u00bb open_icon_color=\u00bb#000000&#8243; open_use_icon_font_size=\u00bbon\u00bb admin_label=\u00bbOptimal company size\u00bb _builder_version=\u00bb4.16&#8243; _module_preset=\u00bbdefault\u00bb title_text_color=\u00bb#000000&#8243; title_font=\u00bb|600|||||||\u00bb title_text_align=\u00bbleft\u00bb title_font_size=\u00bb14pt\u00bb title_line_height=\u00bb17pt\u00bb closed_title_font=\u00bb|600|||||||\u00bb closed_title_text_align=\u00bbleft\u00bb closed_title_font_size=\u00bb14pt\u00bb closed_title_line_height=\u00bb17pt\u00bb body_font=\u00bbBariol||||||||\u00bb body_text_align=\u00bbleft\u00bb body_text_color=\u00bb#000000&#8243; body_font_size=\u00bb12pt\u00bb body_line_height=\u00bb20pt\u00bb body_link_font=\u00bbBariol|700|||||||\u00bb body_link_text_color=\u00bb#000000&#8243; body_link_font_size=\u00bb12pt\u00bb body_link_line_height=\u00bb20pt\u00bb custom_margin=\u00bb0px||0px||false|false\u00bb custom_padding=\u00bb10px||10px||true|false\u00bb custom_css_before=\u00bbcontent: %22|%22;||display: inline;||padding-right: 40px;\u00bb custom_css_main_element=\u00bbcursor:pointer;\u00bb custom_css_toggle_title=\u00bbdisplay: inline;\u00bb border_color_all=\u00bbrgba(0,0,0,0)\u00bb global_colors_info=\u00bb{}\u00bb]<\/p>\n<p><span>Para poder disfrutar de productos globales de forma sostenible en Alemania, tiene sentido una econom\u00eda de apoyo comunitario. El objetivo es desarrollar una econom\u00eda global sostenible desde una perspectiva econ\u00f3mica, social y ecol\u00f3gica. En lo que respecta a las empresas individuales, esto significa que deben perseguir un modelo de negocio que se esfuerce por alcanzar un tama\u00f1o saludable y sensato que apoye las estructuras necesarias de forma sostenible, es decir, de forma continua. En este caso, el crecimiento no es el objetivo, sino simplemente el prop\u00f3sito de alcanzar el tama\u00f1o \u00f3ptimo de la empresa. Una vez logrado esto, es importante que la empresa se estabilice econ\u00f3micamente sin crecer m\u00e1s.<\/span><\/p>\n<p><span>En el caso de Teikei Coffee, consideramos un tama\u00f1o \u00f3ptimo de 50 toneladas de caf\u00e9 verde en grano al a\u00f1o. Esto financia unos cuatro puestos de trabajo en Alemania que tuestan el caf\u00e9, lo distribuyen a la comunidad, cuidan de los socios y cumplen con las responsabilidades operativas de un negocio. En el lado mexicano, esto supone una comunidad de unos 20 peque\u00f1os agricultores que cultivan entre 3 y 5 toneladas de caf\u00e9 verde al a\u00f1o. Esta cantidad financia sus necesidades anuales y tambi\u00e9n crea seguridad econ\u00f3mica para las familias afiliadas.<\/span><\/p>\n<p>[\/et_pb_toggle][et_pb_toggle title=\u00bbCOMERCIO JUSTO\u00bb open_toggle_text_color=\u00bb#000000&#8243; open_toggle_background_color=\u00bbrgba(0,0,0,0)\u00bb closed_toggle_text_color=\u00bb#000000&#8243; closed_toggle_background_color=\u00bbrgba(0,0,0,0)\u00bb icon_color=\u00bb#000000&#8243; use_icon_font_size=\u00bbon\u00bb open_icon_color=\u00bb#000000&#8243; open_use_icon_font_size=\u00bbon\u00bb admin_label=\u00bbFair trade\u00bb _builder_version=\u00bb4.16&#8243; _module_preset=\u00bbdefault\u00bb title_text_color=\u00bb#000000&#8243; title_font=\u00bb|600|||||||\u00bb title_text_align=\u00bbleft\u00bb title_font_size=\u00bb14pt\u00bb title_line_height=\u00bb17pt\u00bb closed_title_font=\u00bb|600|||||||\u00bb closed_title_text_align=\u00bbleft\u00bb closed_title_font_size=\u00bb14pt\u00bb closed_title_line_height=\u00bb17pt\u00bb body_font=\u00bbBariol||||||||\u00bb body_text_align=\u00bbleft\u00bb body_text_color=\u00bb#000000&#8243; body_font_size=\u00bb12pt\u00bb body_line_height=\u00bb20pt\u00bb body_link_font=\u00bbBariol|700|||||||\u00bb body_link_text_color=\u00bb#000000&#8243; body_link_font_size=\u00bb12pt\u00bb body_link_line_height=\u00bb20pt\u00bb custom_margin=\u00bb0px||0px||false|false\u00bb custom_padding=\u00bb10px||10px||true|false\u00bb custom_css_before=\u00bbcontent: %22|%22;||display: inline;||padding-right: 40px;\u00bb custom_css_main_element=\u00bbcursor:pointer;\u00bb custom_css_toggle_title=\u00bbdisplay: inline;\u00bb border_color_all=\u00bbrgba(0,0,0,0)\u00bb global_colors_info=\u00bb{}\u00bb]<\/p>\n<p>El t\u00e9rmino \u00abcomercio justo\u00bb es un principio abierto que a menudo se considera en conexi\u00f3n directa con la etiqueta de la Organizaci\u00f3n Mundial del Comercio Justo, esta \u00faltima establece normas de cultivo y procesamiento, as\u00ed como m\u00ednimos de precios. Como tal, la etiqueta de Comercio Justo tiene una buena influencia. Sin embargo, una econom\u00eda justa debe ser algo m\u00e1s que el cumplimiento de una norma m\u00ednima y el pago de un precio m\u00ednimo. Un sistema econ\u00f3mico justo debe considerar e incluir toda la cadena de valor.<\/p>\n<p>Por ahora, estamos empezando sin etiquetas ni certificaciones, ya que los costos de \u00e9stas son relativamente altos y el dinero para ellas debe utilizarse especialmente para la producci\u00f3n en esta fase inicial del proyecto Teikei Coffee. Nuestro negocio se basa en la comunidad. Esto significa que la relaci\u00f3n no se basa principalmente en el comercio, sino en las asociaciones amistosas entre las personas involucradas. A trav\u00e9s de este nivel de confianza y relaci\u00f3n responsable, nos aseguramos, mediante un intercambio regular, de que el objetivo com\u00fan de una econom\u00eda cafetera apoyada por la comunidad tenga prioridad. La financiaci\u00f3n de la agricultura de las explotaciones individuales es el objetivo final, que se regula mediante el pago de unos ingresos justos para todos los implicados.<\/p>\n<p>Para nosotros, la caficultura apoyada por la comunidad es el resultado de un enfoque hol\u00edstico de la calidad. Adem\u00e1s de la perspectiva social, las dimensiones econ\u00f3mica, cultural y ecol\u00f3gica, la igualdad y la justicia tambi\u00e9n desempe\u00f1an un papel central en nuestra actividad econ\u00f3mica. El precio por kilo de caf\u00e9 se determina en funci\u00f3n de las necesidades de las partes interesadas. Para el a\u00f1o 2020\/2021, tenemos un precio de 7,80 euros por kilogramo, que se divide en tres \u00e1reas. 5,20 euros se pagan directamente a los agricultores individuales y 1,80 euros se destinan al trabajo en M\u00e9xico. Por un lado, para la log\u00edstica y el transporte dentro de M\u00e9xico y, por otro, tambi\u00e9n se utiliza para el control de calidad dentro de M\u00e9xico, es decir, el examen del grano de caf\u00e9, los matices de sabor y aroma, los m\u00e9todos de cultivo, la calidad del suelo y el rendimiento por hect\u00e1rea. Este dinero tambi\u00e9n se utiliza para financiar talleres de formaci\u00f3n y capacitaci\u00f3n para los agricultores afiliados. Los 80 ct. restantes se utilizan y se reservan para los posibles p\u00e9rdidas de las cosechas o para la creaci\u00f3n de la ONG Caf\u00e9 Teikei M\u00e9xico.<\/p>\n<p>A modo de comparaci\u00f3n: El precio m\u00ednimo del sello de Comercio Justo es de 4,20 euros por kilo de grano de caf\u00e9 verde. En este caso, los 4,20 euros se refieren a un precio pagado a las cooperativas afiliadas. Esto se considera RtO (Return to Origin), pero no se sabe cu\u00e1nto llega realmente a los agricultores individuales. Esta etiqueta se basa principalmente en variables sociales, como laprohibici\u00f3n de trabajo infantil. Por supuesto, esto tambi\u00e9n es esencial para nosotros.<\/p>\n<p>[\/et_pb_toggle][et_pb_toggle title=\u00bbPre financiamiento \u00bb open_toggle_text_color=\u00bb#000000&#8243; open_toggle_background_color=\u00bbrgba(0,0,0,0)\u00bb closed_toggle_text_color=\u00bb#000000&#8243; closed_toggle_background_color=\u00bbrgba(0,0,0,0)\u00bb icon_color=\u00bb#000000&#8243; use_icon_font_size=\u00bbon\u00bb open_icon_color=\u00bb#000000&#8243; open_use_icon_font_size=\u00bbon\u00bb admin_label=\u00bbPre-financing\u00bb _builder_version=\u00bb4.16&#8243; _module_preset=\u00bbdefault\u00bb title_text_color=\u00bb#000000&#8243; title_font=\u00bb|600|||||||\u00bb title_text_align=\u00bbleft\u00bb title_font_size=\u00bb14pt\u00bb title_line_height=\u00bb17pt\u00bb closed_title_font=\u00bb|600|||||||\u00bb closed_title_text_align=\u00bbleft\u00bb closed_title_font_size=\u00bb14pt\u00bb closed_title_line_height=\u00bb17pt\u00bb body_font=\u00bbBariol||||||||\u00bb body_text_align=\u00bbleft\u00bb body_text_color=\u00bb#000000&#8243; body_font_size=\u00bb12pt\u00bb body_line_height=\u00bb20pt\u00bb body_link_font=\u00bbBariol|700|||||||\u00bb body_link_text_color=\u00bb#000000&#8243; body_link_font_size=\u00bb12pt\u00bb body_link_line_height=\u00bb20pt\u00bb custom_margin=\u00bb0px||0px||false|false\u00bb custom_padding=\u00bb10px||10px||true|false\u00bb custom_css_before=\u00bbcontent: %22|%22;||display: inline;||padding-right: 40px;\u00bb custom_css_main_element=\u00bbcursor:pointer;\u00bb custom_css_toggle_title=\u00bbdisplay: inline;\u00bb border_color_all=\u00bbrgba(0,0,0,0)\u00bb global_colors_info=\u00bb{}\u00bb]<\/p>\n<p>Teikei Coffee est\u00e1 creado por la comunidad e inspirado en la agricultura apoyada por la comunidad (CSA), para cultivar de forma global y sostenible. Se centra en el c\u00e1lculo del precio y el apoyo financiero a los productores, para poder calcular el precio correcto del caf\u00e9 teniendo en cuenta las necesidades sociales, ecol\u00f3gicas y econ\u00f3micas de todos los implicados.<\/p>\n<p><span>Desde el principio, pre financiamos la cosecha de caf\u00e9 de los peque\u00f1os agricultores y el transporte en velero cada a\u00f1o. El importe, bastante elevado, se compone de las aportaciones de los miembros que ya participan, de un pr\u00e9stamo del \u00abFreie Gemeinschaftsbank Schweiz\u00bb y de las contribuciones voluntarias de los miembros.<\/span><\/p>\n<p><span>Mientras no alcancemos nuestro tama\u00f1o \u00f3ptimo de funcionamiento, necesitamos el apoyo del \u00abFreie Gemeinschaftsbank Schweiz\u00bb para cubrir la tasa de crecimiento anual de los miembros y en la prefinanciaci\u00f3n del a\u00f1o siguiente. Si quieres ayudarnos con la prefinanciaci\u00f3n ahora, puedes suscribir una cuota voluntaria de socio en cualquier momento. Si est\u00e1s interesado, escr\u00edbenos. <\/span><\/p>\n<p>[\/et_pb_toggle][et_pb_toggle title=\u00bbCuota de cosecha\u00bb open_toggle_text_color=\u00bb#000000&#8243; open_toggle_background_color=\u00bbrgba(0,0,0,0)\u00bb closed_toggle_text_color=\u00bb#000000&#8243; closed_toggle_background_color=\u00bbrgba(0,0,0,0)\u00bb icon_color=\u00bb#000000&#8243; use_icon_font_size=\u00bbon\u00bb open_icon_color=\u00bb#000000&#8243; open_use_icon_font_size=\u00bbon\u00bb admin_label=\u00bbHarvest share\u00bb _builder_version=\u00bb4.16&#8243; _module_preset=\u00bbdefault\u00bb title_text_color=\u00bb#000000&#8243; title_font=\u00bb|600|||||||\u00bb title_text_align=\u00bbleft\u00bb title_font_size=\u00bb14pt\u00bb title_line_height=\u00bb17pt\u00bb closed_title_font=\u00bb|600|||||||\u00bb closed_title_text_align=\u00bbleft\u00bb closed_title_font_size=\u00bb14pt\u00bb closed_title_line_height=\u00bb17pt\u00bb body_font=\u00bbBariol||||||||\u00bb body_text_align=\u00bbleft\u00bb body_text_color=\u00bb#000000&#8243; body_font_size=\u00bb12pt\u00bb body_line_height=\u00bb20pt\u00bb body_link_font=\u00bbBariol|700|||||||\u00bb body_link_text_color=\u00bb#000000&#8243; body_link_font_size=\u00bb12pt\u00bb body_link_line_height=\u00bb20pt\u00bb custom_margin=\u00bb0px||0px||false|false\u00bb custom_padding=\u00bb10px||10px||true|false\u00bb custom_css_before=\u00bbcontent: %22|%22;||display: inline;||padding-right: 40px;\u00bb custom_css_main_element=\u00bbcursor:pointer;\u00bb custom_css_toggle_title=\u00bbdisplay: inline;\u00bb border_color_all=\u00bbrgba(0,0,0,0)\u00bb global_colors_info=\u00bb{}\u00bb]<\/p>\n<p><span>Una acci\u00f3n de cosecha significa tomar una parte de la cosecha. Esto significa que usted es responsable de esa parte de la cosecha y la pre financia con su pago anticipado. Al hacerse cargo de una cuota de socio, tambi\u00e9n puede compartir los riesgos financieros y de cosecha.<\/span><\/p>\n<p><span>Usted pide su cuota de cosecha a Teikei Coffee mediante nuestro formulario de cuota de cosecha. Usted especifica el tueste que prefiere, la cantidad de caf\u00e9 que desea recibir por entrega y la frecuencia con la que desea ser abastecido en un a\u00f1o. En el formulario de cuota de cosecha, tambi\u00e9n tiene acceso a las comunidades de consumo individuales de Teikei Coffee, a trav\u00e9s de las cuales puede recibir su cuota de cosecha. Al organizarse en grupos de consumo, se ahorra en transporte y material de embalaje. Por lo tanto, no s\u00f3lo es econ\u00f3micamente razonable recibir su cuota de cosecha a trav\u00e9s de un grupo de consumo, sino que tambi\u00e9n es m\u00e1s ecol\u00f3gico.<\/span><\/p>\n<p>[\/et_pb_toggle][et_pb_toggle title=\u00bbSuscripci\u00f3n\u00bb open_toggle_text_color=\u00bb#000000&#8243; open_toggle_background_color=\u00bbrgba(0,0,0,0)\u00bb closed_toggle_text_color=\u00bb#000000&#8243; closed_toggle_background_color=\u00bbrgba(0,0,0,0)\u00bb icon_color=\u00bb#000000&#8243; use_icon_font_size=\u00bbon\u00bb open_icon_color=\u00bb#000000&#8243; open_use_icon_font_size=\u00bbon\u00bb admin_label=\u00bbSubscription\u00bb _builder_version=\u00bb4.16&#8243; _module_preset=\u00bbdefault\u00bb title_text_color=\u00bb#000000&#8243; title_font=\u00bb|600|||||||\u00bb title_text_align=\u00bbleft\u00bb title_font_size=\u00bb14pt\u00bb title_line_height=\u00bb17pt\u00bb closed_title_font=\u00bb|600|||||||\u00bb closed_title_text_align=\u00bbleft\u00bb closed_title_font_size=\u00bb14pt\u00bb closed_title_line_height=\u00bb17pt\u00bb body_font=\u00bbBariol||||||||\u00bb body_text_align=\u00bbleft\u00bb body_text_color=\u00bb#000000&#8243; body_font_size=\u00bb12pt\u00bb body_line_height=\u00bb20pt\u00bb body_link_font=\u00bbBariol|700|||||||\u00bb body_link_text_color=\u00bb#000000&#8243; body_link_font_size=\u00bb12pt\u00bb body_link_line_height=\u00bb20pt\u00bb custom_margin=\u00bb0px||0px||false|false\u00bb custom_padding=\u00bb10px||10px||true|false\u00bb custom_css_before=\u00bbcontent: %22|%22;||display: inline;||padding-right: 40px;\u00bb custom_css_main_element=\u00bbcursor:pointer;\u00bb custom_css_toggle_title=\u00bbdisplay: inline;\u00bb border_color_all=\u00bbrgba(0,0,0,0)\u00bb global_colors_info=\u00bb{}\u00bb]<\/p>\n<p><span>A trav\u00e9s de tu suscripci\u00f3n al caf\u00e9, entras a formar parte de una econom\u00eda solidaria que funciona inspirada en los principios de la agricultura solidaria. Su contribuci\u00f3n se paga una vez al a\u00f1o a trav\u00e9s del formulario de cuota de cosecha. El c\u00e1lculo da como resultado un precio total acumulado de 31,20 euros por kilogramo de caf\u00e9. Dado que el trabajo para un kilogramo de caf\u00e9 distribuido a trav\u00e9s de una acci\u00f3n de consumo es mucho menor que para un kilogramo de caf\u00e9 comprado a trav\u00e9s de la tienda online, existen precios diferentes para las distintas formas de consumo. Dado que el trabajo para un kilo de caf\u00e9 distribuido a trav\u00e9s de una cuota de consumo es mucho menor que para un kilo de caf\u00e9 comprado a trav\u00e9s de la tienda online, hay diferentes precios para las diferentes formas de consumo. Uno puede hacerse socio individual o miembro de la comunidad de consumo de Teikei Coffee y recibir el caf\u00e9 envasado o sin envasar.<\/span><\/p>\n<p><span>1) Una suscripci\u00f3n individual significa que recibir\u00e1 la cuota de caf\u00e9 seleccionada para su hogar entregada directamente en su casa. A diferencia del pedido en una tienda online, usted pre financia su cuota de cosecha. <\/span><span>El resultado es un precio por kilo de 31 euros m\u00e1s 4 euros de gastos de env\u00edo por entrega. <\/span><\/p>\n<p><span>2) Se forma una comunidad de consumidores cuando las personas se unen y compran al menos 5 kg por entrega. Esto da como resultado un precio uniforme de 30 euros por kilogramo sin gastos de env\u00edo. Si quiere formar parte de un grupo de consumo ya existente, seleccione el grupo de consumo del que quiere formar parte en la tarjeta del formulario de participaci\u00f3n en la cosecha. Esto significa que tiene que adaptarse al ritmo de pedidos de la comunidad y recibir\u00e1 su cuota de cosecha a este ritmo en el futuro. En el formulario se te informar\u00e1 de los costos y obtendr\u00e1s informaci\u00f3n sobre la recolecci\u00f3n.<\/span><\/p>\n<p><span>3) Tambi\u00e9n puedes disfrutar del Caf\u00e9 Teikei sin empaquetar. \u00c9sta no s\u00f3lo es la forma m\u00e1s ecol\u00f3gica, sino tambi\u00e9n la m\u00e1s barata, porque sin envasar significa menos costes y menos trabajo.\u00a0 Sin envasar, un kilo de Caf\u00e9 Teikei cuesta 29 euros, a los que hay que a\u00f1adir 10 euros de gastos de env\u00edo para la devoluci\u00f3n del cubo reutilizable. Si el caf\u00e9 se pre financia sin envasar, esto no es aplicable.<\/span><\/p>\n<p>[\/et_pb_toggle][\/et_pb_column][et_pb_column type=\u00bb1_2&#8243; _builder_version=\u00bb4.16&#8243; _module_preset=\u00bbdefault\u00bb global_colors_info=\u00bb{}\u00bb][et_pb_toggle title=\u00bb Ecosistemas saludables\u00bb open_toggle_text_color=\u00bb#000000&#8243; open_toggle_background_color=\u00bbrgba(0,0,0,0)\u00bb closed_toggle_text_color=\u00bb#000000&#8243; closed_toggle_background_color=\u00bbrgba(0,0,0,0)\u00bb icon_color=\u00bb#000000&#8243; use_icon_font_size=\u00bbon\u00bb open_icon_color=\u00bb#000000&#8243; open_use_icon_font_size=\u00bbon\u00bb admin_label=\u00bbHealthy ecosystems\u00bb _builder_version=\u00bb4.16&#8243; _module_preset=\u00bbdefault\u00bb title_text_color=\u00bb#000000&#8243; title_font=\u00bb|600|||||||\u00bb title_text_align=\u00bbleft\u00bb title_font_size=\u00bb14pt\u00bb title_line_height=\u00bb17pt\u00bb closed_title_font=\u00bb|600|||||||\u00bb closed_title_text_align=\u00bbleft\u00bb closed_title_font_size=\u00bb14pt\u00bb closed_title_line_height=\u00bb17pt\u00bb body_font=\u00bbBariol||||||||\u00bb body_text_align=\u00bbleft\u00bb body_text_color=\u00bb#000000&#8243; body_font_size=\u00bb12pt\u00bb body_line_height=\u00bb20pt\u00bb body_link_font=\u00bbBariol|700|||||||\u00bb body_link_text_color=\u00bb#000000&#8243; body_link_font_size=\u00bb12pt\u00bb body_link_line_height=\u00bb20pt\u00bb custom_margin=\u00bb0px||0px||false|false\u00bb custom_padding=\u00bb10px||10px||true|false\u00bb custom_css_before=\u00bbcontent: %22|%22;||display: inline;||padding-right: 40px;\u00bb custom_css_toggle_title=\u00bbdisplay: inline;\u00bb border_color_all=\u00bbrgba(0,0,0,0)\u00bb global_colors_info=\u00bb{}\u00bb]<\/p>\n<p>Los seres humanos dependen de los ecosistemas v\u00edrgenes y de sus funciones. Por ello, es esencial cultivar de forma que se garantice la continuidad de los ecosistemas. Hoy en d\u00eda, la agricultura se practica a menudo de forma que perjudica al suelo, a los animales y a las plantas, al tiempo que favorece el cambio clim\u00e1tico. La agricultura siempre significa que los seres humanos influyen en nuestro entorno natural para producir bienes. Es importante mantener estas influencias dentro de un marco que sea saludable para los seres humanos y para la naturaleza. Los ecosistemas sanos empiezan con un suelo sano, rico en humus y vida. En este suelo, es importante cultivar una coexistencia din\u00e1mica de plantas y animales. Esto crea un ecosistema de cultivo saludable que es resistente, productivo y sostenible, tanto a nivel local como global.<\/p>\n<p>Especialmente en tiempos de cambio clim\u00e1tico, el cultivo sostenible del caf\u00e9 es una tarea dif\u00edcil. La planta de Ar\u00e1bica es sensible a los cambios de temperatura y precipitaciones. En muchas fincas hay problemas con la roya del caf\u00e9. Una enfermedad del cafeto que vuelve amarillas las hojas y reduce el rendimiento. Sin el uso de pesticidas y herbicidas, cada vez es m\u00e1s dif\u00edcil cultivar y mantener suelos f\u00e9rtiles y al mismo tiempo mantener un alto rendimiento. En muchos casos, los productores carecen de medios financieros y la naturaleza y las personas sufren. A pesar de que el consumo de caf\u00e9 en Alemania aumenta constantemente, esto no significa que se genere m\u00e1s dinero en los pa\u00edses productores: \u00abLos ingresos en los pa\u00edses productores cayeron un diez por ciento entre 1994 y 2017. En cambio, el valor a\u00f1adido por los tostadores y comerciantes en Alemania ha aumentado un 139 por ciento en el mismo periodo, pasando de 1.520 millones de euros a 3.630 millones de euros al a\u00f1o.\u00bb &#8211; Forum Fairer Handel e.V., GEPA, TransFair e.V. 01-2019: Comunicado de prensa: Caf\u00e9 en crisis.<\/p>\n<p>Queremos orientar nuestro cultivo de caf\u00e9 de tal manera que los ecosistemas sean sanos y se mantengan sanos. Este trabajo comienza en el \u00e1mbito social, en el intercambio con los agricultores, que deben y tienen que conservar la soberan\u00eda sobre sus propias tierras. Queremos fomentar el intercambio, hacer ofertas y explorar juntos formas de hacer que el cultivo del caf\u00e9 sea saludable. En concreto, pretendemos practicar t\u00e9cnicas de la agricultura biodin\u00e1mica y de la agrosilvicultura. De este modo, queremos crear y apoyar sistemas de cultivo que puedan ser transmitidos a nuestros nietos. Para contrarrestar el cambio clim\u00e1tico en el cultivo del caf\u00e9, abogamos por un pago justo y salarios sostenibles para todos los participantes, de modo que las plantas de caf\u00e9 y el suelo se cultiven de forma sostenible. Es esencial crear perspectivas a largo plazo para los agricultores, que incluyan un amplio acervo de conocimientos y diversos programas de talleres mediante el intercambio regular, a fin de aplicar m\u00e9todos de cultivo y de producci\u00f3n sostenibles.<\/p>\n<p>[\/et_pb_toggle][et_pb_toggle title=\u00bbRiesgo de la cosecha\u00bb open_toggle_text_color=\u00bb#000000&#8243; open_toggle_background_color=\u00bbrgba(0,0,0,0)\u00bb closed_toggle_text_color=\u00bb#000000&#8243; closed_toggle_background_color=\u00bbrgba(0,0,0,0)\u00bb icon_color=\u00bb#000000&#8243; use_icon_font_size=\u00bbon\u00bb open_icon_color=\u00bb#000000&#8243; open_use_icon_font_size=\u00bbon\u00bb admin_label=\u00bbHarvest risk\u00bb _builder_version=\u00bb4.16&#8243; _module_preset=\u00bbdefault\u00bb title_text_color=\u00bb#000000&#8243; title_font=\u00bb|600|||||||\u00bb title_text_align=\u00bbleft\u00bb title_font_size=\u00bb14pt\u00bb title_line_height=\u00bb17pt\u00bb closed_title_font=\u00bb|600|||||||\u00bb closed_title_text_align=\u00bbleft\u00bb closed_title_font_size=\u00bb14pt\u00bb closed_title_line_height=\u00bb17pt\u00bb body_font=\u00bbBariol||||||||\u00bb body_text_align=\u00bbleft\u00bb body_text_color=\u00bb#000000&#8243; body_font_size=\u00bb12pt\u00bb body_line_height=\u00bb20pt\u00bb body_link_font=\u00bbBariol|700|||||||\u00bb body_link_text_color=\u00bb#000000&#8243; body_link_font_size=\u00bb12pt\u00bb body_link_line_height=\u00bb20pt\u00bb custom_margin=\u00bb0px||0px||false|false\u00bb custom_padding=\u00bb10px||10px||true|false\u00bb custom_css_before=\u00bbcontent: %22|%22;||display: inline;||padding-right: 40px;\u00bb custom_css_main_element=\u00bbcursor:pointer;\u00bb custom_css_toggle_title=\u00bbdisplay: inline;\u00bb border_color_all=\u00bbrgba(0,0,0,0)\u00bb global_colors_info=\u00bb{}\u00bb]<\/p>\n<p><span>Hay muchos riesgos incontrolables en la agricultura: los da\u00f1os a las cosechas son causados por el clima extremo, los insectos, las enfermedades, etc. Muchos de estos factores est\u00e1n estrechamente relacionados con el cambio clim\u00e1tico y, a medida que \u00e9ste avanza, es probable que estos fen\u00f3menos sean m\u00e1s frecuentes y graves. En muchos lugares, los agricultores cargan con estos riesgos sobre sus hombros. Una buena cosecha significa una base segura de suministro para los agricultores y sus familias. Una mala cosecha, sin embargo, puede amenazar la existencia de los agricultores.<\/span><\/p>\n<p><span>Nos comprometemos a que los agricultores no soporten solos el riesgo de la cosecha, sino que lo compartan con esp\u00edritu solidario. En Teikei Coffee, nos esforzamos por compartir el riesgo de la cosecha sobre los hombros de toda la comunidad. De este modo, una cosecha malograda tiene un impacto ligeramente negativo en toda la comunidad, pero ning\u00fan medio de vida se ve amenazado. Actualmente, trabajamos con un precio por kilo en el que el riesgo est\u00e1 incluido. En el futuro, ser\u00e1 la comunidad la que decida c\u00f3mo distribuir el riesgo de la cosecha de forma \u00f3ptima.<\/span><\/p>\n<p>[\/et_pb_toggle][et_pb_toggle title=\u00bbAvontuur\u00bb open_toggle_text_color=\u00bb#000000&#8243; open_toggle_background_color=\u00bbrgba(0,0,0,0)\u00bb closed_toggle_text_color=\u00bb#000000&#8243; closed_toggle_background_color=\u00bbrgba(0,0,0,0)\u00bb icon_color=\u00bb#000000&#8243; use_icon_font_size=\u00bbon\u00bb open_icon_color=\u00bb#000000&#8243; open_use_icon_font_size=\u00bbon\u00bb admin_label=\u00bbAvontuur\u00bb _builder_version=\u00bb4.16&#8243; _module_preset=\u00bbdefault\u00bb title_text_color=\u00bb#000000&#8243; title_font=\u00bb|600|||||||\u00bb title_text_align=\u00bbleft\u00bb title_font_size=\u00bb14pt\u00bb title_line_height=\u00bb17pt\u00bb closed_title_font=\u00bb|600|||||||\u00bb closed_title_text_align=\u00bbleft\u00bb closed_title_font_size=\u00bb14pt\u00bb closed_title_line_height=\u00bb17pt\u00bb body_font=\u00bbBariol||||||||\u00bb body_text_align=\u00bbleft\u00bb body_text_color=\u00bb#000000&#8243; body_font_size=\u00bb12pt\u00bb body_line_height=\u00bb20pt\u00bb body_link_font=\u00bbBariol|700|||||||\u00bb body_link_text_color=\u00bb#000000&#8243; body_link_font_size=\u00bb12pt\u00bb body_link_line_height=\u00bb20pt\u00bb custom_margin=\u00bb0px||0px||false|false\u00bb custom_padding=\u00bb10px||10px||true|false\u00bb custom_css_before=\u00bbcontent: %22|%22;||display: inline;||padding-right: 40px;\u00bb custom_css_main_element=\u00bbcursor:pointer;\u00bb custom_css_toggle_title=\u00bbdisplay: inline;\u00bb border_color_all=\u00bbrgba(0,0,0,0)\u00bb global_colors_info=\u00bb{}\u00bb]<\/p>\n<p><span>Nuestro socio Timbercoast navega por los oc\u00e9anos con su velero \u00abAvontuur\u00bb (aventura en holand\u00e9s) desde 2016. El equipo dirigido por Cornelius Bockermann dedic\u00f3 dos a\u00f1os a convertir un velero de carga de 44 metros de longitud de 1920 para hacer realidad su sue\u00f1o de una \u00abMisi\u00f3n Cero\u00bb. Con una tripulaci\u00f3n de entre 5 y 6 marineros profesionales, el Avontuur navega una vez al a\u00f1o con todo tipo de vientos y climas hasta Am\u00e9rica y de vuelta a Europa. Hay espacio para 10 compa\u00f1eros, que pueden disfrutar de una experiencia de navegaci\u00f3n muy especial.<\/span><\/p>\n<p><span>Mision Zero es el principio rector de la naviera Timbercoast, que pretende reducir las emisiones a lo largo de toda la cadena de valor de los productos. El primer paso en esta direcci\u00f3n es el transporte en barco de vela, para hacer posible el comercio mundial por medios alternativos. Esto implica el uso sensato de los medios de transporte y su sostenibilidad ecol\u00f3gica y econ\u00f3mica. El velero \u00abAvontuur\u00bb de la naviera Timbercoast tiene ya m\u00e1s de cien a\u00f1os y, con su lema \u00abCarga a vela\u00bb, es un ejemplo de revoluci\u00f3n en el comercio mundial y de vuelta a las rutas de transporte viables. Desgraciadamente, todav\u00eda se transportan muy pocos productos a M\u00e9xico y Am\u00e9rica Central\/Latina, lo que impide a la naviera operar de forma econ\u00f3micamente sostenible.<\/span><\/p>\n<p>[\/et_pb_toggle][et_pb_toggle title=\u00bbTorrefacci\u00f3n\u00bb open_toggle_text_color=\u00bb#000000&#8243; open_toggle_background_color=\u00bbrgba(0,0,0,0)\u00bb closed_toggle_text_color=\u00bb#000000&#8243; closed_toggle_background_color=\u00bbrgba(0,0,0,0)\u00bb icon_color=\u00bb#000000&#8243; use_icon_font_size=\u00bbon\u00bb open_icon_color=\u00bb#000000&#8243; open_use_icon_font_size=\u00bbon\u00bb admin_label=\u00bbRoastings\u00bb _builder_version=\u00bb4.16&#8243; _module_preset=\u00bbdefault\u00bb title_text_color=\u00bb#000000&#8243; title_font=\u00bb|600|||||||\u00bb title_text_align=\u00bbleft\u00bb title_font_size=\u00bb14pt\u00bb title_line_height=\u00bb17pt\u00bb closed_title_font=\u00bb|600|||||||\u00bb closed_title_text_align=\u00bbleft\u00bb closed_title_font_size=\u00bb14pt\u00bb closed_title_line_height=\u00bb17pt\u00bb body_font=\u00bbBariol||||||||\u00bb body_text_align=\u00bbleft\u00bb body_text_color=\u00bb#000000&#8243; body_font_size=\u00bb12pt\u00bb body_line_height=\u00bb20pt\u00bb body_link_font=\u00bbBariol|700|||||||\u00bb body_link_text_color=\u00bb#000000&#8243; body_link_font_size=\u00bb12pt\u00bb body_link_line_height=\u00bb20pt\u00bb custom_margin=\u00bb0px||0px||false|false\u00bb custom_padding=\u00bb10px||10px||true|false\u00bb custom_css_before=\u00bbcontent: %22|%22;||display: inline;||padding-right: 40px;\u00bb custom_css_main_element=\u00bbcursor:pointer;\u00bb custom_css_toggle_title=\u00bbdisplay: inline;\u00bb border_color_all=\u00bbrgba(0,0,0,0)\u00bb global_colors_info=\u00bb{}\u00bb]<\/p>\n<p><span>Tostamos el caf\u00e9 como espresso o como caf\u00e9 para m\u00e9todo. <\/span><\/p>\n<p><span>Nuestro espresso es un cl\u00e1sico, el llamado tueste medio. El tueste corto y suave hace que los aromas tostados queden en un segundo plano, por lo que el car\u00e1cter del caf\u00e9 sale mejor. El sabor se describe mejor como una mezcla equilibrada de una nota dulce de caramelo, almendra tostada y chocolate con leche. Adem\u00e1s, nuestro espresso tiene mucho cuerpo y es suave al mismo tiempo. <\/span><\/p>\n<p><span>El tueste de nuestro caf\u00e9 para m\u00e9todo es el llamado tueste ligero o medio. Gracias a este m\u00e9todo de tueste, los aromas tostados son casi imperceptibles, por lo que se puede disfrutar de toda la complejidad de nuestros caf\u00e9s. Las notas de albaricoque y avellana se acompa\u00f1an de una ligera acidez afrutada y se completan con un marcado sabor a cacao.<\/span><\/p>\n<p><span>Ambos tuestes pueden entregarse en grano o ya molidos. Para mantener el caf\u00e9 fresco y arom\u00e1tico durante m\u00e1s tiempo, le recomendamos que pida el caf\u00e9 en grano y lo muela usted mismo en casa. S\u00f3lo tiene que indicar la cantidad de caf\u00e9 de cada variedad que desea recibir por entrega en el formulario de participaci\u00f3n en la cosecha.<\/span><\/p>\n<p>[\/et_pb_toggle][et_pb_toggle title=\u00bbCooperaci\u00f3n\u00bb open_toggle_text_color=\u00bb#000000&#8243; open_toggle_background_color=\u00bbrgba(0,0,0,0)\u00bb closed_toggle_text_color=\u00bb#000000&#8243; closed_toggle_background_color=\u00bbrgba(0,0,0,0)\u00bb icon_color=\u00bb#000000&#8243; use_icon_font_size=\u00bbon\u00bb open_icon_color=\u00bb#000000&#8243; open_use_icon_font_size=\u00bbon\u00bb admin_label=\u00bbCooperation\u00bb _builder_version=\u00bb4.16&#8243; _module_preset=\u00bbdefault\u00bb title_text_color=\u00bb#000000&#8243; title_font=\u00bb|600|||||||\u00bb title_text_align=\u00bbleft\u00bb title_font_size=\u00bb14pt\u00bb title_line_height=\u00bb17pt\u00bb closed_title_font=\u00bb|600|||||||\u00bb closed_title_text_align=\u00bbleft\u00bb closed_title_font_size=\u00bb14pt\u00bb closed_title_line_height=\u00bb17pt\u00bb body_font=\u00bbBariol||||||||\u00bb body_text_align=\u00bbleft\u00bb body_text_color=\u00bb#000000&#8243; body_font_size=\u00bb12pt\u00bb body_line_height=\u00bb20pt\u00bb body_link_font=\u00bbBariol|700|||||||\u00bb body_link_text_color=\u00bb#000000&#8243; body_link_font_size=\u00bb12pt\u00bb body_link_line_height=\u00bb20pt\u00bb custom_margin=\u00bb0px||0px||false|false\u00bb custom_padding=\u00bb10px||10px||true|false\u00bb custom_css_before=\u00bbcontent: %22|%22;||display: inline;||padding-right: 40px;\u00bb custom_css_main_element=\u00bbcursor:pointer;\u00bb custom_css_toggle_title=\u00bbdisplay: inline;\u00bb border_color_all=\u00bbrgba(0,0,0,0)\u00bb global_colors_info=\u00bb{}\u00bb]<\/p>\n<p>Nuestra estructura es similar a la de una agricultura apoyada por la comunidad (CSA). La diferencia es que los caficultores no est\u00e1n cerca de los consumidores. Por lo tanto, para cumplir con nuestros principios, es esencial distribuir los granos de caf\u00e9 de la forma m\u00e1s directa posible para garantizar la transparencia de la cadena de valor. Adem\u00e1s de la tienda online, tambi\u00e9n queremos ofrecer la posibilidad de adquirir el Caf\u00e9 Teikei sin mucho esfuerzo log\u00edstico. Nos gustar\u00eda difundir nuestra forma de hacer econom\u00eda y el Caf\u00e9 Teikei como idea de comercio justo. Nos gustar\u00eda difundir nuestra forma de hacer econom\u00eda y el Caf\u00e9 Teikei como idea de comercio justo. Queremos que la distribuci\u00f3n sea lo m\u00e1s sencilla posible, por lo que tambi\u00e9n puedes hacerte socio de Teikei Coffee si eres un peque\u00f1o comerciante o una tienda no envasada. Sin embargo, es imprescindible una base de valor com\u00fan y una financiaci\u00f3n temprana del caf\u00e9. Si est\u00e1 interesado, p\u00f3ngase en contacto con nosotros.<\/p>\n<p>[\/et_pb_toggle][et_pb_toggle title=\u00bbComunidad Teikei Coffee\u00bb open_toggle_text_color=\u00bb#000000&#8243; open_toggle_background_color=\u00bbrgba(0,0,0,0)\u00bb closed_toggle_text_color=\u00bb#000000&#8243; closed_toggle_background_color=\u00bbrgba(0,0,0,0)\u00bb icon_color=\u00bb#000000&#8243; use_icon_font_size=\u00bbon\u00bb open_icon_color=\u00bb#000000&#8243; open_use_icon_font_size=\u00bbon\u00bb admin_label=\u00bbTeikei Coffee Community\u00bb _builder_version=\u00bb4.16&#8243; _module_preset=\u00bbdefault\u00bb title_text_color=\u00bb#000000&#8243; title_font=\u00bb|600|||||||\u00bb title_text_align=\u00bbleft\u00bb title_font_size=\u00bb14pt\u00bb title_line_height=\u00bb17pt\u00bb closed_title_font=\u00bb|600|||||||\u00bb closed_title_text_align=\u00bbleft\u00bb closed_title_font_size=\u00bb14pt\u00bb closed_title_line_height=\u00bb17pt\u00bb body_font=\u00bbBariol||||||||\u00bb body_text_align=\u00bbleft\u00bb body_text_color=\u00bb#000000&#8243; body_font_size=\u00bb12pt\u00bb body_line_height=\u00bb20pt\u00bb body_link_font=\u00bbBariol|700|||||||\u00bb body_link_text_color=\u00bb#000000&#8243; body_link_font_size=\u00bb12pt\u00bb body_link_line_height=\u00bb20pt\u00bb custom_margin=\u00bb0px||0px||false|false\u00bb custom_padding=\u00bb10px||10px||true|false\u00bb custom_css_before=\u00bbcontent: %22|%22;||display: inline;||padding-right: 40px;\u00bb custom_css_toggle_title=\u00bbdisplay: inline;\u00bb border_color_all=\u00bbrgba(0,0,0,0)\u00bb global_colors_info=\u00bb{}\u00bb]<\/p>\n<p>La comunidad del Caf\u00e9 Teikei est\u00e1 formada por todas las personas (llamadas miembros) que reciben una parte de la cosecha del Caf\u00e9 Teikei o que participan en su creaci\u00f3n, es decir, los agricultores, nuestros socios en M\u00e9xico, el equipo de navegaci\u00f3n, nuestros tostadores y los organizadores de la comunidad. En el sentido m\u00e1s amplio, las personas que nos apoyan en nuestro viaje tambi\u00e9n forman parte de la comunidad.<\/p>\n<p>[\/et_pb_toggle][et_pb_toggle title=\u00bbONG del Caf\u00e9 Teikei \u00bb open_toggle_text_color=\u00bb#000000&#8243; open_toggle_background_color=\u00bbrgba(0,0,0,0)\u00bb closed_toggle_text_color=\u00bb#000000&#8243; closed_toggle_background_color=\u00bbrgba(0,0,0,0)\u00bb icon_color=\u00bb#000000&#8243; use_icon_font_size=\u00bbon\u00bb open_icon_color=\u00bb#000000&#8243; open_use_icon_font_size=\u00bbon\u00bb admin_label=\u00bbTeikei Coffee NGO\u00bb _builder_version=\u00bb4.16&#8243; _module_preset=\u00bbdefault\u00bb title_text_color=\u00bb#000000&#8243; title_font=\u00bb|600|||||||\u00bb title_text_align=\u00bbleft\u00bb title_font_size=\u00bb14pt\u00bb title_line_height=\u00bb17pt\u00bb closed_title_font=\u00bb|600|||||||\u00bb closed_title_text_align=\u00bbleft\u00bb closed_title_font_size=\u00bb14pt\u00bb closed_title_line_height=\u00bb17pt\u00bb body_font=\u00bbBariol||||||||\u00bb body_text_align=\u00bbleft\u00bb body_text_color=\u00bb#000000&#8243; body_font_size=\u00bb12pt\u00bb body_line_height=\u00bb20pt\u00bb body_link_font=\u00bbBariol|700|||||||\u00bb body_link_text_color=\u00bb#000000&#8243; body_link_font_size=\u00bb12pt\u00bb body_link_line_height=\u00bb20pt\u00bb custom_margin=\u00bb0px||0px||false|false\u00bb custom_padding=\u00bb10px||10px||true|false\u00bb custom_css_before=\u00bbcontent: %22|%22;||display: inline;||padding-right: 40px;\u00bb custom_css_toggle_title=\u00bbdisplay: inline;\u00bb border_color_all=\u00bbrgba(0,0,0,0)\u00bb global_colors_info=\u00bb{}\u00bb]<\/p>\n<p>Actualmente, se est\u00e1 estableciendo una ONG de Caf\u00e9 Teikei en M\u00e9xico para ser una representaci\u00f3n local fuerte e independiente para controlar y apoyar a los socios y agricultores. Teikei Coffee ofrece una plataforma donde las herramientas y los principios de la agricultura apoyada por la comunidad pueden ser utilizados, compartidos y desarrollados.<\/p>\n<p>[\/et_pb_toggle][\/et_pb_column][\/et_pb_row][et_pb_row _builder_version=\u00bb4.16&#8243; _module_preset=\u00bbdefault\u00bb global_colors_info=\u00bb{}\u00bb][et_pb_column type=\u00bb4_4&#8243; _builder_version=\u00bb4.16&#8243; _module_preset=\u00bbdefault\u00bb global_colors_info=\u00bb{}\u00bb][et_pb_code _builder_version=\u00bb4.16&#8243; _module_preset=\u00bbdefault\u00bb global_colors_info=\u00bb{}\u00bb]<script><!-- [et_pb_line_break_holder] --> (function($) {<!-- [et_pb_line_break_holder] -->    $(document).ready(function(){<!-- [et_pb_line_break_holder] -->      $(\".glossar\").on('click', function(event){    \t DiviArea.show('#glossar_teikei');<!-- [et_pb_line_break_holder] -->        <!-- [et_pb_line_break_holder] -->        $(\"#glossar_popup_titel\").html($(this).data(\"title\"));<!-- [et_pb_line_break_holder] -->        $(\"#glossar_popup_text\").html($(this).data(\"text\"));<!-- [et_pb_line_break_holder] -->        <!-- [et_pb_line_break_holder] -->\t\t\t});<!-- [et_pb_line_break_holder] -->    });<!-- [et_pb_line_break_holder] -->})(jQuery);<!-- [et_pb_line_break_holder] --><\/script>[\/et_pb_code][\/et_pb_column][\/et_pb_row][\/et_pb_section][et_pb_section fb_built=\u00bb1&#8243; custom_padding_last_edited=\u00bbon|phone\u00bb admin_label=\u00bbGLOSSAR Popup\u00bb module_id=\u00bbglossar_teikei\u00bb module_class=\u00bbps2id popup\u00bb _builder_version=\u00bb4.16&#8243; _module_preset=\u00bbdefault\u00bb width=\u00bb60%\u00bb width_tablet=\u00bb\u00bb width_phone=\u00bb\u00bb width_last_edited=\u00bbon|phone\u00bb custom_margin=\u00bb||||false|false\u00bb custom_padding=\u00bb20px|20px|20px|20px|true|true\u00bb custom_padding_tablet=\u00bb\u00bb custom_padding_phone=\u00bb|10%||10%|true|true\u00bb da_is_popup=\u00bbon\u00bb da_popup_slug=\u00bbglossar_teikei\u00bb da_disable_devices=\u00bboff|off|off\u00bb collapsed=\u00bboff\u00bb global_colors_info=\u00bb{}\u00bb da_exit_intent=\u00bboff\u00bb da_has_close=\u00bbon\u00bb da_alt_close=\u00bboff\u00bb da_dark_close=\u00bboff\u00bb da_not_modal=\u00bbon\u00bb da_is_singular=\u00bboff\u00bb da_with_loader=\u00bboff\u00bb da_has_shadow=\u00bbon\u00bb][et_pb_row column_structure=\u00bb1_2,1_2&#8243; _builder_version=\u00bb4.16&#8243; _module_preset=\u00bbdefault\u00bb width=\u00bb450px\u00bb module_alignment=\u00bbleft\u00bb custom_margin=\u00bb||||false|false\u00bb global_colors_info=\u00bb{}\u00bb][et_pb_column type=\u00bb1_2&#8243; _builder_version=\u00bb4.16&#8243; _module_preset=\u00bbdefault\u00bb global_colors_info=\u00bb{}\u00bb][et_pb_text _builder_version=\u00bb4.16&#8243; _module_preset=\u00bbdefault\u00bb header_font=\u00bbOswald|600||on|||||\u00bb header_text_color=\u00bb#000000&#8243; header_line_height=\u00bb1.1em\u00bb header_2_font=\u00bbOswald|600||on|||||\u00bb header_2_text_color=\u00bb#8F8F8F\u00bb header_2_font_size=\u00bb20px\u00bb header_2_line_height=\u00bb1.5em\u00bb header_3_font=\u00bb|600||on|||||\u00bb header_3_text_color=\u00bb#000000&#8243; header_3_font_size=\u00bb14pt\u00bb header_3_line_height=\u00bb31pt\u00bb custom_margin=\u00bb||0px||false|false\u00bb custom_padding=\u00bb||0px||false|false\u00bb global_colors_info=\u00bb{}\u00bb]<\/p>\n<h2>Our understanding<\/h2>\n<p>[\/et_pb_text][\/et_pb_column][et_pb_column type=\u00bb1_2&#8243; _builder_version=\u00bb4.16&#8243; _module_preset=\u00bbdefault\u00bb global_colors_info=\u00bb{}\u00bb][et_pb_text _builder_version=\u00bb4.16&#8243; _module_preset=\u00bbdefault\u00bb text_font=\u00bb|600||on|||||\u00bb text_text_color=\u00bb#000000&#8243; text_font_size=\u00bb14pt\u00bb text_line_height=\u00bb1.4em\u00bb header_2_font=\u00bbOswald|600|on|on|||||\u00bb header_2_text_color=\u00bb#000000&#8243; header_2_font_size=\u00bb20px\u00bb header_2_line_height=\u00bb1.5em\u00bb global_colors_info=\u00bb{}\u00bb]<\/p>\n<h2 id=\"glossar_popup_titel\">TEST<\/h2>\n<p>[\/et_pb_text][\/et_pb_column][\/et_pb_row][et_pb_row _builder_version=\u00bb4.16&#8243; _module_preset=\u00bbdefault\u00bb width=\u00bb100%\u00bb max_width=\u00bb100%\u00bb module_alignment=\u00bbleft\u00bb custom_margin=\u00bb-40px|auto||auto|false|false\u00bb global_colors_info=\u00bb{}\u00bb][et_pb_column type=\u00bb4_4&#8243; _builder_version=\u00bb4.16&#8243; _module_preset=\u00bbdefault\u00bb global_colors_info=\u00bb{}\u00bb][et_pb_text _builder_version=\u00bb4.16&#8243; _module_preset=\u00bbdefault\u00bb text_font=\u00bbBariol||||||||\u00bb text_text_color=\u00bb#000000&#8243; text_font_size=\u00bb12pt\u00bb text_line_height=\u00bb20pt\u00bb header_3_font=\u00bb|600|||||||\u00bb header_3_font_size=\u00bb14pt\u00bb header_3_line_height=\u00bb30pt\u00bb text_orientation=\u00bbjustified\u00bb custom_margin=\u00bb-17px|||||\u00bb global_colors_info=\u00bb{}\u00bb]<\/p>\n<p id=\"glossar_popup_text\">Please enable Javascript&#8230;.<\/p>\n<p>[\/et_pb_text][\/et_pb_column][\/et_pb_row][\/et_pb_section][et_pb_section fb_built=\u00bb1&#8243; admin_label=\u00bbBILDER\u00bb module_id=\u00bbbilder\u00bb module_class=\u00bbps2id\u00bb _builder_version=\u00bb4.16&#8243; _module_preset=\u00bbdefault\u00bb custom_margin=\u00bb1px||||false|false\u00bb da_disable_devices=\u00bboff|off|off\u00bb border_width_bottom=\u00bb1px\u00bb border_color_bottom=\u00bb#000000&#8243; collapsed=\u00bboff\u00bb global_colors_info=\u00bb{}\u00bb da_is_popup=\u00bboff\u00bb da_exit_intent=\u00bboff\u00bb da_has_close=\u00bbon\u00bb da_alt_close=\u00bboff\u00bb da_dark_close=\u00bboff\u00bb da_not_modal=\u00bbon\u00bb da_is_singular=\u00bboff\u00bb da_with_loader=\u00bboff\u00bb da_has_shadow=\u00bbon\u00bb][et_pb_row _builder_version=\u00bb4.16&#8243; _module_preset=\u00bbdefault\u00bb width=\u00bb75%\u00bb width_tablet=\u00bb\u00bb width_phone=\u00bb\u00bb width_last_edited=\u00bbon|phone\u00bb max_width=\u00bb100%\u00bb custom_margin=\u00bb|10px|||false|false\u00bb module_alignment_tablet=\u00bb\u00bb module_alignment_phone=\u00bbcenter\u00bb module_alignment_last_edited=\u00bbon|phone\u00bb global_colors_info=\u00bb{}\u00bb][et_pb_column type=\u00bb4_4&#8243; _builder_version=\u00bb4.16&#8243; _module_preset=\u00bbdefault\u00bb global_colors_info=\u00bb{}\u00bb][dica_divi_carousel loop=\u00bbon\u00bb autoplay=\u00bbon\u00bb hoverpause=\u00bbon\u00bb arrow_nav=\u00bbon\u00bb dot_nav=\u00bbon\u00bb equal_height=\u00bbon\u00bb lazy_loading=\u00bbon\u00bb load_before_transition=\u00bbon\u00bb advanced_effect=\u00bb1&#8243; arrow_nav_color=\u00bb#000000&#8243; dots_active_color=\u00bb#000000&#8243; image_force_fullwidth=\u00bbon\u00bb _builder_version=\u00bb4.16&#8243; _module_preset=\u00bbdefault\u00bb global_colors_info=\u00bb{}\u00bb _i=\u00bb0&#8243; _address=\u00bb8.0.0.0&#8243; \/][\/et_pb_column][\/et_pb_row][\/et_pb_section][et_pb_section fb_built=\u00bb1&#8243; admin_label=\u00bbNEWSLETTER\u00bb module_id=\u00bbnewsletter-anmelden\u00bb module_class=\u00bbps2id\u00bb _builder_version=\u00bb4.16&#8243; _module_preset=\u00bbdefault\u00bb min_height=\u00bb500px\u00bb custom_margin=\u00bb0px||||false|false\u00bb da_disable_devices=\u00bboff|off|off\u00bb collapsed=\u00bbon\u00bb global_colors_info=\u00bb{}\u00bb da_is_popup=\u00bboff\u00bb da_exit_intent=\u00bboff\u00bb da_has_close=\u00bbon\u00bb da_alt_close=\u00bboff\u00bb da_dark_close=\u00bboff\u00bb da_not_modal=\u00bbon\u00bb da_is_singular=\u00bboff\u00bb da_with_loader=\u00bboff\u00bb da_has_shadow=\u00bbon\u00bb][et_pb_row column_structure=\u00bb1_2,1_2&#8243; _builder_version=\u00bb4.16&#8243; _module_preset=\u00bbdefault\u00bb width=\u00bb75%\u00bb width_tablet=\u00bb\u00bb width_phone=\u00bb\u00bb width_last_edited=\u00bbon|phone\u00bb max_width=\u00bb100%\u00bb custom_margin=\u00bb|10px|||false|false\u00bb module_alignment_tablet=\u00bb\u00bb module_alignment_phone=\u00bbcenter\u00bb module_alignment_last_edited=\u00bbon|phone\u00bb global_colors_info=\u00bb{}\u00bb][et_pb_column type=\u00bb1_2&#8243; _builder_version=\u00bb4.16&#8243; _module_preset=\u00bbdefault\u00bb global_colors_info=\u00bb{}\u00bb][et_pb_text _builder_version=\u00bb4.16&#8243; _module_preset=\u00bbdefault\u00bb text_font=\u00bbBariol||||||||\u00bb text_text_color=\u00bb#000000&#8243; text_font_size=\u00bb14pt\u00bb text_line_height=\u00bb20pt\u00bb header_3_font=\u00bb|600|||||||\u00bb header_3_font_size=\u00bb12pt\u00bb header_3_line_height=\u00bb19pt\u00bb text_orientation=\u00bbjustified\u00bb custom_margin=\u00bb||0px||false|false\u00bb global_colors_info=\u00bb{}\u00bb]Would you like to become part of the community and receive news from us at regular intervals? Then simply sign up in the form below!<\/p>\n<p>We treat our subscribers with respect and trust. For us, this means that we carefully select the content. So you will receive news from us about once a month.<br \/>\n[\/et_pb_text][\/et_pb_column][et_pb_column type=\u00bb1_2&#8243; _builder_version=\u00bb4.16&#8243; _module_preset=\u00bbdefault\u00bb global_colors_info=\u00bb{}\u00bb][et_pb_text module_class=\u00bbmailchimp_form\u00bb _builder_version=\u00bb4.16&#8243; _module_preset=\u00bbdefault\u00bb text_font=\u00bbBariol||||||||\u00bb text_font_size=\u00bb18px\u00bb text_line_height=\u00bb1.8em\u00bb custom_margin=\u00bb0px||||false|false\u00bb custom_padding=\u00bb0px||||false|false\u00bb global_colors_info=\u00bb{}\u00bb]<script>(function() {\n\twindow.mc4wp = window.mc4wp || {\n\t\tlisteners: [],\n\t\tforms: {\n\t\t\ton: function(evt, cb) {\n\t\t\t\twindow.mc4wp.listeners.push(\n\t\t\t\t\t{\n\t\t\t\t\t\tevent   : evt,\n\t\t\t\t\t\tcallback: cb\n\t\t\t\t\t}\n\t\t\t\t);\n\t\t\t}\n\t\t}\n\t}\n})();\n<\/script><!-- Mailchimp for WordPress v4.12.1 - https:\/\/wordpress.org\/plugins\/mailchimp-for-wp\/ --><form id=\"mc4wp-form-1\" class=\"mc4wp-form mc4wp-form-237640\" method=\"post\" data-id=\"237640\" data-name=\"Newsletter\" ><div class=\"mc4wp-form-fields\"><p>\r\n    <label style=\"color:black;\">Vorname:<\/label>\r\n    <input type=\"text\" class=\"mc_input\" name=\"FNAME\" placeholder=\"Max\" required=\"\">\r\n<\/p>\r\n<p>\r\n    <label style=\"color:black;\">Nachname:<\/label>\r\n    <input type=\"text\" class=\"mc_input\" name=\"LNAME\" placeholder=\"Mustermann\" required=\"\">\r\n<\/p>\r\n\r\n<p>\r\n\t<label style=\"color:black;\">E-Mail-Adresse: \r\n\t\t<input type=\"email\" class=\"mc_input\" name=\"EMAIL\" placeholder=\"Deine E-Mail-Adresse\" required \/>\r\n<\/label>\r\n<\/p>\r\n\r\n<p>\r\n    <label style=\"color:black;\">\r\n        <input name=\"AGREE_TO_TERMS\" type=\"checkbox\" value=\"1\" required=\"\"> <a href=\"https:\/\/www.teikeicoffee.org\/datenschutzerklaerung\/\"\r\n        target=\"_blank\" style=\"color:black;\">Ich stimme der Datenschutzerkl\u00e4rungen zu.<\/a>\r\n     \r\n    <\/label>\r\n<\/p>\r\n<p>\r\n    <label style=\"color:black;\">\r\n        <input name=\"AGREE_TO_TERMS\" type=\"checkbox\" value=\"1\" required=\"\"> <a href=\"https:\/\/www.teikeicoffee.org\/datenschutzerklaerung\/\"\r\n        target=\"_blank\" style=\"color:black;\">Ich willige ein, dass meine Daten an den externen Dienstleister MailChimp weitergegeben werden d\u00fcrfen.<\/a>\r\n      \r\n    <\/label>\r\n<\/p>\r\n<p>\r\n\t<input type=\"submit\" value=\"REGISTRIEREN\" class=\"mc_button et_pb_button et_pb_button_0 et_pb_bg_layout_light\" \/>\r\n<\/p>\r\n\r\n<style>\r\n  .mc_button {\r\n    font-size: 20px!important;\r\n    padding: 0.3em 1em!important;\r\n    border: 1px solid black!important;\r\n  }\r\n  .mc_input {\r\n    font-size: 18px!important;\r\n    \r\n  }\r\n  \/*style=\"background-color: transparent; color: black: border: 1px solid black; padding: 12px;\"*\/\r\n<\/style><\/div><label style=\"display: none !important;\">Deja vac\u00edo este campo si eres humano: <input type=\"text\" name=\"_mc4wp_honeypot\" value=\"\" tabindex=\"-1\" autocomplete=\"off\" \/><\/label><input type=\"hidden\" name=\"_mc4wp_timestamp\" value=\"1777538163\" \/><input type=\"hidden\" name=\"_mc4wp_form_id\" value=\"237640\" \/><input type=\"hidden\" name=\"_mc4wp_form_element_id\" value=\"mc4wp-form-1\" \/><div class=\"mc4wp-response\"><\/div><\/form><!-- \/ Mailchimp for WordPress Plugin --><br \/>\n[\/et_pb_text][\/et_pb_column][\/et_pb_row][\/et_pb_section]<\/p>","protected":false},"excerpt":{"rendered":"<p><a href=\"#kontakt\" class=\"_ps2id\">CONTACT<\/a> <a href=\"#team\" class=\"_ps2id\">TEAM<\/a> <a href=\"#faq\" class=\"_ps2id\">Q &amp; A <\/a> <a href=\"#glossar\" class=\"_ps2id\">GLOSSARY<\/a> <a href=\"#bilder\" class=\"_ps2id\">MEDIA<\/a> <a href=\"#newsletter-anmelden\" class=\"_ps2id\">NEWSLETTER<\/a> HOLA , MUCHO GUSTO EN CONOCERTE! info@teikeicoffee.org info.ch@teikeicoffee.org presse@teikeicoffee.org Nuestro Team Teikei est\u00e1 en movimiento &#8211; un organismo vivo\u00a9 Maren Prei\u00df\u00a9 Maren Prei\u00dfEl equipo principal de M\u00e9xico &#8211; Ana, David, Hermann, Gil , EliceoA L E M A N [&hellip;]<\/p>","protected":false},"author":1,"featured_media":0,"parent":0,"menu_order":0,"comment_status":"closed","ping_status":"closed","template":"","meta":{"_et_pb_use_builder":"on","_et_pb_old_content":"","_et_gb_content_width":"","footnotes":""},"class_list":["post-246452","page","type-page","status-publish","hentry"],"yoast_head":"<!-- This site is optimized with the Yoast SEO plugin v27.4 - https:\/\/yoast.com\/product\/yoast-seo-wordpress\/ -->\n<title>KONTAKT - TEIKEI<\/title>\n<meta name=\"robots\" content=\"index, follow, max-snippet:-1, max-image-preview:large, max-video-preview:-1\" \/>\n<link rel=\"canonical\" href=\"https:\/\/www.teikeicoffee.org\/es\/kontakt\/\" \/>\n<meta property=\"og:locale\" content=\"es_ES\" \/>\n<meta property=\"og:type\" content=\"article\" \/>\n<meta property=\"og:title\" content=\"KONTAKT - TEIKEI\" \/>\n<meta property=\"og:description\" content=\"HOLA , MUCHO GUSTO EN CONOCERTE! info@teikeicoffee.org info.ch@teikeicoffee.org presse@teikeicoffee.org Nuestro Team Teikei est\u00e1 en movimiento - un organismo vivo\u00a9 Maren Prei\u00df\u00a9 Maren Prei\u00dfEl equipo principal de M\u00e9xico - Ana, David, Hermann, Gil , EliceoA L E M A N [&hellip;]\" \/>\n<meta property=\"og:url\" content=\"https:\/\/www.teikeicoffee.org\/es\/kontakt\/\" \/>\n<meta property=\"og:site_name\" content=\"TEIKEI\" \/>\n<meta property=\"article:modified_time\" content=\"2026-04-15T06:37:42+00:00\" \/>\n<meta name=\"twitter:card\" content=\"summary_large_image\" \/>\n<meta name=\"twitter:label1\" content=\"Tiempo de lectura\" \/>\n\t<meta name=\"twitter:data1\" content=\"122 minutos\" \/>\n<script type=\"application\/ld+json\" class=\"yoast-schema-graph\">{\"@context\":\"https:\\\/\\\/schema.org\",\"@graph\":[{\"@type\":\"WebPage\",\"@id\":\"https:\\\/\\\/www.teikeicoffee.org\\\/es\\\/kontakt\\\/\",\"url\":\"https:\\\/\\\/www.teikeicoffee.org\\\/es\\\/kontakt\\\/\",\"name\":\"KONTAKT - TEIKEI\",\"isPartOf\":{\"@id\":\"https:\\\/\\\/www.teikeicoffee.org\\\/es\\\/#website\"},\"datePublished\":\"2022-02-21T06:53:58+00:00\",\"dateModified\":\"2026-04-15T06:37:42+00:00\",\"breadcrumb\":{\"@id\":\"https:\\\/\\\/www.teikeicoffee.org\\\/es\\\/kontakt\\\/#breadcrumb\"},\"inLanguage\":\"es\",\"potentialAction\":[{\"@type\":\"ReadAction\",\"target\":[\"https:\\\/\\\/www.teikeicoffee.org\\\/es\\\/kontakt\\\/\"]}]},{\"@type\":\"BreadcrumbList\",\"@id\":\"https:\\\/\\\/www.teikeicoffee.org\\\/es\\\/kontakt\\\/#breadcrumb\",\"itemListElement\":[{\"@type\":\"ListItem\",\"position\":1,\"name\":\"Startseite\",\"item\":\"https:\\\/\\\/www.teikeicoffee.org\\\/es\\\/\"},{\"@type\":\"ListItem\",\"position\":2,\"name\":\"KONTAKT\"}]},{\"@type\":\"WebSite\",\"@id\":\"https:\\\/\\\/www.teikeicoffee.org\\\/es\\\/#website\",\"url\":\"https:\\\/\\\/www.teikeicoffee.org\\\/es\\\/\",\"name\":\"TEIKEI\",\"description\":\"Community Supported Coffee\",\"potentialAction\":[{\"@type\":\"SearchAction\",\"target\":{\"@type\":\"EntryPoint\",\"urlTemplate\":\"https:\\\/\\\/www.teikeicoffee.org\\\/es\\\/?s={search_term_string}\"},\"query-input\":{\"@type\":\"PropertyValueSpecification\",\"valueRequired\":true,\"valueName\":\"search_term_string\"}}],\"inLanguage\":\"es\"}]}<\/script>\n<!-- \/ Yoast SEO plugin. -->","yoast_head_json":{"title":"KONTAKT - TEIKEI","robots":{"index":"index","follow":"follow","max-snippet":"max-snippet:-1","max-image-preview":"max-image-preview:large","max-video-preview":"max-video-preview:-1"},"canonical":"https:\/\/www.teikeicoffee.org\/es\/kontakt\/","og_locale":"es_ES","og_type":"article","og_title":"KONTAKT - TEIKEI","og_description":"HOLA , MUCHO GUSTO EN CONOCERTE! info@teikeicoffee.org info.ch@teikeicoffee.org presse@teikeicoffee.org Nuestro Team Teikei est\u00e1 en movimiento - un organismo vivo\u00a9 Maren Prei\u00df\u00a9 Maren Prei\u00dfEl equipo principal de M\u00e9xico - Ana, David, Hermann, Gil , EliceoA L E M A N [&hellip;]","og_url":"https:\/\/www.teikeicoffee.org\/es\/kontakt\/","og_site_name":"TEIKEI","article_modified_time":"2026-04-15T06:37:42+00:00","twitter_card":"summary_large_image","twitter_misc":{"Tiempo de lectura":"122 minutos"},"schema":{"@context":"https:\/\/schema.org","@graph":[{"@type":"WebPage","@id":"https:\/\/www.teikeicoffee.org\/es\/kontakt\/","url":"https:\/\/www.teikeicoffee.org\/es\/kontakt\/","name":"KONTAKT - TEIKEI","isPartOf":{"@id":"https:\/\/www.teikeicoffee.org\/es\/#website"},"datePublished":"2022-02-21T06:53:58+00:00","dateModified":"2026-04-15T06:37:42+00:00","breadcrumb":{"@id":"https:\/\/www.teikeicoffee.org\/es\/kontakt\/#breadcrumb"},"inLanguage":"es","potentialAction":[{"@type":"ReadAction","target":["https:\/\/www.teikeicoffee.org\/es\/kontakt\/"]}]},{"@type":"BreadcrumbList","@id":"https:\/\/www.teikeicoffee.org\/es\/kontakt\/#breadcrumb","itemListElement":[{"@type":"ListItem","position":1,"name":"Startseite","item":"https:\/\/www.teikeicoffee.org\/es\/"},{"@type":"ListItem","position":2,"name":"KONTAKT"}]},{"@type":"WebSite","@id":"https:\/\/www.teikeicoffee.org\/es\/#website","url":"https:\/\/www.teikeicoffee.org\/es\/","name":"TEIKEI","description":"Community Supported Coffee","potentialAction":[{"@type":"SearchAction","target":{"@type":"EntryPoint","urlTemplate":"https:\/\/www.teikeicoffee.org\/es\/?s={search_term_string}"},"query-input":{"@type":"PropertyValueSpecification","valueRequired":true,"valueName":"search_term_string"}}],"inLanguage":"es"}]}},"_links":{"self":[{"href":"https:\/\/www.teikeicoffee.org\/es\/wp-json\/wp\/v2\/pages\/246452","targetHints":{"allow":["GET"]}}],"collection":[{"href":"https:\/\/www.teikeicoffee.org\/es\/wp-json\/wp\/v2\/pages"}],"about":[{"href":"https:\/\/www.teikeicoffee.org\/es\/wp-json\/wp\/v2\/types\/page"}],"author":[{"embeddable":true,"href":"https:\/\/www.teikeicoffee.org\/es\/wp-json\/wp\/v2\/users\/1"}],"replies":[{"embeddable":true,"href":"https:\/\/www.teikeicoffee.org\/es\/wp-json\/wp\/v2\/comments?post=246452"}],"version-history":[{"count":25,"href":"https:\/\/www.teikeicoffee.org\/es\/wp-json\/wp\/v2\/pages\/246452\/revisions"}],"predecessor-version":[{"id":252672,"href":"https:\/\/www.teikeicoffee.org\/es\/wp-json\/wp\/v2\/pages\/246452\/revisions\/252672"}],"wp:attachment":[{"href":"https:\/\/www.teikeicoffee.org\/es\/wp-json\/wp\/v2\/media?parent=246452"}],"curies":[{"name":"wp","href":"https:\/\/api.w.org\/{rel}","templated":true}]}}